{"id":760,"date":"2025-10-31T10:57:23","date_gmt":"2025-10-31T10:57:23","guid":{"rendered":"https:\/\/vps214.cesvima.upm.es\/?page_id=760"},"modified":"2026-04-27T09:55:09","modified_gmt":"2026-04-27T08:55:09","slug":"publications","status":"publish","type":"page","link":"https:\/\/gtic.ssr.upm.es\/index.php\/publications\/","title":{"rendered":"Publications"},"content":{"rendered":"\t\t<div data-elementor-type=\"wp-page\" data-elementor-id=\"760\" class=\"elementor elementor-760\">\n\t\t\t\t\t\t<section class=\"elementor-section elementor-top-section elementor-element elementor-element-c183c5e elementor-section-stretched elementor-section-boxed elementor-section-height-default elementor-section-height-default\" data-id=\"c183c5e\" data-element_type=\"section\" data-settings=\"{&quot;stretch_section&quot;:&quot;section-stretched&quot;,&quot;background_background&quot;:&quot;classic&quot;}\">\n\t\t\t\t\t\t<div class=\"elementor-container elementor-column-gap-default\">\n\t\t\t\t\t<div class=\"elementor-column elementor-col-25 elementor-top-column elementor-element elementor-element-eacf22c\" data-id=\"eacf22c\" data-element_type=\"column\">\n\t\t\t<div class=\"elementor-widget-wrap elementor-element-populated\">\n\t\t\t\t\t\t<div class=\"elementor-element elementor-element-b4d06fb elementor-widget elementor-widget-eael-creative-button\" data-id=\"b4d06fb\" data-element_type=\"widget\" data-widget_type=\"eael-creative-button.default\">\n\t\t\t\t<div class=\"elementor-widget-container\">\n\t\t\t\t\t        <div class=\"eael-creative-button-wrapper\">\n\n            <a class=\"eael-creative-button eael-creative-button--default\" href=\"#articles-JCR\" data-text=\"Go!\">\n\n\t    \n                <div class=\"creative-button-inner\">\n\n                    \n                    <span class=\"cretive-button-text\">Journal Articles<\/span>\n\n                                    <\/div>\n\t                        <\/a>\n        <\/div>\n        \t\t\t\t<\/div>\n\t\t\t\t<\/div>\n\t\t\t\t\t<\/div>\n\t\t<\/div>\n\t\t\t\t<div class=\"elementor-column elementor-col-25 elementor-top-column elementor-element elementor-element-1b67658\" data-id=\"1b67658\" data-element_type=\"column\">\n\t\t\t<div class=\"elementor-widget-wrap elementor-element-populated\">\n\t\t\t\t\t\t<div class=\"elementor-element elementor-element-e4a2c2e elementor-widget elementor-widget-eael-creative-button\" data-id=\"e4a2c2e\" data-element_type=\"widget\" data-widget_type=\"eael-creative-button.default\">\n\t\t\t\t<div class=\"elementor-widget-container\">\n\t\t\t\t\t        <div class=\"eael-creative-button-wrapper\">\n\n            <a class=\"eael-creative-button eael-creative-button--default\" href=\"#articles-others\" data-text=\"Go!\">\n\n\t    \n                <div class=\"creative-button-inner\">\n\n                    \n                    <span class=\"cretive-button-text\">Other Articles<\/span>\n\n                                    <\/div>\n\t                        <\/a>\n        <\/div>\n        \t\t\t\t<\/div>\n\t\t\t\t<\/div>\n\t\t\t\t\t<\/div>\n\t\t<\/div>\n\t\t\t\t<div class=\"elementor-column elementor-col-25 elementor-top-column elementor-element elementor-element-499bd49\" data-id=\"499bd49\" data-element_type=\"column\">\n\t\t\t<div class=\"elementor-widget-wrap elementor-element-populated\">\n\t\t\t\t\t\t<div class=\"elementor-element elementor-element-fb699e2 elementor-widget elementor-widget-eael-creative-button\" data-id=\"fb699e2\" data-element_type=\"widget\" data-widget_type=\"eael-creative-button.default\">\n\t\t\t\t<div class=\"elementor-widget-container\">\n\t\t\t\t\t        <div class=\"eael-creative-button-wrapper\">\n\n            <a class=\"eael-creative-button eael-creative-button--default\" href=\"#conferences\" data-text=\"Go!\">\n\n\t    \n                <div class=\"creative-button-inner\">\n\n                    \n                    <span class=\"cretive-button-text\">Conferences<\/span>\n\n                                    <\/div>\n\t                        <\/a>\n        <\/div>\n        \t\t\t\t<\/div>\n\t\t\t\t<\/div>\n\t\t\t\t\t<\/div>\n\t\t<\/div>\n\t\t\t\t<div class=\"elementor-column elementor-col-25 elementor-top-column elementor-element elementor-element-dac8de6\" data-id=\"dac8de6\" data-element_type=\"column\">\n\t\t\t<div class=\"elementor-widget-wrap elementor-element-populated\">\n\t\t\t\t\t\t<div class=\"elementor-element elementor-element-623cfe4 elementor-widget elementor-widget-eael-creative-button\" data-id=\"623cfe4\" data-element_type=\"widget\" data-widget_type=\"eael-creative-button.default\">\n\t\t\t\t<div class=\"elementor-widget-container\">\n\t\t\t\t\t        <div class=\"eael-creative-button-wrapper\">\n\n            <a class=\"eael-creative-button eael-creative-button--default\" href=\"#books\" data-text=\"Go!\">\n\n\t    \n                <div class=\"creative-button-inner\">\n\n                    \n                    <span class=\"cretive-button-text\">Books<\/span>\n\n                                    <\/div>\n\t                        <\/a>\n        <\/div>\n        \t\t\t\t<\/div>\n\t\t\t\t<\/div>\n\t\t\t\t\t<\/div>\n\t\t<\/div>\n\t\t\t\t\t<\/div>\n\t\t<\/section>\n\t\t\t\t<section class=\"elementor-section elementor-top-section elementor-element elementor-element-2f73077 elementor-section-boxed elementor-section-height-default elementor-section-height-default\" data-id=\"2f73077\" data-element_type=\"section\">\n\t\t\t\t\t\t<div class=\"elementor-container elementor-column-gap-default\">\n\t\t\t\t\t<div class=\"elementor-column elementor-col-100 elementor-top-column elementor-element elementor-element-e5a4619\" data-id=\"e5a4619\" data-element_type=\"column\">\n\t\t\t<div class=\"elementor-widget-wrap elementor-element-populated\">\n\t\t\t\t\t\t<div class=\"elementor-element elementor-element-00bb270 elementor-widget elementor-widget-menu-anchor\" data-id=\"00bb270\" data-element_type=\"widget\" data-widget_type=\"menu-anchor.default\">\n\t\t\t\t<div class=\"elementor-widget-container\">\n\t\t\t\t\t\t\t<div class=\"elementor-menu-anchor\" id=\"articles-JCR\"><\/div>\n\t\t\t\t\t\t<\/div>\n\t\t\t\t<\/div>\n\t\t\t\t<div class=\"elementor-element elementor-element-62eae76 elementor-widget__width-initial elementor-widget elementor-widget-heading\" data-id=\"62eae76\" data-element_type=\"widget\" data-widget_type=\"heading.default\">\n\t\t\t\t<div class=\"elementor-widget-container\">\n\t\t\t\t\t<h2 class=\"elementor-heading-title elementor-size-default\">JOURNAL ARTICLES (JCR)<\/h2>\t\t\t\t<\/div>\n\t\t\t\t<\/div>\n\t\t\t\t<div class=\"elementor-element elementor-element-29ce0c6 elementor-widget-divider--view-line elementor-widget elementor-widget-divider\" data-id=\"29ce0c6\" data-element_type=\"widget\" data-widget_type=\"divider.default\">\n\t\t\t\t<div class=\"elementor-widget-container\">\n\t\t\t\t\t\t\t<div class=\"elementor-divider\">\n\t\t\t<span class=\"elementor-divider-separator\">\n\t\t\t\t\t\t<\/span>\n\t\t<\/div>\n\t\t\t\t\t\t<\/div>\n\t\t\t\t<\/div>\n\t\t\t\t<div class=\"elementor-element elementor-element-59d1d12 elementor-widget elementor-widget-text-editor\" data-id=\"59d1d12\" data-element_type=\"widget\" data-widget_type=\"text-editor.default\">\n\t\t\t\t<div class=\"elementor-widget-container\">\n\t\t\t\t\t\t\t\t\t<h2><span style=\"color: #043484;\"><strong>2026<\/strong><\/span><\/h2>\t\t\t\t\t\t\t\t<\/div>\n\t\t\t\t<\/div>\n\t\t\t\t<div class=\"elementor-element elementor-element-2e6a50a elementor-widget elementor-widget-text-editor\" data-id=\"2e6a50a\" data-element_type=\"widget\" data-widget_type=\"text-editor.default\">\n\t\t\t\t<div class=\"elementor-widget-container\">\n\t\t\t\t\t\t\t\t\t<p>Santiago Andr\u00e9s Azcoitia, Sergio Illescas Cabir\u00f3, Zoraida Frias. <span style=\"color: #043484;\"><i><b>A framework to incentivise green networks and infrastructure in the 6G mobile ecosystem<\/b><\/i><b><i>. <\/i><\/b><\/span>Telecommunications Policy 50 (6). August 2026. DOI: <a href=\"https:\/\/doi.org\/10.1016\/j.telpol.2026.103221\"><span style=\"color: #ff9900;\">https:\/\/doi.org\/10.1016\/j.telpol.2026.103221<\/span><\/a><span style=\"font-size: 14px;\">\u00a0(open access).<\/span><\/p>\t\t\t\t\t\t\t\t<\/div>\n\t\t\t\t<\/div>\n\t\t\t\t<div class=\"elementor-element elementor-element-c40917b elementor-widget elementor-widget-text-editor\" data-id=\"c40917b\" data-element_type=\"widget\" data-widget_type=\"text-editor.default\">\n\t\t\t\t<div class=\"elementor-widget-container\">\n\t\t\t\t\t\t\t\t\t<p>Luis Mendo. <span style=\"color: #043484;\"><i><b>Estimation of relative risk, odds ratio and their logarithms with guaranteed accuracy and controlled sample size ratio<\/b><\/i><b><i>. <\/i><\/b><\/span><em>Statistical Papers<\/em>, 69 (3): 1-55, June 2026. DOI: <a href=\"https:\/\/link.springer.com\/article\/10.1007\/s00362-026-01803-4\"><span style=\"color: #ff9900;\">10.1007\/s00362-026-01803-4<\/span><\/a><span style=\"font-size: 14px;\">\u00a0(open access).<\/span><\/p>\t\t\t\t\t\t\t\t<\/div>\n\t\t\t\t<\/div>\n\t\t\t\t<div class=\"elementor-element elementor-element-bb42b29 elementor-widget elementor-widget-text-editor\" data-id=\"bb42b29\" data-element_type=\"widget\" data-widget_type=\"text-editor.default\">\n\t\t\t\t<div class=\"elementor-widget-container\">\n\t\t\t\t\t\t\t\t\t<p>Jos\u00e9 Manuel Riera, Juan R. Romero-Vilar, Domingo Pimienta-del-Valle and Ana Benarroch. <span style=\"color: #043484;\"><span style=\"color: #000080;\"><a style=\"color: #000080;\" href=\"https:\/\/www.sciencedirect.com\/science\/article\/pii\/S2212473X26000441\"><i><b>Impact of Rain Attenuation Variability at Millimeter Waves and subTHz due to DSD Fluctuations on Radio Link Design<\/b><\/i><\/a><\/span><b><i>. <\/i><\/b><\/span><em>IEEE Transactions on Antennas and Propagation<\/em> (2026). DOI: <a href=\"https:\/\/doi.org\/10.1109\/tap.2026.3676195\"><span style=\"color: #ff9900;\">10.1109\/TAP.2026.3676195<\/span><\/a><span style=\"font-size: 14px;\">.<\/span><\/p>\t\t\t\t\t\t\t\t<\/div>\n\t\t\t\t<\/div>\n\t\t\t\t<div class=\"elementor-element elementor-element-51666a4 elementor-widget elementor-widget-text-editor\" data-id=\"51666a4\" data-element_type=\"widget\" data-widget_type=\"text-editor.default\">\n\t\t\t\t<div class=\"elementor-widget-container\">\n\t\t\t\t\t\t\t\t\t<p>Santiago Andr\u00e9s Azcoitia, Andrea Palumbo, Alexandra Papageorgiou, Tervel Bobev, and George Konstantinidis. <span style=\"color: #043484;\"><span style=\"color: #000080;\"><a style=\"color: #000080;\" href=\"https:\/\/www.sciencedirect.com\/science\/article\/pii\/S2212473X26000441\"><i><b>Neutrality and Competitiveness of Data Intermediaries under the DGA: Reality Strikes Back<\/b><\/i><\/a><\/span><b><i>. <\/i><\/b><\/span><em>Computer Law and Security Review<\/em> (2026). DOI: <a href=\"https:\/\/doi.org\/10.1016\/j.clsr.2026.106303\"><span style=\"color: #ff9900;\">10.1016\/j.clsr.2026.106303<\/span><\/a><span style=\"font-size: 14px;\">.<\/span><\/p>\t\t\t\t\t\t\t\t<\/div>\n\t\t\t\t<\/div>\n\t\t\t\t<div class=\"elementor-element elementor-element-c31d926 elementor-widget elementor-widget-text-editor\" data-id=\"c31d926\" data-element_type=\"widget\" data-widget_type=\"text-editor.default\">\n\t\t\t\t<div class=\"elementor-widget-container\">\n\t\t\t\t\t\t\t\t\t<h2><span style=\"color: #043484;\"><strong>2025<\/strong><\/span><\/h2>\t\t\t\t\t\t\t\t<\/div>\n\t\t\t\t<\/div>\n\t\t\t\t<div class=\"elementor-element elementor-element-e3a28fb elementor-widget elementor-widget-text-editor\" data-id=\"e3a28fb\" data-element_type=\"widget\" data-widget_type=\"text-editor.default\">\n\t\t\t\t<div class=\"elementor-widget-container\">\n\t\t\t\t\t\t\t\t\t<p>Jorge Garcia-Cabeza, Javier Albert-Smet, Zoraida Frias, Luis Mendo, Santiago Andr\u00e9s Azcoitia, Eduardo Yraola. <span style=\"color: #043484;\"><b><i>Direct-to-Cell: A First Look into Starlink&#8217;s Direct Satellite-to-Device Radio Access Network through Crowdsourced Measurements.<\/i><\/b><\/span> <em>IEEE Communications Magazine<\/em>. DOI: <span style=\"color: #ff9900;\"><a style=\"color: #ff9900;\" href=\"https:\/\/doi.org\/10.1109\/MCOM.001.2500350\" target=\"_blank\" rel=\"noopener\">10.1109\/MCOM.001.2500350<\/a><\/span> (open access).<\/p>\t\t\t\t\t\t\t\t<\/div>\n\t\t\t\t<\/div>\n\t\t\t\t<div class=\"elementor-element elementor-element-a31c96a elementor-widget elementor-widget-text-editor\" data-id=\"a31c96a\" data-element_type=\"widget\" data-widget_type=\"text-editor.default\">\n\t\t\t\t<div class=\"elementor-widget-container\">\n\t\t\t\t\t\t\t\t\t<p>Zoraida Frias, William Lehr, Volker Stocker,\u00a0 <span style=\"font-size: 14px;\"><i><b><span style=\"color: #043484;\">Building an ecosystem for mobile broadband measurement: Methods and policy challenges<\/span>,<\/b><\/i>\u00a0<\/span><span style=\"font-size: 14px;\"><em>Telecommunications Policy<\/em>,\u00a0<\/span><span style=\"font-size: 14px;\">2025,\u00a0<\/span><span style=\"font-size: 14px;\">102905,\u00a0<\/span><span style=\"font-size: 14px;\">ISSN 0308-5961,<span style=\"color: #ff9900;\">\u00a0<\/span><\/span><span style=\"font-size: 14px; color: #ff9900;\"><a style=\"color: #ff9900;\" href=\"https:\/\/doi.org\/10.1016\/j.telpol.2025.102905\" target=\"_blank\" rel=\"noopener\">https:\/\/doi.org\/10.1016\/j.telpol.2025.102905<\/a>.\u00a0<\/span><\/p>\t\t\t\t\t\t\t\t<\/div>\n\t\t\t\t<\/div>\n\t\t\t\t<div class=\"elementor-element elementor-element-7d35d33 elementor-widget elementor-widget-text-editor\" data-id=\"7d35d33\" data-element_type=\"widget\" data-widget_type=\"text-editor.default\">\n\t\t\t\t<div class=\"elementor-widget-container\">\n\t\t\t\t\t\t\t\t\t<p>F\u00e9lix Hern\u00e1ndez de Rojas; Pilar Rodr\u00edguez Pita; Jorge Emiliano P\u00e9rez Martinez, <span style=\"font-size: 14px;\"><i><b><span style=\"color: #043484;\">The phenomena of spatial spillovers of digitalization and competitiveness inside European regions<\/span>,<\/b><\/i>\u00a0<\/span><span style=\"font-size: 14px;\"><em>Telecommunications Policy 49 (7)<\/em>,\u00a0<\/span><span style=\"font-size: 14px;\">2025,\u00a0<\/span><span style=\"font-size: 14px;\">102989, <\/span><span style=\"font-size: 14px;\">ISSN 0308-5961,<span style=\"color: #ff9900;\">\u00a0<\/span><\/span><span style=\"font-size: 14px; color: #ff9900;\"><a style=\"color: #ff9900;\" href=\"https:\/\/doi.org\/10.1016\/j.telpol.2025.102989\" target=\"_blank\" rel=\"noopener\">https:\/\/doi.org\/10.1016\/j.telpol.2025.102989<\/a>.\u00a0<\/span><\/p>\t\t\t\t\t\t\t\t<\/div>\n\t\t\t\t<\/div>\n\t\t\t\t<div class=\"elementor-element elementor-element-096d4a5 elementor-widget elementor-widget-text-editor\" data-id=\"096d4a5\" data-element_type=\"widget\" data-widget_type=\"text-editor.default\">\n\t\t\t\t<div class=\"elementor-widget-container\">\n\t\t\t\t\t\t\t\t\t<p>Luis Mendo, <span style=\"color: #043484;\"><i><b>Estimating odds and log odds with guaranteed accuracy<\/b><\/i>.<\/span> <em>Statistical Papers<\/em>, 66 (1): 1-17,\u00a0 February 2025. DOI: <span style=\"color: #ff9900;\"><a style=\"color: #ff9900;\" href=\"https:\/\/doi.org\/10.1007\/s00362-024-01639-w\" target=\"_blank\" rel=\"noopener\">10.1007\/s00362-024-01639-w<\/a><\/span>. Arxiv version: <span style=\"color: #ff9900;\"><a style=\"color: #ff9900;\" href=\"https:\/\/arxiv.org\/abs\/2404.17705\" target=\"_blank\" rel=\"noopener\">https:\/\/arxiv.org\/abs\/2404.17705<\/a><\/span>.<\/p>\t\t\t\t\t\t\t\t<\/div>\n\t\t\t\t<\/div>\n\t\t\t\t<div class=\"elementor-element elementor-element-14c6555 elementor-widget elementor-widget-text-editor\" data-id=\"14c6555\" data-element_type=\"widget\" data-widget_type=\"text-editor.default\">\n\t\t\t\t<div class=\"elementor-widget-container\">\n\t\t\t\t\t\t\t\t\t<p>Luis Mendo. <span style=\"color: #043484;\"><b><i>Simulating a coin with irrational bias using rational arithmetic<\/i><\/b>.<\/span> <em>Communications in Statistics &#8211; Simulation and Computation<\/em>, 54(1), pp. 302\u2013318, January\u00a0<span style=\"font-family: Quicksand, sans-serif; font-size: 14px; font-style: normal; font-variant-ligatures: normal; font-variant-caps: normal; font-weight: 400;\">2025<\/span><span style=\"font-size: 14px;\">. <\/span><span style=\"font-size: 14px; color: #ff9900;\"><a style=\"color: #ff9900;\" href=\"https:\/\/doi.org\/10.1080\/03610918.2024.2425702\" target=\"_blank\" rel=\"noopener\">10.1080\/03610918.2024.2425702<\/a><\/span><span style=\"font-size: 14px;\">. Arxiv version: <\/span><span style=\"font-size: 14px; color: #ff9900;\"><a style=\"color: #ff9900;\" href=\"https:\/\/arxiv.org\/abs\/2010.14901\" target=\"_blank\" rel=\"noopener\">https:\/\/arxiv.org\/abs\/2010.14901<\/a><\/span><\/p>\t\t\t\t\t\t\t\t<\/div>\n\t\t\t\t<\/div>\n\t\t\t\t<div class=\"elementor-element elementor-element-075770b elementor-widget-divider--view-line elementor-widget elementor-widget-divider\" data-id=\"075770b\" data-element_type=\"widget\" data-widget_type=\"divider.default\">\n\t\t\t\t<div class=\"elementor-widget-container\">\n\t\t\t\t\t\t\t<div class=\"elementor-divider\">\n\t\t\t<span class=\"elementor-divider-separator\">\n\t\t\t\t\t\t<\/span>\n\t\t<\/div>\n\t\t\t\t\t\t<\/div>\n\t\t\t\t<\/div>\n\t\t\t\t<div class=\"elementor-element elementor-element-ae30bfa elementor-widget elementor-widget-text-editor\" data-id=\"ae30bfa\" data-element_type=\"widget\" data-widget_type=\"text-editor.default\">\n\t\t\t\t<div class=\"elementor-widget-container\">\n\t\t\t\t\t\t\t\t\t<h2><span style=\"color: #043484;\"><strong>2024<\/strong><\/span><\/h2>\t\t\t\t\t\t\t\t<\/div>\n\t\t\t\t<\/div>\n\t\t\t\t<div class=\"elementor-element elementor-element-998f672 elementor-widget elementor-widget-text-editor\" data-id=\"998f672\" data-element_type=\"widget\" data-widget_type=\"text-editor.default\">\n\t\t\t\t<div class=\"elementor-widget-container\">\n\t\t\t\t\t\t\t\t\t<p>Domingo Pimienta-del-Valle, Gustavo A. Siles, Jos\u00e9 M. Riera, Pedro Garcia-del-Pino, <span style=\"color: #043484;\"><b><i>Experimental Assessment of Cloud Attenuation in a Q-Band Slant-Path Link<\/i><\/b>.<\/span> <em>IEEE Transactions on Antennas and Propagation<\/em>, vol. 72, no. 2, pp. 1772-1778, Feb. 2024. Print ISSN: 0018-926X, DOI:\u00a0<span style=\"color: #ff9900;\"><a style=\"color: #ff9900;\" href=\"https:\/\/doi.org\/10.1109\/TAP.2023.3346989\" target=\"_blank\" rel=\"noopener\">10.1109\/TAP.2023.3346989<\/a>\u00a0<\/span><\/p>\t\t\t\t\t\t\t\t<\/div>\n\t\t\t\t<\/div>\n\t\t\t\t<div class=\"elementor-element elementor-element-5c9425c elementor-widget elementor-widget-text-editor\" data-id=\"5c9425c\" data-element_type=\"widget\" data-widget_type=\"text-editor.default\">\n\t\t\t\t<div class=\"elementor-widget-container\">\n\t\t\t\t\t\t\t\t\t<p>F\u00e9lix Hern\u00e1ndez de Rojas; Pilar Rodr\u00edguez Pita; Jorge Emiliano P\u00e9rez Martinez, <span style=\"font-size: 14px;\"><i><b><span style=\"color: #043484;\">Assessing the European association between digitalization and innovation<\/span>,<\/b><\/i>\u00a0<\/span><span style=\"font-size: 14px;\"><em>Telecommunications Policy 48 (7)<\/em>,\u00a0<\/span><span style=\"font-size: 14px;\">2024, <\/span><span style=\"font-size: 14px;\">102810, <\/span><span style=\"font-size: 14px;\">ISSN 0308-5961,<span style=\"color: #ff9900;\">\u00a0<\/span><\/span><span style=\"font-size: 14px; color: #ff9900;\"><a style=\"color: #ff9900;\" href=\"https:\/\/doi.org\/10.1016\/j.telpol.2024.102810\" target=\"_blank\" rel=\"noopener\">https:\/\/doi.org\/10.1016\/j.telpol.2024.102810<\/a>\u00a0<\/span><\/p>\t\t\t\t\t\t\t\t<\/div>\n\t\t\t\t<\/div>\n\t\t\t\t<div class=\"elementor-element elementor-element-731842b elementor-widget elementor-widget-text-editor\" data-id=\"731842b\" data-element_type=\"widget\" data-widget_type=\"text-editor.default\">\n\t\t\t\t<div class=\"elementor-widget-container\">\n\t\t\t\t\t\t\t\t\t<p>Diego Ruiz, Sergio \u00c1lvarez, Jorge P\u00e9rez, Mar\u00eda T. Arredondo, <span style=\"font-size: 14px;\"><b><span style=\"color: #043484;\">Carbon footprint and employment generation produced by ICT networks for Internet deployment: A multi-regional input-output analysis<\/span><i>,<\/i> <\/b><\/span><span style=\"font-size: 14px;\"><em>Science Of The Total Environment. 914 169776<\/em>,\u00a0<\/span><span style=\"font-size: 14px;\">2024<\/span><span style=\"font-size: 14px;\">, <\/span><span style=\"font-size: 14px;\">ISSN:09213449,<span style=\"color: #ff9900;\">\u00a0<\/span><\/span><span style=\"font-size: 14px; color: #ff9900;\"><a style=\"color: #ff9900;\" href=\"https:\/\/doi.org\/10.1016\/j.scitotenv.2023.169776\" target=\"_blank\" rel=\"noopener\">https:\/\/doi.org\/10.1016\/j.scitotenv.2023.169776<\/a>\u00a0<\/span><\/p>\t\t\t\t\t\t\t\t<\/div>\n\t\t\t\t<\/div>\n\t\t\t\t<div class=\"elementor-element elementor-element-54a1045 elementor-widget-divider--view-line elementor-widget elementor-widget-divider\" data-id=\"54a1045\" data-element_type=\"widget\" data-widget_type=\"divider.default\">\n\t\t\t\t<div class=\"elementor-widget-container\">\n\t\t\t\t\t\t\t<div class=\"elementor-divider\">\n\t\t\t<span class=\"elementor-divider-separator\">\n\t\t\t\t\t\t<\/span>\n\t\t<\/div>\n\t\t\t\t\t\t<\/div>\n\t\t\t\t<\/div>\n\t\t\t\t<div class=\"elementor-element elementor-element-e654b73 elementor-widget elementor-widget-text-editor\" data-id=\"e654b73\" data-element_type=\"widget\" data-widget_type=\"text-editor.default\">\n\t\t\t\t<div class=\"elementor-widget-container\">\n\t\t\t\t\t\t\t\t\t<h2><span style=\"color: #043484;\"><strong>2023<\/strong><\/span><\/h2>\t\t\t\t\t\t\t\t<\/div>\n\t\t\t\t<\/div>\n\t\t\t\t<div class=\"elementor-element elementor-element-8714a81 elementor-widget elementor-widget-text-editor\" data-id=\"8714a81\" data-element_type=\"widget\" data-widget_type=\"text-editor.default\">\n\t\t\t\t<div class=\"elementor-widget-container\">\n\t\t\t\t\t\t\t\t\t<p>Alex Arkhipov, Luis Mendo. <span style=\"color: #043484;\"><i><b>On the number of tiles visited by a line segment on a rectangular g<\/b><\/i><b><i>rid. <\/i><\/b><\/span><em>Mathematika<\/em>, vol. 69, no. 4, pp. 1242-1281,\u00a0 October 2023. DOI: <span style=\"color: #ff9900;\"><a style=\"color: #ff9900;\" href=\"https:\/\/doi.org\/10.1112\/mtk.12223\" target=\"_blank\" rel=\"noopener\" aria-label=\"Digital Object Identifier\">10.1112\/mtk.12223<\/a><\/span>\u00a0(open access). Arxiv version: <span style=\"color: #ff9900;\"><a style=\"color: #ff9900;\" href=\"https:\/\/arxiv.org\/abs\/2201.03975\" target=\"_blank\" rel=\"noopener\">https:\/\/arxiv.org\/abs\/2201.03975<\/a><\/span><\/p>\t\t\t\t\t\t\t\t<\/div>\n\t\t\t\t<\/div>\n\t\t\t\t<div class=\"elementor-element elementor-element-de3adba elementor-widget__width-initial elementor-widget elementor-widget-text-editor\" data-id=\"de3adba\" data-element_type=\"widget\" data-widget_type=\"text-editor.default\">\n\t\t\t\t<div class=\"elementor-widget-container\">\n\t\t\t\t\t\t\t\t\t<p>\u00a0George Darzanos, Costas Kalogiros, George D. Stamoulis, Hanne Kristine Hallingby, and Zoraida Frias (2023), \u201c<span style=\"color: #043484;\"><b><i>An Open Framework for the Assessment o<span style=\"color: #043484;\">f 5<\/span>G Business Cases and Investments<\/i><\/b><\/span>,\u201d <em>IEEE Communications Magazine<\/em>, vol. 61, no. 2, pp. 44-50, February 2023. DOI: <span style=\"color: #ff9900;\"><a style=\"color: #ff9900;\" href=\"http:\/\/10.0.4.85\/MCOM.001.2200304\" target=\"_blank\" rel=\"noopener\">10.1109\/MCOM.001.2200304<\/a>.\u00a0<\/span><\/p>\t\t\t\t\t\t\t\t<\/div>\n\t\t\t\t<\/div>\n\t\t\t\t<div class=\"elementor-element elementor-element-5b6a353 elementor-widget elementor-widget-text-editor\" data-id=\"5b6a353\" data-element_type=\"widget\" data-widget_type=\"text-editor.default\">\n\t\t\t\t<div class=\"elementor-widget-container\">\n\t\t\t\t\t\t\t\t\t<p>Jos\u00e9 M. Riera, Domingo Pimienta-del-Valle, Santiago P\u00e9rez-Pe\u00f1a, Ana Benarroch, Pedro Garcia-del-Pino, A. I Calvo and C. Blanco-Alegre,\u00a0<span style=\"font-weight: bold; font-size: 14px; color: #043484;\"><em>Characterization of Rain Attenuation in 80-200 GHz from Experimental Drop Size Distributions<\/em>.<\/span> <em style=\"font-size: 14px;\">IEEE Transactions on Antennas and Propagation<\/em><span style=\"font-size: 14px;\">, vol. 71, vol. 71, no. 5, pp. 4371-4379, May 2023. Print ISSN: 0018-926X, DOI: <\/span><span style=\"color: #ff9900;\"><a style=\"font-family: inherit; font-size: 14px; background-color: #ffffff; color: #ff9900;\" href=\"https:\/\/doi.org\/10.1109\/TAP.2023.3259682\" target=\"_blank\" rel=\"noopener\">10.1109\/TAP.2023.3259682<\/a><\/span><\/p>\t\t\t\t\t\t\t\t<\/div>\n\t\t\t\t<\/div>\n\t\t\t\t<div class=\"elementor-element elementor-element-cbb0d7e elementor-widget elementor-widget-text-editor\" data-id=\"cbb0d7e\" data-element_type=\"widget\" data-widget_type=\"text-editor.default\">\n\t\t\t\t<div class=\"elementor-widget-container\">\n\t\t\t\t\t\t\t\t\t<p>Michael Cabanillas-Carbonell, Jorge P\u00e9rez-Mart\u00ednez, and Joselyn Zapata-Paulini, <span style=\"font-size: 14px;\"><i><b><span style=\"color: #043484;\">Contributions of the 5G Network with Respect to Poverty (SDG1), Systematic Literature Review<\/span>,<\/b><\/i>\u00a0<\/span><span style=\"font-size: 14px;\"><em>Sustainability 15(4)<\/em>,\u00a0<\/span><span style=\"font-size: 14px;\">2023, <\/span><span style=\"font-size: 14px;\">11301, <\/span><span style=\"font-size: 14px;\">ISSN:20711050,<span style=\"color: #ff9900;\">\u00a0<\/span><\/span><span style=\"font-size: 14px; color: #ff9900;\"><a style=\"color: #ff9900;\" href=\"https:\/\/doi.org\/10.3390\/su151411301\" target=\"_blank\" rel=\"noopener\">https:\/\/doi.org\/10.3390\/su151411301<\/a>\u00a0<\/span><\/p>\t\t\t\t\t\t\t\t<\/div>\n\t\t\t\t<\/div>\n\t\t\t\t<div class=\"elementor-element elementor-element-6d09d83 elementor-widget elementor-widget-text-editor\" data-id=\"6d09d83\" data-element_type=\"widget\" data-widget_type=\"text-editor.default\">\n\t\t\t\t<div class=\"elementor-widget-container\">\n\t\t\t\t\t\t\t\t\t<p>Michael Cabanillas-Carbonell, Jorge P\u00e9rez-Mart\u00ednez, and Jaime A. Y\u00e1\u00f1ez, <span style=\"font-size: 14px;\"><i><b><span style=\"color: #043484;\">5G Technology in the Digital Transformation of Healthcare, a Systematic Review<\/span>,<\/b><\/i>&nbsp;<\/span><span style=\"font-size: 14px;\"><em>Sustainability 15(4)<\/em>,&nbsp;<\/span><span style=\"font-size: 14px;\">2023, <\/span><span style=\"font-size: 14px;\">3178, <\/span><span style=\"font-size: 14px;\">ISSN:20711050,<span style=\"color: #ff9900;\">&nbsp;<\/span><\/span><span style=\"font-size: 14px; color: #ff9900;\"><a style=\"color: #ff9900;\" href=\"https:\/\/doi.org\/10.3390\/su15043178\" target=\"_blank\" rel=\"noopener\">https:\/\/doi.org\/10.3390\/su15043178<\/a>&nbsp;<\/span><\/p>\t\t\t\t\t\t\t\t<\/div>\n\t\t\t\t<\/div>\n\t\t\t\t<div class=\"elementor-element elementor-element-68fe9ef elementor-widget elementor-widget-text-editor\" data-id=\"68fe9ef\" data-element_type=\"widget\" data-widget_type=\"text-editor.default\">\n\t\t\t\t<div class=\"elementor-widget-container\">\n\t\t\t\t\t\t\t\t\t<p>Jorge P\u00e9rez-Mart\u00ednez, Jos\u00e9 F\u00e9lix Hernandez-Gil, Guillermo San Miguel, Diego Ruiz, Maria Teresa Arredondo, <span style=\"font-size: 14px;\"><i><b><span style=\"color: #043484;\">Analysing associations between digitalization and the accomplishment of the Sustainable Development Goals<\/span>,<\/b><\/i>\u00a0<\/span><span style=\"font-size: 14px;\"><em>Science Of The Total Environment 857(3)<\/em>,\u00a0<\/span><span style=\"font-size: 14px;\">2023, 159700<\/span><span style=\"font-size: 14px;\">, <\/span><span style=\"font-size: 14px;\">ISSN:00489697,<span style=\"color: #ff9900;\">\u00a0<\/span><\/span><span style=\"font-size: 14px; color: #ff9900;\"><a style=\"color: #ff9900;\" href=\"https:\/\/doi.org\/10.1016\/j.scitotenv.2022.159700\" target=\"_blank\" rel=\"noopener\">https:\/\/doi.org\/10.1016\/j.scitotenv.2022.159700<\/a>\u00a0<\/span><\/p>\t\t\t\t\t\t\t\t<\/div>\n\t\t\t\t<\/div>\n\t\t\t\t<div class=\"elementor-element elementor-element-50c2388 elementor-widget-divider--view-line elementor-widget elementor-widget-divider\" data-id=\"50c2388\" data-element_type=\"widget\" data-widget_type=\"divider.default\">\n\t\t\t\t<div class=\"elementor-widget-container\">\n\t\t\t\t\t\t\t<div class=\"elementor-divider\">\n\t\t\t<span class=\"elementor-divider-separator\">\n\t\t\t\t\t\t<\/span>\n\t\t<\/div>\n\t\t\t\t\t\t<\/div>\n\t\t\t\t<\/div>\n\t\t\t\t<div class=\"elementor-element elementor-element-847e886 elementor-widget elementor-widget-text-editor\" data-id=\"847e886\" data-element_type=\"widget\" data-widget_type=\"text-editor.default\">\n\t\t\t\t<div class=\"elementor-widget-container\">\n\t\t\t\t\t\t\t\t\t<h2><span style=\"color: #043484;\"><strong>2022<\/strong><\/span><\/h2>\t\t\t\t\t\t\t\t<\/div>\n\t\t\t\t<\/div>\n\t\t\t\t<div class=\"elementor-element elementor-element-d3de5b4 elementor-widget elementor-widget-text-editor\" data-id=\"d3de5b4\" data-element_type=\"widget\" data-widget_type=\"text-editor.default\">\n\t\t\t\t<div class=\"elementor-widget-container\">\n\t\t\t\t\t\t\t\t\t<p>Santiago Andr\u00e9s Azcoitia and Nikolaos Laoutaris,<strong><span style=\"color: #043484;\">\u00a0<em><a style=\"color: #043484;\" href=\"https:\/\/sigmodrecord.org\/2022\/10\/01\/a-survey-of-data-marketplaces-and-their-business-models\/\" target=\"_blank\" rel=\"noopener\">A Survey of Data Marketplaces and their Business Models<\/a>. <\/em><\/span><\/strong>ACM SIGMOD Record, 51(3). Sept&#8217;22. ACM, New York, NY, USA. <a href=\"https:\/\/doi.org\/10.1145\/3572751.3572755\"><span style=\"color: #ff9900;\">https:\/\/doi.org\/10.1145\/3572751.3572755<\/span><\/a><\/p>\t\t\t\t\t\t\t\t<\/div>\n\t\t\t\t<\/div>\n\t\t\t\t<div class=\"elementor-element elementor-element-5eb1c84 elementor-widget elementor-widget-text-editor\" data-id=\"5eb1c84\" data-element_type=\"widget\" data-widget_type=\"text-editor.default\">\n\t\t\t\t<div class=\"elementor-widget-container\">\n\t\t\t\t\t\t\t\t\t<p>Nikhil Jha, Martino Trevisan, Luca Vassio, Marco Mellia, Stefano Traverso, Alvaro Garcia-Recuero, Nikolaos Laoutaris, Amir Mehrjoo, Santiago Andres Azcoitia, Ruben Cuevas Rumin, Kleomenis Katevas,\u00a0<span style=\"font-size: 14px;\">Panagiotis Papadopoulos, Nicolas Kourtellis, Roberto Gonzalez, Xavi Olivares, George-Marios Kalatzantonakis-Jullien,\u00a0<\/span><span style=\"color: #043468;\"><em><strong><a style=\"color: #043468;\" href=\"https:\/\/ieeexplore.ieee.org\/document\/9811280\" target=\"_blank\" rel=\"noopener\">A PIMS Development Kit for New Personal Data Platforms<\/a><\/strong><\/em><\/span><span style=\"font-size: 14px;\"><span style=\"color: #043468;\"><em><strong>,<\/strong><\/em><\/span> in IEEE Internet Computing, vol. 26, no. 3, pp. 79-84, 1. May&#8217;22. DOI:<span style=\"color: #ff9900;\"> <a style=\"color: #ff9900;\" href=\"https:\/\/doi.org\/10.1109\/MIC.2022.3157356\" target=\"_blank\" rel=\"noopener\">10.1109\/MIC.2022.3157356<\/a><\/span><\/span><\/p>\t\t\t\t\t\t\t\t<\/div>\n\t\t\t\t<\/div>\n\t\t\t\t<div class=\"elementor-element elementor-element-2592ce3 elementor-widget elementor-widget-text-editor\" data-id=\"2592ce3\" data-element_type=\"widget\" data-widget_type=\"text-editor.default\">\n\t\t\t\t<div class=\"elementor-widget-container\">\n\t\t\t\t\t\t\t\t\t<p>Laura Contreras, Catalina Ovando, y Zoraida Fr\u00edas (2022). <em><strong><span style=\"color: #043484;\">Descubriendo la infraestructura de la red m\u00f3vil en M\u00e9xico utilizando datos colaborativos.<\/span><\/strong><\/em> Nova Scientia, 14(28), 1-12. <span style=\"color: #ff9900;\"><a style=\"color: #ff9900;\" href=\"https:\/\/doi.org\/10.21640\/ns.v14i28.2954\" target=\"_blank\" rel=\"noopener\">https:\/\/doi.org\/10.21640\/ns.v14i28.2954<\/a><\/span><\/p>\t\t\t\t\t\t\t\t<\/div>\n\t\t\t\t<\/div>\n\t\t\t\t<div class=\"elementor-element elementor-element-e56b6de elementor-widget elementor-widget-text-editor\" data-id=\"e56b6de\" data-element_type=\"widget\" data-widget_type=\"text-editor.default\">\n\t\t\t\t<div class=\"elementor-widget-container\">\n\t\t\t\t\t\t\t\t\t<p>Riccardo A. Giro, Lorenzo Luini, Carlo G. Riva, Domingo Pimienta-del-Valle and Jos\u00e9 M. Riera Salis, <em><span style=\"color: #043468;\"><strong>Real-Time Rainfall Estimation Using Satellite Signals: Development and Assessment of a New Procedure.<\/strong><\/span> IEEE Transactions on Instrumentation and Measurement<\/em>, vol. 71, pp. 1-10, 2022. Print ISSN: 0018-9456, DOI:\u00a0<span style=\"color: #ff9900;\"><a style=\"color: #ff9900;\" href=\"https:\/\/doi.org\/10.1109\/TIM.2022.3165840\" target=\"_blank\" rel=\"noopener\">10.1109\/TIM.2022.3165840<\/a><\/span><\/p>\t\t\t\t\t\t\t\t<\/div>\n\t\t\t\t<\/div>\n\t\t\t\t<div class=\"elementor-element elementor-element-80a0330 elementor-widget elementor-widget-text-editor\" data-id=\"80a0330\" data-element_type=\"widget\" data-widget_type=\"text-editor.default\">\n\t\t\t\t<div class=\"elementor-widget-container\">\n\t\t\t\t\t\t\t\t\t<p>Ruiz, D; San Miguel, G; Rojo, J; Teri\u00fas-Padr\u00f3n, JG; Gaeta, E; Arredondo, MT; Hern\u00e1ndez, JF; P\u00e9rez, J, <span style=\"font-size: 14px;\"><b><span style=\"color: #043484;\">Life cycle inventory and carbon footprint assessment of wireless ICT networks for six demographic areas<\/span><i>,<\/i> <\/b><\/span><span style=\"font-size: 14px;\"><em>Resources Conservation And Recycling. 176 105951<\/em>,\u00a0<\/span><span style=\"font-size: 14px;\">2022<\/span><span style=\"font-size: 14px;\">, <\/span><span style=\"font-size: 14px;\">ISSN:09213449,<span style=\"color: #ff9900;\">\u00a0<\/span><\/span><span style=\"font-size: 14px; color: #ff9900;\"><a style=\"color: #ff9900;\" href=\"https:\/\/doi.org\/10.1016\/j.resconrec.2021.105951\" target=\"_blank\" rel=\"noopener\">https:\/\/doi.org\/10.1016\/j.resconrec.2021.105951<\/a>\u00a0<\/span><\/p>\t\t\t\t\t\t\t\t<\/div>\n\t\t\t\t<\/div>\n\t\t\t\t<div class=\"elementor-element elementor-element-3250932 elementor-widget-divider--view-line elementor-widget elementor-widget-divider\" data-id=\"3250932\" data-element_type=\"widget\" data-widget_type=\"divider.default\">\n\t\t\t\t<div class=\"elementor-widget-container\">\n\t\t\t\t\t\t\t<div class=\"elementor-divider\">\n\t\t\t<span class=\"elementor-divider-separator\">\n\t\t\t\t\t\t<\/span>\n\t\t<\/div>\n\t\t\t\t\t\t<\/div>\n\t\t\t\t<\/div>\n\t\t\t\t<div class=\"elementor-element elementor-element-d64a294 elementor-widget elementor-widget-text-editor\" data-id=\"d64a294\" data-element_type=\"widget\" data-widget_type=\"text-editor.default\">\n\t\t\t\t<div class=\"elementor-widget-container\">\n\t\t\t\t\t\t\t\t\t<h2><span style=\"color: #043484;\"><strong>2021<\/strong><\/span><\/h2>\t\t\t\t\t\t\t\t<\/div>\n\t\t\t\t<\/div>\n\t\t\t\t<div class=\"elementor-element elementor-element-3bdceff elementor-widget elementor-widget-text-editor\" data-id=\"3bdceff\" data-element_type=\"widget\" data-widget_type=\"text-editor.default\">\n\t\t\t\t<div class=\"elementor-widget-container\">\n\t\t\t\t\t\t\t\t\t<p>Fernando Mart\u00ednez-Santos, Zoraida Frias, and \u00c1lvaro Escribano (2021) <span style=\"color: #043468;\"><em><strong>What drives spectrum prices in multi-band spectrum markets? An empirical analysis of 4G and 5G auctions in Europe<\/strong><\/em><\/span>, Applied Economics, DOI: <span style=\"color: #ff9900;\"><a style=\"color: #ff9900;\" href=\"https:\/\/www.tandfonline.com\/doi\/full\/10.1080\/00036846.2021.1967277\">10.1080\/00036846.2021.1967277<\/a><\/span><\/p>\t\t\t\t\t\t\t\t<\/div>\n\t\t\t\t<\/div>\n\t\t\t\t<div class=\"elementor-element elementor-element-932ae16 elementor-widget elementor-widget-text-editor\" data-id=\"932ae16\" data-element_type=\"widget\" data-widget_type=\"text-editor.default\">\n\t\t\t\t<div class=\"elementor-widget-container\">\n\t\t\t\t\t\t\t\t\t<p>Laura Contreras, Catalina Ovando, and Zoraida Fr\u00edas (2022). <span style=\"color: #043468;\"><em><strong>Descubriendo la infraestructura de la red m\u00f3vil en M\u00e9xico utilizando datos colaborativos.<\/strong> <\/em><\/span>Nova Scientia, 14(28), 1-12. <span style=\"color: #ff9900;\"><a style=\"color: #ff9900;\" href=\"https:\/\/www.scielo.org.mx\/pdf\/ns\/v14n28\/2007-0705-ns-14-28-00204.pdf\">doi.org\/10.21640\/ns.v14i28.2954<\/a><\/span><\/p>\t\t\t\t\t\t\t\t<\/div>\n\t\t\t\t<\/div>\n\t\t\t\t<div class=\"elementor-element elementor-element-f5beee4 elementor-widget elementor-widget-text-editor\" data-id=\"f5beee4\" data-element_type=\"widget\" data-widget_type=\"text-editor.default\">\n\t\t\t\t<div class=\"elementor-widget-container\">\n\t\t\t\t\t\t\t\t\t<p>Domingo Pimienta-del-Valle, Jos\u00e9 Manuel Riera y Pedro Garcia-del-Pino, <em><span style=\"color: #043468;\"><strong>Fade duration measurements and modeling in terrestrial radio links for the millimeter-wave frequencies of 38, 75 and 85 GHz.<\/strong><\/span> IEEE Antennas &amp; Propagation Magazine<\/em>, vol. 63, no. 1, pp. 86-122, Feb. 2021. Print ISSN: 1045-9243, DOI:\u00a0<span style=\"color: #ff9900;\"><a style=\"color: #ff9900;\" href=\"https:\/\/doi.org\/10.1109\/MAP.2020.3027256\" target=\"_blank\" rel=\"noopener\">10.1109\/MAP.2020.3027256<\/a><\/span><\/p>\t\t\t\t\t\t\t\t<\/div>\n\t\t\t\t<\/div>\n\t\t\t\t<div class=\"elementor-element elementor-element-6cc2943 elementor-widget elementor-widget-text-editor\" data-id=\"6cc2943\" data-element_type=\"widget\" data-widget_type=\"text-editor.default\">\n\t\t\t\t<div class=\"elementor-widget-container\">\n\t\t\t\t\t\t\t\t\t<p>Jos\u00e9 M. Riera, Ana Benarroch, Pedro Garcia-del-Pino and Santiago P\u00e9rez-Pe\u00f1a, <em><span style=\"color: #043468;\"><strong>On the Use of Experimental Drop Size Distributions From Different Instruments in Millimeter-Wave Propagation Studies. <\/strong><\/span>IEEE Antennas and Wireless Propagation Letters<\/em>, vol. 20, no. 8, pp. 1384-1388, Aug. 2021. Print ISSN: 1536-1225, DOI:\u00a0<span style=\"color: #ff9900;\"><a style=\"color: #ff9900;\" href=\"https:\/\/doi.org\/10.1109\/LAWP.2021.3081376\" target=\"_blank\" rel=\"noopener\">10.1109\/LAWP.2021.308136<\/a><\/span><\/p>\t\t\t\t\t\t\t\t<\/div>\n\t\t\t\t<\/div>\n\t\t\t\t<div class=\"elementor-element elementor-element-e741d70 elementor-widget elementor-widget-text-editor\" data-id=\"e741d70\" data-element_type=\"widget\" data-widget_type=\"text-editor.default\">\n\t\t\t\t<div class=\"elementor-widget-container\">\n\t\t\t\t\t\t\t\t\t<p>Lorenzo Luini, Alberto Panzeri, Carlo Riva, Domingo Pimienta del Valle, and Jos\u00e9 Manuel Riera,<span style=\"color: #043468;\"><em><strong> A Time Diversity Model for EHF Satellite Communication Systems. IEEE Transactions on Antennas and Propagation,<\/strong> <\/em><\/span>vol. 69, no. 9, pp. pp. 5892-5902, Sept. 2021. Print ISSN: 0018-926X, DOI:<span style=\"color: #ff9900;\">\u00a0<a style=\"color: #ff9900;\" href=\"https:\/\/doi.org\/10.1109\/TAP.2021.3061176\" target=\"_blank\" rel=\"noopener\">10.1109\/TAP.2021.3061176<\/a><\/span><\/p>\t\t\t\t\t\t\t\t<\/div>\n\t\t\t\t<\/div>\n\t\t\t\t<div class=\"elementor-element elementor-element-7606b81 elementor-widget elementor-widget-text-editor\" data-id=\"7606b81\" data-element_type=\"widget\" data-widget_type=\"text-editor.default\">\n\t\t\t\t<div class=\"elementor-widget-container\">\n\t\t\t\t\t\t\t\t\t<p>Jos\u00e9 Manuel Riera, Ana Benarroch, Pedro Garcia-del-Pino, and Santiago P\u00e9rez Pe\u00f1a, <em><strong><span style=\"color: #043468;\">Pre-processing and Assessment of Rain Drop Size Distributions Measured with a K-band Doppler Radar and an Optical Disdrometer.<\/span><\/strong> IEEE Transactions on Instrumentation and Measurement<\/em>, vol. 70, pp. 1-8, 2021. Print ISSN: 0018-9456, DOI:<span style=\"color: #ff9900;\">\u00a0<a style=\"color: #ff9900;\" href=\"https:\/\/doi.org\/10.1109\/TIM.2020.3007909\" target=\"_blank\" rel=\"noopener\">10.1109\/TIM.2020.3007909<\/a><\/span><\/p>\t\t\t\t\t\t\t\t<\/div>\n\t\t\t\t<\/div>\n\t\t\t\t<div class=\"elementor-element elementor-element-02eefca elementor-widget elementor-widget-text-editor\" data-id=\"02eefca\" data-element_type=\"widget\" data-widget_type=\"text-editor.default\">\n\t\t\t\t<div class=\"elementor-widget-container\">\n\t\t\t\t\t\t\t\t\t<p>Antonio Casquero Jim\u00e9nez; Jorge P\u00e9rez Mart\u00ednez, <span style=\"font-size: 14px;\"><i><b><span style=\"color: #043484;\">Remote Patient Monitoring Systems with 5G Networks<\/span><\/b><\/i><\/span><span style=\"font-size: 14px;\"><i><b>,<\/b><\/i> \u00a0<\/span><span style=\"font-size: 14px;\"><em>Advances In Science, Technology And Engineering Systems Journal. 6 (4): 44-51, <\/em><\/span><span style=\"font-size: 14px;\">2021, <\/span><span style=\"font-size: 14px;\">ISSN:2415-6698,<span style=\"color: #ff9900;\">\u00a0<\/span><\/span><span style=\"font-size: 14px; color: #ff9900;\"><a style=\"color: #ff9900;\" href=\"https:\/\/doi.org\/10.25046\/aj060406\" target=\"_blank\" rel=\"noopener\">https:\/\/doi.org\/10.25046\/aj060406<\/a>\u00a0<\/span><\/p>\t\t\t\t\t\t\t\t<\/div>\n\t\t\t\t<\/div>\n\t\t\t\t<div class=\"elementor-element elementor-element-c5cea21 elementor-widget-divider--view-line elementor-widget elementor-widget-divider\" data-id=\"c5cea21\" data-element_type=\"widget\" data-widget_type=\"divider.default\">\n\t\t\t\t<div class=\"elementor-widget-container\">\n\t\t\t\t\t\t\t<div class=\"elementor-divider\">\n\t\t\t<span class=\"elementor-divider-separator\">\n\t\t\t\t\t\t<\/span>\n\t\t<\/div>\n\t\t\t\t\t\t<\/div>\n\t\t\t\t<\/div>\n\t\t\t\t<div class=\"elementor-element elementor-element-60e8562 elementor-widget elementor-widget-text-editor\" data-id=\"60e8562\" data-element_type=\"widget\" data-widget_type=\"text-editor.default\">\n\t\t\t\t<div class=\"elementor-widget-container\">\n\t\t\t\t\t\t\t\t\t<h2><span style=\"color: #043484;\"><strong>2020<\/strong><\/span><\/h2>\t\t\t\t\t\t\t\t<\/div>\n\t\t\t\t<\/div>\n\t\t\t\t<div class=\"elementor-element elementor-element-6d7cc39 elementor-widget elementor-widget-text-editor\" data-id=\"6d7cc39\" data-element_type=\"widget\" data-widget_type=\"text-editor.default\">\n\t\t\t\t<div class=\"elementor-widget-container\">\n\t\t\t\t\t\t\t\t\t<p>Domingo Pimienta-del-Valle, Luis Mendo, Jos\u00e9 Manuel Riera, Pedro Garcia-del-Pino, <em><span style=\"color: #043468;\"><strong>Indoor LOS Propagation Measurements and Modeling at 26, 32, and 39 GHz Millimeter-Wave Frequency Bands.<\/strong> <\/span>Electronics<\/em> 2020, 9, 1867. <span style=\"color: #ff9900;\"><a style=\"color: #ff9900;\" href=\"https:\/\/doi.org\/10.3390\/electronics9111867\" target=\"_blank\" rel=\"noopener\">https:\/\/doi.org\/10.3390\/electronics9111867<\/a><\/span><\/p>\t\t\t\t\t\t\t\t<\/div>\n\t\t\t\t<\/div>\n\t\t\t\t<div class=\"elementor-element elementor-element-927c40c elementor-widget elementor-widget-text-editor\" data-id=\"927c40c\" data-element_type=\"widget\" data-widget_type=\"text-editor.default\">\n\t\t\t\t<div class=\"elementor-widget-container\">\n\t\t\t\t\t\t\t\t\t<p><span style=\"font-size: 14px;\">Zoraida Frias, Luis Mendo, Edward Oughton. <em><span style=\"color: #043468;\"><strong>How does spectrum affect mobile network deployments? Empirical analysis using crowdsourced big data.<\/strong> <\/span>IEEE Access<\/em>, vol. 8, 2020, pp. 190812-190821. DOI: <span style=\"color: #ff9900;\"><a style=\"color: #ff9900;\" href=\"https:\/\/doi.org\/10.1109\/ACCESS.2020.3031963\" target=\"_blank\" rel=\"noopener\">10.1109\/ACCESS.2020.3031963<\/a><\/span><\/span>.<\/p>\t\t\t\t\t\t\t\t<\/div>\n\t\t\t\t<\/div>\n\t\t\t\t<div class=\"elementor-element elementor-element-49572c1 elementor-widget elementor-widget-text-editor\" data-id=\"49572c1\" data-element_type=\"widget\" data-widget_type=\"text-editor.default\">\n\t\t\t\t<div class=\"elementor-widget-container\">\n\t\t\t\t\t\t\t\t\t<p>Lorenzo Luini ; Gustavo A. Siles ; Jos\u00e9 Manuel Riera ; Carlo Riva ; James Nesse, <em><strong><span style=\"color: #043468;\">Methods to Estimate Gas Attenuation in Absence of a Radiometer to Support Satellite Propagation Experiments.<\/span><\/strong> IEEE Transactions on Instrumentation and Measurement<\/em>, vol. 69, no. 7, pp. 5116-27, July 2020. Print ISSN: 0018-9456, DOI:<span style=\"color: #ff9900;\">\u00a0<a style=\"color: #ff9900;\" href=\"https:\/\/doi.org\/10.1109\/TIM.2019.2950612\" target=\"_blank\" rel=\"noopener\">10.1109\/TIM.2019.2950612<\/a><\/span><\/p>\t\t\t\t\t\t\t\t<\/div>\n\t\t\t\t<\/div>\n\t\t\t\t<div class=\"elementor-element elementor-element-e3b9dcc elementor-widget elementor-widget-text-editor\" data-id=\"e3b9dcc\" data-element_type=\"widget\" data-widget_type=\"text-editor.default\">\n\t\t\t\t<div class=\"elementor-widget-container\">\n\t\t\t\t\t\t\t\t\t<p>Domingo Pimienta-del-Valle, Luis Mendo, Jos\u00e9 M. Riera, and Pedro Garcia-del-Pino, <em><span style=\"color: #043468;\"><strong>Indoor LOS Propagation Measurements and Modeling at 26, 32, and 39 GHz Millimeter-Wave Frequency Bands.<\/strong><\/span> Electronics<\/em>, vol. 9, no. 11, pp. 1867-83, Nov. 2020. DOI:\u00a0<span style=\"color: #ff9900;\"><a style=\"color: #ff9900;\" href=\"https:\/\/doi.org\/10.3390\/electronics9111867\" target=\"_blank\" rel=\"noopener\">10.3390\/electronics9111867<\/a><\/span><\/p>\t\t\t\t\t\t\t\t<\/div>\n\t\t\t\t<\/div>\n\t\t\t\t<div class=\"elementor-element elementor-element-d4e94f4 elementor-widget-divider--view-line elementor-widget elementor-widget-divider\" data-id=\"d4e94f4\" data-element_type=\"widget\" data-widget_type=\"divider.default\">\n\t\t\t\t<div class=\"elementor-widget-container\">\n\t\t\t\t\t\t\t<div class=\"elementor-divider\">\n\t\t\t<span class=\"elementor-divider-separator\">\n\t\t\t\t\t\t<\/span>\n\t\t<\/div>\n\t\t\t\t\t\t<\/div>\n\t\t\t\t<\/div>\n\t\t\t\t<div class=\"elementor-element elementor-element-e403e02 elementor-widget elementor-widget-text-editor\" data-id=\"e403e02\" data-element_type=\"widget\" data-widget_type=\"text-editor.default\">\n\t\t\t\t<div class=\"elementor-widget-container\">\n\t\t\t\t\t\t\t\t\t<h2><span style=\"color: #043484;\"><strong>2019<\/strong><\/span><\/h2>\t\t\t\t\t\t\t\t<\/div>\n\t\t\t\t<\/div>\n\t\t\t\t<div class=\"elementor-element elementor-element-d549894 elementor-widget elementor-widget-text-editor\" data-id=\"d549894\" data-element_type=\"widget\" data-widget_type=\"text-editor.default\">\n\t\t\t\t<div class=\"elementor-widget-container\">\n\t\t\t\t\t\t\t\t\t<p>Luis Mendo, <span style=\"color: #043468;\"><em><strong>An asymptotically optimal Bernoulli factory for certain functions that can be expressed as power series. <\/strong>Stochastic Processes and their Applications<strong>,<\/strong> <\/em><\/span>129 (11), 2019, pages 4366-4384. DOI: <span style=\"color: #ff9900;\"><a style=\"color: #ff9900;\" href=\"https:\/\/doi.org\/10.1016\/j.spa.2018.11.017\" target=\"_blank\" rel=\"noopener\">10.1016\/j.spa.2018.11.017<\/a><\/span>. Arxiv version:\u00a0<span style=\"color: #ff9900;\"><a style=\"color: #ff9900;\" href=\"https:\/\/arxiv.org\/abs\/1612.08923\" target=\"_blank\" rel=\"noopener\">https:\/\/arxiv.org\/abs\/1612.08923<\/a><\/span>.<\/p>\t\t\t\t\t\t\t\t<\/div>\n\t\t\t\t<\/div>\n\t\t\t\t<div class=\"elementor-element elementor-element-bdb1ea6 elementor-widget elementor-widget-text-editor\" data-id=\"bdb1ea6\" data-element_type=\"widget\" data-widget_type=\"text-editor.default\">\n\t\t\t\t<div class=\"elementor-widget-container\">\n\t\t\t\t\t\t\t\t\t<p><span style=\"font-size: 14px;\">Edward J. Oughton, Zoraida Frias, Sietse van der Gaast, and Rudolf van der Berg.<em><strong><span style=\"color: #043468;\"> Assessing the capacity, coverage and costs of 5G infrastructure strategies: Analysis of the Netherlands.<\/span> <\/strong>Telematics and Informatics<\/em>, 2019. <span style=\"color: #ff9900;\"><a style=\"color: #ff9900;\" href=\"https:\/\/doi.org\/10.1016\/j.tele.2019.01.003\" target=\"_blank\" rel=\"noopener\">https:\/\/doi.org\/10.1016\/j.tele.2019.01.003<\/a>.\u00a0<\/span><\/span><\/p>\t\t\t\t\t\t\t\t<\/div>\n\t\t\t\t<\/div>\n\t\t\t\t<div class=\"elementor-element elementor-element-ff86e11 elementor-widget elementor-widget-text-editor\" data-id=\"ff86e11\" data-element_type=\"widget\" data-widget_type=\"text-editor.default\">\n\t\t\t\t<div class=\"elementor-widget-container\">\n\t\t\t\t\t\t\t\t\t<p><span style=\"font-size: 14px;\">Zoraida Frias and Jorge P\u00e9rez. <strong><em><span style=\"color: #043468;\">Rollout and Regulation of Fibre-To-The-Premises Netwoks. Insights from the Spanish case.<\/span><\/em><\/strong> <em>Telecommunications Policy<\/em>, April 2019. <span style=\"color: #ff9900;\"><a style=\"color: #ff9900;\" href=\"https:\/\/doi.org\/10.1016\/j.telpol.2018.07.005\" target=\"_blank\" rel=\"noopener\">https:\/\/doi.org\/10.1016\/j.telpol.2018.07.005<\/a>.<\/span><\/span><\/p>\t\t\t\t\t\t\t\t<\/div>\n\t\t\t\t<\/div>\n\t\t\t\t<div class=\"elementor-element elementor-element-066dd0d elementor-widget elementor-widget-text-editor\" data-id=\"066dd0d\" data-element_type=\"widget\" data-widget_type=\"text-editor.default\">\n\t\t\t\t<div class=\"elementor-widget-container\">\n\t\t\t\t\t\t\t\t\t<p>Domingo Pimienta-del-Valle, Jos\u00e9 Manuel Riera, Pedro Garcia-del-Pino, <em><span style=\"color: #043468;\"><strong>Time and Orbital Diversity assessment with Ka- and Q-Band slant-path propagation experiments in Madrid.<\/strong><\/span> IEEE Trans. on Antennas and Propagation<\/em>, vol. 67, No. 2, pp. 1193-1201, February 2019. Print ISSN: 0018-926X, DOI:\u00a0<span style=\"color: #ff9900;\"><a style=\"color: #ff9900;\" href=\"https:\/\/doi.org\/10.1109\/TAP.2018.2882627\" target=\"_blank\" rel=\"noopener\">10.1109\/TAP.2018.2882627<\/a><\/span><\/p>\t\t\t\t\t\t\t\t<\/div>\n\t\t\t\t<\/div>\n\t\t\t\t<div class=\"elementor-element elementor-element-43186fc elementor-widget elementor-widget-text-editor\" data-id=\"43186fc\" data-element_type=\"widget\" data-widget_type=\"text-editor.default\">\n\t\t\t\t<div class=\"elementor-widget-container\">\n\t\t\t\t\t\t\t\t\t<p>Domingo Pimienta-del-Valle, Jos\u00e9 Manuel Riera, Pedro Garcia-del-Pino, Gustavo A. Siles, <em><strong><span style=\"color: #043468;\">Three\u2010year fade and inter\u2010fade duration statistics from the Q\u2010band Alphasat propagation experiment in Madrid.<\/span><\/strong> International Journal of Satellite Communications and Networking<\/em>, vol. 37, pp. 460-476, 2019. DOI: <span style=\"color: #ff9900;\"><a style=\"color: #ff9900;\" href=\"https:\/\/doi.org\/10.1002\/sat.1271\" target=\"_blank\" rel=\"noopener\">10.1002\/sat.1271<\/a><\/span><\/p>\t\t\t\t\t\t\t\t<\/div>\n\t\t\t\t<\/div>\n\t\t\t\t<div class=\"elementor-element elementor-element-eab3b12 elementor-widget-divider--view-line elementor-widget elementor-widget-divider\" data-id=\"eab3b12\" data-element_type=\"widget\" data-widget_type=\"divider.default\">\n\t\t\t\t<div class=\"elementor-widget-container\">\n\t\t\t\t\t\t\t<div class=\"elementor-divider\">\n\t\t\t<span class=\"elementor-divider-separator\">\n\t\t\t\t\t\t<\/span>\n\t\t<\/div>\n\t\t\t\t\t\t<\/div>\n\t\t\t\t<\/div>\n\t\t\t\t<div class=\"elementor-element elementor-element-52e1f06 elementor-widget elementor-widget-text-editor\" data-id=\"52e1f06\" data-element_type=\"widget\" data-widget_type=\"text-editor.default\">\n\t\t\t\t<div class=\"elementor-widget-container\">\n\t\t\t\t\t\t\t\t\t<h2><span style=\"color: #043484;\"><strong>2018<\/strong><\/span><\/h2>\t\t\t\t\t\t\t\t<\/div>\n\t\t\t\t<\/div>\n\t\t\t\t<div class=\"elementor-element elementor-element-38830cb elementor-widget elementor-widget-text-editor\" data-id=\"38830cb\" data-element_type=\"widget\" data-widget_type=\"text-editor.default\">\n\t\t\t\t<div class=\"elementor-widget-container\">\n\t\t\t\t\t\t\t\t\t<p><span style=\"font-size: 14px;\">Edward J. Oughton, Zoraida Frias, Tom Rusell, Douglas Sicker, David Cleevely. <span style=\"color: #043468;\"><em><strong>Towards 5G: Scenario-based assessment of the future demand of mobile telecommunications infrastructure.<\/strong><\/em><\/span> Technological Forescasting and Social Change. <span style=\"color: #ff9900;\"><a style=\"color: #ff9900;\" href=\"https:\/\/doi.org\/10.1016\/j.techfore.2018.03.016\" target=\"_blank\" rel=\"noopener\">https:\/\/doi.org\/10.1016\/j.techfore.2018.03.016<\/a><\/span>.<\/span><\/p>\t\t\t\t\t\t\t\t<\/div>\n\t\t\t\t<\/div>\n\t\t\t\t<div class=\"elementor-element elementor-element-121d15d elementor-widget elementor-widget-text-editor\" data-id=\"121d15d\" data-element_type=\"widget\" data-widget_type=\"text-editor.default\">\n\t\t\t\t<div class=\"elementor-widget-container\">\n\t\t\t\t\t\t\t\t\t<p><span style=\"font-family: Quicksand, sans-serif; font-size: 14px; font-style: normal; font-variant-ligatures: normal; font-variant-caps: normal; font-weight: 400;\">Edward J. Oughton<\/span><span style=\"font-size: 14px;\">, Zoraida Frias, Mischa Dohler, Jon Crowcroft, David Cleevely, Jason Whalley, and Jim Hall. (2018). <span style=\"color: #043468;\"><em><strong>The Strategic National Infrastructure Assessment of Digital Communications.<\/strong> <\/em><\/span>Digital Policy, Regulation and Governance. ISSN: 2398-5038. <strong><span style=\"color: #ff9900;\"><a style=\"color: #ff9900;\" href=\"https:\/\/www.jbs.cam.ac.uk\/wp-content\/uploads\/2020\/08\/wp1702.pdf\" target=\"_blank\" rel=\"noopener\">Available here<\/a>.<\/span><\/strong><\/span><\/p>\t\t\t\t\t\t\t\t<\/div>\n\t\t\t\t<\/div>\n\t\t\t\t<div class=\"elementor-element elementor-element-e8383e6 elementor-widget elementor-widget-text-editor\" data-id=\"e8383e6\" data-element_type=\"widget\" data-widget_type=\"text-editor.default\">\n\t\t\t\t<div class=\"elementor-widget-container\">\n\t\t\t\t\t\t\t\t\t<p><span style=\"font-family: Quicksand, sans-serif; font-size: 14px; font-style: normal; font-variant-ligatures: normal; font-variant-caps: normal; font-weight: 400;\">Zoraida Frias and Jorge P\u00e9rez Mart\u00ednez.<\/span><span style=\"font-size: 14px;\">\u00a0(2018) <span style=\"color: #043468;\"><em><strong>Organizaciones multistakeholder para la gobernanza global.<\/strong><\/em><\/span> Revista de Econom\u00eda Industrial. ISSN 0422-2784. <span style=\"color: #ff9900;\">\u00a0<a style=\"color: #ff9900;\" href=\"https:\/\/www.mintur.gob.es\/Publicaciones\/Publicacionesperiodicas\/EconomiaIndustrial\/RevistaEconomiaIndustrial\/408\/FRIAS%20Y%20P%C3%89REZ.pdf\" target=\"_blank\" rel=\"noopener\">Available here (Spanish only)<\/a> .<\/span><\/span><\/p>\t\t\t\t\t\t\t\t<\/div>\n\t\t\t\t<\/div>\n\t\t\t\t<div class=\"elementor-element elementor-element-5749c4f elementor-widget elementor-widget-text-editor\" data-id=\"5749c4f\" data-element_type=\"widget\" data-widget_type=\"text-editor.default\">\n\t\t\t\t<div class=\"elementor-widget-container\">\n\t\t\t\t\t\t\t\t\t<p>Domingo Pimienta-del-Valle, Jos\u00e9 Manuel Riera, Pedro Garcia-del-Pino, <em><span style=\"color: #043468;\"><strong>Ka- and Q\/V-Band Interfade Duration Modeling.<\/strong><\/span> IEEE Trans. on Antennas and Propagation<\/em>, vol. 66, No. 12, pp. 7511-7514, December 2018. Print ISSN: 0018-926X, DOI:\u00a0<span style=\"color: #ff9900;\"><a style=\"color: #ff9900;\" href=\"https:\/\/doi.org\/10.1109\/TAP.2018.2872119\" target=\"_blank\" rel=\"noopener\">10.1109\/TAP.2018.2872119<\/a><\/span><\/p>\t\t\t\t\t\t\t\t<\/div>\n\t\t\t\t<\/div>\n\t\t\t\t<div class=\"elementor-element elementor-element-2fdfa9b elementor-widget-divider--view-line elementor-widget elementor-widget-divider\" data-id=\"2fdfa9b\" data-element_type=\"widget\" data-widget_type=\"divider.default\">\n\t\t\t\t<div class=\"elementor-widget-container\">\n\t\t\t\t\t\t\t<div class=\"elementor-divider\">\n\t\t\t<span class=\"elementor-divider-separator\">\n\t\t\t\t\t\t<\/span>\n\t\t<\/div>\n\t\t\t\t\t\t<\/div>\n\t\t\t\t<\/div>\n\t\t\t\t<div class=\"elementor-element elementor-element-0c8665e elementor-widget elementor-widget-text-editor\" data-id=\"0c8665e\" data-element_type=\"widget\" data-widget_type=\"text-editor.default\">\n\t\t\t\t<div class=\"elementor-widget-container\">\n\t\t\t\t\t\t\t\t\t<h2><span style=\"color: #043484;\"><strong>2017<\/strong><\/span><\/h2>\t\t\t\t\t\t\t\t<\/div>\n\t\t\t\t<\/div>\n\t\t\t\t<div class=\"elementor-element elementor-element-5a2a1b2 elementor-widget elementor-widget-text-editor\" data-id=\"5a2a1b2\" data-element_type=\"widget\" data-widget_type=\"text-editor.default\">\n\t\t\t\t<div class=\"elementor-widget-container\">\n\t\t\t\t\t\t\t\t\t<p><span style=\"font-family: Quicksand, sans-serif; font-size: 14px; font-style: normal; font-variant-ligatures: normal; font-variant-caps: normal; font-weight: 400;\">Jorge P\u00e9rez Mart\u00ednez and Zoraida Frias <\/span><span style=\"font-size: 14px;\">(2017) <em><span style=\"color: #043468;\"><strong>Las infraestructuras TIC y la consolidaci\u00f3n de la econom\u00eda digital,<\/strong> <\/span><\/em>Revista Informaci\u00f3n Comercial Espa\u00f1ola (ICE), n. 897 Julio-Agosto 2017, Ministerio de Econom\u00eda, Industria y Competitividad. eISSN: 2340-8790.<span style=\"color: #ff9900;\"> <a style=\"color: #ff9900;\" href=\"https:\/\/revistasice.com\/index.php\/ICE\/article\/view\/1944\">Available here (Spanish only).<\/a><\/span><\/span><\/p>\t\t\t\t\t\t\t\t<\/div>\n\t\t\t\t<\/div>\n\t\t\t\t<div class=\"elementor-element elementor-element-3b1a1b6 elementor-widget elementor-widget-text-editor\" data-id=\"3b1a1b6\" data-element_type=\"widget\" data-widget_type=\"text-editor.default\">\n\t\t\t\t<div class=\"elementor-widget-container\">\n\t\t\t\t\t\t\t\t\t<p><span style=\"font-size: 14px;\">Edward J.\u00a0<\/span><span style=\"font-family: Quicksand, sans-serif; font-size: 14px; font-style: normal; font-variant-ligatures: normal; font-variant-caps: normal; font-weight: 400;\">Oughton and Zoraida<\/span><span style=\"font-size: 14px;\">\u00a0Frias (2017) <\/span><span style=\"font-size: 14px; color: #043468;\"><em><strong>The cost, coverage and rollout implications of 5G infrastructure in Britain.<\/strong> <\/em><\/span><span style=\"font-size: 14px;\">Telecommunications Policy, July 2017. ISSN: 308-5961; <\/span><span style=\"font-size: 14px; color: #ff9900;\"><a style=\"color: #ff9900;\" href=\"https:\/\/doi.org\/10.1016\/j.telpol.2017.07.009\" target=\"_blank\" rel=\"noopener\">https:\/\/doi.org\/10.1016\/j.telpol.2017.07.009<\/a><\/span><\/p>\t\t\t\t\t\t\t\t<\/div>\n\t\t\t\t<\/div>\n\t\t\t\t<div class=\"elementor-element elementor-element-a289d18 elementor-widget elementor-widget-text-editor\" data-id=\"a289d18\" data-element_type=\"widget\" data-widget_type=\"text-editor.default\">\n\t\t\t\t<div class=\"elementor-widget-container\">\n\t\t\t\t\t\t\t\t\t<p><span style=\"font-family: Quicksand, sans-serif; font-size: 14px; font-style: normal; font-variant-ligatures: normal; font-variant-caps: normal; font-weight: 400;\">Zoraida Frias and Jorge P\u00e9rez Mart\u00ednez.<\/span><span style=\"font-size: 14px;\">\u00a0(2017) <span style=\"color: #043468;\"><em><strong>5G networks: Will technology and policy collide?<\/strong> <\/em><\/span>Telecommunications Policy, July 2017. ISSN: 308-5961; <span style=\"color: #ff9900;\"><a style=\"color: #ff9900;\" href=\"https:\/\/doi.org\/10.1016\/j.telpol.2017.06.003\" target=\"_blank\" rel=\"noopener\">https:\/\/doi.org\/10.1016\/j.telpol.2017.06.003<\/a><\/span><\/span><\/p>\t\t\t\t\t\t\t\t<\/div>\n\t\t\t\t<\/div>\n\t\t\t\t<div class=\"elementor-element elementor-element-6f86a37 elementor-widget elementor-widget-text-editor\" data-id=\"6f86a37\" data-element_type=\"widget\" data-widget_type=\"text-editor.default\">\n\t\t\t\t<div class=\"elementor-widget-container\">\n\t\t\t\t\t\t\t\t\t<p><span style=\"font-size: 14px;\">Zoraida Frias, Carlos Gonz\u00e1lez-Valderrama and Jorge P\u00e9rez Mart\u00ednez (2017) <span style=\"color: #043468;\"><em><strong>Assessment of spectrum value: The case of a second digital dividend in Europe.<\/strong> <\/em><\/span>Telecommunications Policy, January 2017, ISSN: 308-5961; <span style=\"color: #ff9900;\"><a style=\"color: #ff9900;\" href=\"http:\/\/dx.doi.org\/10.1016\/j.telpol.2016.12.008\" target=\"_blank\" rel=\"noopener\">http:\/\/dx.doi.org\/10.1016\/j.telpol.2016.12.008<\/a><\/span><\/span><\/p>\t\t\t\t\t\t\t\t<\/div>\n\t\t\t\t<\/div>\n\t\t\t\t<div class=\"elementor-element elementor-element-a8011d9 elementor-widget elementor-widget-text-editor\" data-id=\"a8011d9\" data-element_type=\"widget\" data-widget_type=\"text-editor.default\">\n\t\t\t\t<div class=\"elementor-widget-container\">\n\t\t\t\t\t\t\t\t\t<p>Jos\u00e9 M. Garcia-Rubia, Jos\u00e9 Manuel Riera, Pedro Garcia-del-Pino, Domingo Pimienta-del-Valle, Gustavo A. Siles, <em><span style=\"color: #043468;\"><strong>Fade and Interfade Duration Characteristics in a Slant-Path Ka-Band Link.<\/strong><\/span> IEEE Trans. on Antennas and Propagation<\/em>, vol. 65, No. 12, pp. 7198-7206, December 2017. Print ISSN: 0018-926X, DOI:<span style=\"color: #ff9900;\">\u00a0<a style=\"color: #ff9900;\" href=\"https:\/\/doi.org\/10.1109\/TAP.2017.2758839\" target=\"_blank\" rel=\"noopener\">10.1109\/TAP.2017.2758839<\/a><\/span><\/p>\t\t\t\t\t\t\t\t<\/div>\n\t\t\t\t<\/div>\n\t\t\t\t<div class=\"elementor-element elementor-element-ec530e0 elementor-widget elementor-widget-text-editor\" data-id=\"ec530e0\" data-element_type=\"widget\" data-widget_type=\"text-editor.default\">\n\t\t\t\t<div class=\"elementor-widget-container\">\n\t\t\t\t\t\t\t\t\t<p>Juan Moreno Garc\u00eda-Loygorri, Leandro de Haro, Jos\u00e9 Manuel Riera, Luis Cu\u00e9llar, Carlos Rodr\u00edguez,<em><span style=\"color: #043468;\"><strong> Keyholes in MIMO-OFDM: Train-to-Wayside Communications in Railway Tunnels.<\/strong><\/span> Wireless Communications and Mobile Computing<\/em>, vol. 2017, Article ID 9068272, 2017. DOI:\u00a0<span style=\"color: #ff9900;\"><a style=\"color: #ff9900;\" href=\"https:\/\/doi.org\/10.1155\/2017\/9068272\" target=\"_blank\" rel=\"noopener\">10.1155\/2017\/9068272<\/a><\/span><\/p>\t\t\t\t\t\t\t\t<\/div>\n\t\t\t\t<\/div>\n\t\t\t\t<div class=\"elementor-element elementor-element-47f1a4f elementor-widget-divider--view-line elementor-widget elementor-widget-divider\" data-id=\"47f1a4f\" data-element_type=\"widget\" data-widget_type=\"divider.default\">\n\t\t\t\t<div class=\"elementor-widget-container\">\n\t\t\t\t\t\t\t<div class=\"elementor-divider\">\n\t\t\t<span class=\"elementor-divider-separator\">\n\t\t\t\t\t\t<\/span>\n\t\t<\/div>\n\t\t\t\t\t\t<\/div>\n\t\t\t\t<\/div>\n\t\t\t\t<div class=\"elementor-element elementor-element-bf5b2a4 elementor-widget elementor-widget-text-editor\" data-id=\"bf5b2a4\" data-element_type=\"widget\" data-widget_type=\"text-editor.default\">\n\t\t\t\t<div class=\"elementor-widget-container\">\n\t\t\t\t\t\t\t\t\t<h2><span style=\"color: #043484;\"><strong>2016<\/strong><\/span><\/h2>\t\t\t\t\t\t\t\t<\/div>\n\t\t\t\t<\/div>\n\t\t\t\t<div class=\"elementor-element elementor-element-081ea84 elementor-widget elementor-widget-text-editor\" data-id=\"081ea84\" data-element_type=\"widget\" data-widget_type=\"text-editor.default\">\n\t\t\t\t<div class=\"elementor-widget-container\">\n\t\t\t\t\t\t\t\t\t<p>Jos\u00e9 Miguel Garc\u00eda-Rubia, Jos\u00e9 Manuel Riera, Pedro Garc\u00eda-del-Pino, Gustavo Siles, Ana Benarroch,<em><span style=\"color: #043468;\"><strong> Experimental Assessment of Slant-path Rain Attenuation Variability in the Ka-Band.<\/strong><\/span> International Journal of Satellite Communications and Networking<\/em>, vol. 34, No. 1, pp. 155-170, January 2016. DOI:\u00a0<span style=\"color: #ff9900;\"><a style=\"color: #ff9900;\" href=\"https:\/\/doi.org\/10.1002\/sat.1105\" target=\"_blank\" rel=\"noopener\">10.1002\/sat.1105<\/a><\/span><\/p>\t\t\t\t\t\t\t\t<\/div>\n\t\t\t\t<\/div>\n\t\t\t\t<div class=\"elementor-element elementor-element-37a9785 elementor-widget elementor-widget-text-editor\" data-id=\"37a9785\" data-element_type=\"widget\" data-widget_type=\"text-editor.default\">\n\t\t\t\t<div class=\"elementor-widget-container\">\n\t\t\t\t\t\t\t\t\t<p>Gustavo Siles, Jos\u00e9 Manuel Riera, Pedro Garc\u00eda-del-Pino, <em><span style=\"color: #043468;\"><strong>An Application of IGS Zenith Tropospheric Delay Data to Propagation Studies: Validation of Radiometric Atmospheric Attenuation.<\/strong><\/span> IEEE Trans. on Antennas and Propagation<\/em>, vol. 64, No. 1, pp. 262-270, January 2016. Print ISSN: 0018-926X, DOI:<span style=\"color: #ff9900;\">\u00a0<a style=\"color: #ff9900;\" href=\"https:\/\/doi.org\/10.1109\/TAP.2015.2502592\" target=\"_blank\" rel=\"noopener\">10.1109\/TAP.2015.2502592<\/a><\/span><\/p>\t\t\t\t\t\t\t\t<\/div>\n\t\t\t\t<\/div>\n\t\t\t\t<div class=\"elementor-element elementor-element-d13a79a elementor-widget elementor-widget-text-editor\" data-id=\"d13a79a\" data-element_type=\"widget\" data-widget_type=\"text-editor.default\">\n\t\t\t\t<div class=\"elementor-widget-container\">\n\t\t\t\t\t\t\t\t\t<p>Maria Jos\u00e9 Lucas-Vegas, Jos\u00e9 Manuel Riera, <em><span style=\"color: #043468;\"><strong>Estimation of the Atmospheric Mean Radiating Temperature Throughout the World in a Nonscattering Atmosphere. <\/strong><\/span>IEEE Geoscience and Remote Sensing Letters<\/em>, Vol. 13, N\u00ba 2, pp. 167-171, February 2016. Print ISSN: 1545-598X, DOI:\u00a0<span style=\"color: #ff9900;\"><a style=\"color: #ff9900;\" href=\"https:\/\/doi.org\/10.1109\/LGRS.2015.2504409\" target=\"_blank\" rel=\"noopener\">10.1109\/LGRS.2015.2504409<\/a><\/span><\/p>\t\t\t\t\t\t\t\t<\/div>\n\t\t\t\t<\/div>\n\t\t\t\t<div class=\"elementor-element elementor-element-acc7d3e elementor-widget elementor-widget-text-editor\" data-id=\"acc7d3e\" data-element_type=\"widget\" data-widget_type=\"text-editor.default\">\n\t\t\t\t<div class=\"elementor-widget-container\">\n\t\t\t\t\t\t\t\t\t<p>Maria Jos\u00e9 Lucas-Vegas, Jos\u00e9 Manuel Riera, <em><span style=\"color: #043468;\"><strong>Frequency scaling of slant-path atmospheric attenuation in the absence of rain for millimeter-wave links. <\/strong><\/span>Radio Science<\/em>, Vol. 51, N\u00ba 11, pp. 1732\u20131744, Nov. 2016. DOI:\u00a0<span style=\"color: #ff9900;\"><a style=\"color: #ff9900;\" href=\"https:\/\/doi.org\/10.1002\/2016RS006103\" target=\"_blank\" rel=\"noopener\">10.1002\/2016RS006103<\/a><\/span><\/p>\t\t\t\t\t\t\t\t<\/div>\n\t\t\t\t<\/div>\n\t\t\t\t<div class=\"elementor-element elementor-element-c423b39 elementor-widget elementor-widget-text-editor\" data-id=\"c423b39\" data-element_type=\"widget\" data-widget_type=\"text-editor.default\">\n\t\t\t\t<div class=\"elementor-widget-container\">\n\t\t\t\t\t\t\t\t\t<p>Luis Mendo, <em><span style=\"color: #043468;\"><strong>Illustrating MIMO Transmission by Means of Sound Waves. <\/strong><\/span>IEEE Antennas and Propagation Magazine<\/em>, vol. 54, N\u00ba 4, pp. 90\u2013103, Aug. 2016. DOI: <span style=\"color: #ff9900;\"><a style=\"color: #ff9900;\" href=\"https:\/\/doi.org\/10.1109\/MAP.2016.2569449\" target=\"_blank\" rel=\"noopener\">10.1109\/MAP.2016.2569449<\/a><\/span>.<\/p>\t\t\t\t\t\t\t\t<\/div>\n\t\t\t\t<\/div>\n\t\t\t\t<div class=\"elementor-element elementor-element-b0ff959 elementor-widget-divider--view-line elementor-widget elementor-widget-divider\" data-id=\"b0ff959\" data-element_type=\"widget\" data-widget_type=\"divider.default\">\n\t\t\t\t<div class=\"elementor-widget-container\">\n\t\t\t\t\t\t\t<div class=\"elementor-divider\">\n\t\t\t<span class=\"elementor-divider-separator\">\n\t\t\t\t\t\t<\/span>\n\t\t<\/div>\n\t\t\t\t\t\t<\/div>\n\t\t\t\t<\/div>\n\t\t\t\t<div class=\"elementor-element elementor-element-dd40f4b elementor-widget elementor-widget-text-editor\" data-id=\"dd40f4b\" data-element_type=\"widget\" data-widget_type=\"text-editor.default\">\n\t\t\t\t<div class=\"elementor-widget-container\">\n\t\t\t\t\t\t\t\t\t<h2><span style=\"color: #043484;\"><strong>2015<\/strong><\/span><\/h2>\t\t\t\t\t\t\t\t<\/div>\n\t\t\t\t<\/div>\n\t\t\t\t<div class=\"elementor-element elementor-element-1892823 elementor-widget elementor-widget-text-editor\" data-id=\"1892823\" data-element_type=\"widget\" data-widget_type=\"text-editor.default\">\n\t\t\t\t<div class=\"elementor-widget-container\">\n\t\t\t\t\t\t\t\t\t<p>Pedro Garc\u00eda-del-Pino, Ana Benarroch, Jos\u00e9 Manuel Riera, <em><span style=\"color: #043468;\"><strong>Large-scale correlation of rainfall rate based on data from Spanish sites. <\/strong><\/span>International Journal of Satellite Communications and Networking<\/em>, vol. 33, pp. 43-56, Jan. 2015. DOI:\u00a0<span style=\"color: #ff9900;\"><a style=\"color: #ff9900;\" href=\"http:\/\/dx.doi.org\/10.1002\/sat.1070\" target=\"_blank\" rel=\"noopener\">10.1002\/sat.1070<\/a><\/span><\/p>\t\t\t\t\t\t\t\t<\/div>\n\t\t\t\t<\/div>\n\t\t\t\t<div class=\"elementor-element elementor-element-9863500 elementor-widget elementor-widget-text-editor\" data-id=\"9863500\" data-element_type=\"widget\" data-widget_type=\"text-editor.default\">\n\t\t\t\t<div class=\"elementor-widget-container\">\n\t\t\t\t\t\t\t\t\t<p>Gustavo Siles, Jos\u00e9 Manuel Riera, Pedro Garc\u00eda-del-Pino, <em><span style=\"color: #043468;\"><strong>Atmospheric Attenuation in Wireless Communication Systems at Millimeter and THz Frequencies. <\/strong><\/span>IEEE Antennas and Propagation Magazine<\/em>, vol. 57, no. 1, pp. 48-61, February 2015. Print ISSN: 1045-9243, DOI:\u00a0<span style=\"color: #ff9900;\"><a style=\"color: #ff9900;\" href=\"https:\/\/doi.org\/10.1109\/MAP.2015.2401796\" target=\"_blank\" rel=\"noopener\">10.1109\/MAP.2015.2401796<\/a><\/span><\/p>\t\t\t\t\t\t\t\t<\/div>\n\t\t\t\t<\/div>\n\t\t\t\t<div class=\"elementor-element elementor-element-a7980ee elementor-widget elementor-widget-text-editor\" data-id=\"a7980ee\" data-element_type=\"widget\" data-widget_type=\"text-editor.default\">\n\t\t\t\t<div class=\"elementor-widget-container\">\n\t\t\t\t\t\t\t\t\t<p>Juan Moreno, Jos\u00e9 Manuel Riera, Leandro de Haro, and Carlos Rodr\u00edguez, <em><span style=\"color: #043468;\"><strong>A Survey on Future Railway Radio Communications Services: Challenges and Opportunities. <\/strong><\/span>IEEE Communications Magazine, vol. 54, No. 10, pp. 62-68, October 2015<\/em>. Print ISSN: 0163-6804, DOI:\u00a0<span style=\"color: #ff9900;\"><a style=\"color: #ff9900;\" href=\"https:\/\/doi.org\/10.1109\/MCOM.2015.7295465\" target=\"_blank\" rel=\"noopener\">10.1109\/MCOM.2015.7295465<\/a><\/span><\/p>\t\t\t\t\t\t\t\t<\/div>\n\t\t\t\t<\/div>\n\t\t\t\t<div class=\"elementor-element elementor-element-4db781c elementor-widget elementor-widget-text-editor\" data-id=\"4db781c\" data-element_type=\"widget\" data-widget_type=\"text-editor.default\">\n\t\t\t\t<div class=\"elementor-widget-container\">\n\t\t\t\t\t\t\t\t\t<p>Juan Moreno, Leandro de Haro, Carlos Rodr\u00edguez, Luis Cu\u00e9llar and Jos\u00e9 Manuel Riera, <em><span style=\"color: #043468;\"><strong>Influence of Polarization on Keyhole Probability on a MIMO-OFDM Train-to-Wayside System on Tunnels.<\/strong><\/span> IEEE Antennas and Wireless Propagation Letters<\/em>, vol. 14, pp. 1798-1801, 2015. Print ISSN: 1536-1225, DOI:\u00a0<span style=\"color: #ff9900;\"><a style=\"color: #ff9900;\" href=\"https:\/\/doi.org\/10.1109\/LAWP.2015.2424321\" target=\"_blank\" rel=\"noopener\">10.1109\/LAWP.2015.2424321<\/a><\/span><\/p>\t\t\t\t\t\t\t\t<\/div>\n\t\t\t\t<\/div>\n\t\t\t\t<div class=\"elementor-element elementor-element-940f215 elementor-widget elementor-widget-text-editor\" data-id=\"940f215\" data-element_type=\"widget\" data-widget_type=\"text-editor.default\">\n\t\t\t\t<div class=\"elementor-widget-container\">\n\t\t\t\t\t\t\t\t\t<p>Juan Moreno, Leandro de Haro, Carlos Rodr\u00edguez, Luis Cu\u00e9llar and Jos\u00e9 Manuel Riera, <em><span style=\"color: #043468;\"><strong>Keyhole Estimation of an MIMO-OFDM Train-to-Wayside Communication System on Subway Tunnels. <\/strong><\/span>IEEE Antennas and Wireless Propagation Letters<\/em>, vol. 14, pp. 88-91, 2015. Print ISSN: 1536-1225, DOI:<span style=\"color: #ff9900;\">\u00a0<a style=\"color: #ff9900;\" href=\"https:\/\/doi.org\/10.1109\/LAWP.2014.2356076\" target=\"_blank\" rel=\"noopener\">10.1109\/LAWP.2014.2356076<\/a><\/span><\/p>\t\t\t\t\t\t\t\t<\/div>\n\t\t\t\t<\/div>\n\t\t\t\t<div class=\"elementor-element elementor-element-e07f07c elementor-widget-divider--view-line elementor-widget elementor-widget-divider\" data-id=\"e07f07c\" data-element_type=\"widget\" data-widget_type=\"divider.default\">\n\t\t\t\t<div class=\"elementor-widget-container\">\n\t\t\t\t\t\t\t<div class=\"elementor-divider\">\n\t\t\t<span class=\"elementor-divider-separator\">\n\t\t\t\t\t\t<\/span>\n\t\t<\/div>\n\t\t\t\t\t\t<\/div>\n\t\t\t\t<\/div>\n\t\t\t\t<div class=\"elementor-element elementor-element-3225be4 elementor-widget elementor-widget-text-editor\" data-id=\"3225be4\" data-element_type=\"widget\" data-widget_type=\"text-editor.default\">\n\t\t\t\t<div class=\"elementor-widget-container\">\n\t\t\t\t\t\t\t\t\t<h2><span style=\"color: #043484;\"><strong>2014<\/strong><\/span><\/h2>\t\t\t\t\t\t\t\t<\/div>\n\t\t\t\t<\/div>\n\t\t\t\t<div class=\"elementor-element elementor-element-6b46049 elementor-widget elementor-widget-text-editor\" data-id=\"6b46049\" data-element_type=\"widget\" data-widget_type=\"text-editor.default\">\n\t\t\t\t<div class=\"elementor-widget-container\">\n\t\t\t\t\t\t\t\t\t<p>Gustavo A. Siles, Jos\u00e9 M. Riera, Pedro Garc\u00eda-del-Pino, Beatriz Mencia-Oliva, and Jes\u00fas Grajal, <span style=\"color: #333333;\"><span style=\"color: #043468;\"><strong><em>Propagation Measurements at 19.7 and 99 GHz Using Ground-Based Radiometers<\/em><\/strong><\/span>.<\/span> <em>IEEE Geoscience and Remote Sensing Letters<\/em>, Vol. 11, N\u00ba 8, pp. 1375-79, August 2014. Print ISSN: 1545-598X, DOI:<span style=\"color: #ff9900;\">\u00a0<a style=\"color: #ff9900;\" href=\"https:\/\/doi.org\/10.1109\/LGRS.2013.2293532\" target=\"_blank\" rel=\"noopener\">10.1109\/LGRS.2013.2293532<\/a><\/span><\/p>\t\t\t\t\t\t\t\t<\/div>\n\t\t\t\t<\/div>\n\t\t\t\t<div class=\"elementor-element elementor-element-1ffc6ae elementor-widget-divider--view-line elementor-widget elementor-widget-divider\" data-id=\"1ffc6ae\" data-element_type=\"widget\" data-widget_type=\"divider.default\">\n\t\t\t\t<div class=\"elementor-widget-container\">\n\t\t\t\t\t\t\t<div class=\"elementor-divider\">\n\t\t\t<span class=\"elementor-divider-separator\">\n\t\t\t\t\t\t<\/span>\n\t\t<\/div>\n\t\t\t\t\t\t<\/div>\n\t\t\t\t<\/div>\n\t\t\t\t\t<\/div>\n\t\t<\/div>\n\t\t\t\t\t<\/div>\n\t\t<\/section>\n\t\t\t\t<section class=\"elementor-section elementor-top-section elementor-element elementor-element-574a6ba elementor-section-boxed elementor-section-height-default elementor-section-height-default\" data-id=\"574a6ba\" data-element_type=\"section\">\n\t\t\t\t\t\t<div class=\"elementor-container elementor-column-gap-default\">\n\t\t\t\t\t<div class=\"elementor-column elementor-col-100 elementor-top-column elementor-element elementor-element-b3fa8a6\" data-id=\"b3fa8a6\" data-element_type=\"column\">\n\t\t\t<div class=\"elementor-widget-wrap elementor-element-populated\">\n\t\t\t\t\t\t<div class=\"elementor-element elementor-element-90eb543 elementor-widget elementor-widget-menu-anchor\" data-id=\"90eb543\" data-element_type=\"widget\" data-widget_type=\"menu-anchor.default\">\n\t\t\t\t<div class=\"elementor-widget-container\">\n\t\t\t\t\t\t\t<div class=\"elementor-menu-anchor\" id=\"articles-others\"><\/div>\n\t\t\t\t\t\t<\/div>\n\t\t\t\t<\/div>\n\t\t\t\t<div class=\"elementor-element elementor-element-c18bb51 elementor-widget elementor-widget-heading\" data-id=\"c18bb51\" data-element_type=\"widget\" data-widget_type=\"heading.default\">\n\t\t\t\t<div class=\"elementor-widget-container\">\n\t\t\t\t\t<h2 class=\"elementor-heading-title elementor-size-default\">ARTICLES (OTHERS)<\/h2>\t\t\t\t<\/div>\n\t\t\t\t<\/div>\n\t\t\t\t<div class=\"elementor-element elementor-element-36f6014 elementor-widget-divider--view-line elementor-widget elementor-widget-divider\" data-id=\"36f6014\" data-element_type=\"widget\" data-widget_type=\"divider.default\">\n\t\t\t\t<div class=\"elementor-widget-container\">\n\t\t\t\t\t\t\t<div class=\"elementor-divider\">\n\t\t\t<span class=\"elementor-divider-separator\">\n\t\t\t\t\t\t<\/span>\n\t\t<\/div>\n\t\t\t\t\t\t<\/div>\n\t\t\t\t<\/div>\n\t\t\t\t<div class=\"elementor-element elementor-element-38df1a3 elementor-widget elementor-widget-text-editor\" data-id=\"38df1a3\" data-element_type=\"widget\" data-widget_type=\"text-editor.default\">\n\t\t\t\t<div class=\"elementor-widget-container\">\n\t\t\t\t\t\t\t\t\t<h2><span style=\"color: #043484;\"><strong>2025<\/strong><\/span><\/h2>\t\t\t\t\t\t\t\t<\/div>\n\t\t\t\t<\/div>\n\t\t\t\t<div class=\"elementor-element elementor-element-80cacac elementor-widget__width-initial elementor-widget elementor-widget-text-editor\" data-id=\"80cacac\" data-element_type=\"widget\" data-widget_type=\"text-editor.default\">\n\t\t\t\t<div class=\"elementor-widget-container\">\n\t\t\t\t\t\t\t\t\t<p><span style=\"font-family: Quicksand, sans-serif; font-size: 14px; font-style: normal; font-variant-ligatures: normal; font-variant-caps: normal; font-weight: 400;\">Santiago Andr\u00e9s Azcoitia. Chapter 3 on the *Economic Value of the Usage of Personal Data* in the report on <span style=\"color: #000080;\"><em><strong><span style=\"color: #003366;\"><a style=\"color: #003366;\" href=\"https:\/\/www.itu.int\/dms_pub\/itu-d\/opb\/stg\/D-STG-SG01.04.1-2025-PDF-E.pdf\">Economic aspects of national telecommunications\/ICTs: Output Report on ITU-D Question 4\/1 for the study period 2022-2025<\/a><\/span>.<\/strong><\/em><\/span> International Telecommunication Union, 2025.<\/span><\/p>\t\t\t\t\t\t\t\t<\/div>\n\t\t\t\t<\/div>\n\t\t\t\t<div class=\"elementor-element elementor-element-d60baff elementor-widget-divider--view-line elementor-widget elementor-widget-divider\" data-id=\"d60baff\" data-element_type=\"widget\" data-widget_type=\"divider.default\">\n\t\t\t\t<div class=\"elementor-widget-container\">\n\t\t\t\t\t\t\t<div class=\"elementor-divider\">\n\t\t\t<span class=\"elementor-divider-separator\">\n\t\t\t\t\t\t<\/span>\n\t\t<\/div>\n\t\t\t\t\t\t<\/div>\n\t\t\t\t<\/div>\n\t\t\t\t<div class=\"elementor-element elementor-element-2a0febf elementor-widget elementor-widget-text-editor\" data-id=\"2a0febf\" data-element_type=\"widget\" data-widget_type=\"text-editor.default\">\n\t\t\t\t<div class=\"elementor-widget-container\">\n\t\t\t\t\t\t\t\t\t<h2><span style=\"color: #043484;\"><strong>2024<\/strong><\/span><\/h2>\t\t\t\t\t\t\t\t<\/div>\n\t\t\t\t<\/div>\n\t\t\t\t<div class=\"elementor-element elementor-element-6b3855f elementor-widget elementor-widget-text-editor\" data-id=\"6b3855f\" data-element_type=\"widget\" data-widget_type=\"text-editor.default\">\n\t\t\t\t<div class=\"elementor-widget-container\">\n\t\t\t\t\t\t\t\t\t<p>Jorge P\u00e9rez Mart\u00ednez. <span style=\"color: #003366;\"><em><strong>De los ODS a la gobernanza de la IA<\/strong><\/em><\/span>. <em>Revista Telos<\/em>, 2024. <span style=\"color: #ff9900;\"><a style=\"color: #ff9900;\" href=\"https:\/\/telos.fundaciontelefonica.com\/telos-125-pacto-digital-cuaderno-central-jorge-perez-de-los-ods-a-la-gobernanza-de-la-ia\/\" target=\"_blank\" rel=\"noopener\">Available here (Spanish only).<\/a><\/span><\/p>\t\t\t\t\t\t\t\t<\/div>\n\t\t\t\t<\/div>\n\t\t\t\t<div class=\"elementor-element elementor-element-6366a1f elementor-widget-divider--view-line elementor-widget elementor-widget-divider\" data-id=\"6366a1f\" data-element_type=\"widget\" data-widget_type=\"divider.default\">\n\t\t\t\t<div class=\"elementor-widget-container\">\n\t\t\t\t\t\t\t<div class=\"elementor-divider\">\n\t\t\t<span class=\"elementor-divider-separator\">\n\t\t\t\t\t\t<\/span>\n\t\t<\/div>\n\t\t\t\t\t\t<\/div>\n\t\t\t\t<\/div>\n\t\t\t\t<div class=\"elementor-element elementor-element-db8c63c elementor-widget elementor-widget-text-editor\" data-id=\"db8c63c\" data-element_type=\"widget\" data-widget_type=\"text-editor.default\">\n\t\t\t\t<div class=\"elementor-widget-container\">\n\t\t\t\t\t\t\t\t\t<h2><span style=\"color: #043484;\"><strong>2023<\/strong><\/span><\/h2>\t\t\t\t\t\t\t\t<\/div>\n\t\t\t\t<\/div>\n\t\t\t\t<div class=\"elementor-element elementor-element-7c9f894 elementor-widget elementor-widget-text-editor\" data-id=\"7c9f894\" data-element_type=\"widget\" data-widget_type=\"text-editor.default\">\n\t\t\t\t<div class=\"elementor-widget-container\">\n\t\t\t\t\t\t\t\t\t<p>Santiago Andr\u00e9s Azcoitia and Alba Ribera Mart\u00ednez.<span style=\"color: #003366;\"> <em><strong><a style=\"color: #003366;\" href=\"https:\/\/competitionlawblog.kluwercompetitionlaw.com\/2023\/09\/18\/data-marketplaces-and-the-data-governance-act-a-business-model-perspective\/\">Data Marketplaces and the Data Governance Act: A Business Model Perspective<\/a><\/strong><\/em><\/span>. Kluwer Competition Law Blog, 2023.<\/p>\t\t\t\t\t\t\t\t<\/div>\n\t\t\t\t<\/div>\n\t\t\t\t<div class=\"elementor-element elementor-element-105cf4a elementor-widget elementor-widget-text-editor\" data-id=\"105cf4a\" data-element_type=\"widget\" data-widget_type=\"text-editor.default\">\n\t\t\t\t<div class=\"elementor-widget-container\">\n\t\t\t\t\t\t\t\t\t<p>Jorge P\u00e9rez Mart\u00ednez. <span style=\"color: #003366;\"><em><strong>La fragmentaci\u00f3n de Internet<\/strong><\/em><\/span>. <em>Revista Telos<\/em>, 122. 2023. <span style=\"color: #ff9900;\"><a style=\"color: #ff9900;\" href=\"https:\/\/telos.fundaciontelefonica.com\/wp-content\/uploads\/2023\/06\/telos-122-posverdad-analisis-jorge-perez-pilar-rodriguez.pdf\" target=\"_blank\" rel=\"noopener\">Available here (Spanish only).<\/a><\/span><\/p>\t\t\t\t\t\t\t\t<\/div>\n\t\t\t\t<\/div>\n\t\t\t\t<div class=\"elementor-element elementor-element-6f0f2f4 elementor-widget-divider--view-line elementor-widget elementor-widget-divider\" data-id=\"6f0f2f4\" data-element_type=\"widget\" data-widget_type=\"divider.default\">\n\t\t\t\t<div class=\"elementor-widget-container\">\n\t\t\t\t\t\t\t<div class=\"elementor-divider\">\n\t\t\t<span class=\"elementor-divider-separator\">\n\t\t\t\t\t\t<\/span>\n\t\t<\/div>\n\t\t\t\t\t\t<\/div>\n\t\t\t\t<\/div>\n\t\t\t\t<div class=\"elementor-element elementor-element-7614405 elementor-widget elementor-widget-text-editor\" data-id=\"7614405\" data-element_type=\"widget\" data-widget_type=\"text-editor.default\">\n\t\t\t\t<div class=\"elementor-widget-container\">\n\t\t\t\t\t\t\t\t\t<h2><span style=\"color: #043484;\"><strong>2020<\/strong><\/span><\/h2>\t\t\t\t\t\t\t\t<\/div>\n\t\t\t\t<\/div>\n\t\t\t\t<div class=\"elementor-element elementor-element-6445f3c elementor-widget elementor-widget-text-editor\" data-id=\"6445f3c\" data-element_type=\"widget\" data-widget_type=\"text-editor.default\">\n\t\t\t\t<div class=\"elementor-widget-container\">\n\t\t\t\t\t\t\t\t\t<p>Jorge P\u00e9rez Mart\u00ednez and Jos\u00e9 F\u00e9lix Hern\u00e1ndez-Gil. <span style=\"color: #003366;\"><em><strong>Una mirada cr\u00edtica sobre los objetivos de desarrollo sostenible<\/strong><\/em><\/span>. <em>Revista Telos<\/em>, 113. 2020. <span style=\"color: #ff9900;\"><a style=\"color: #ff9900;\" href=\"https:\/\/telos.fundaciontelefonica.com\/telos-113-cuaderno-sostenibilidad-covid-19-una-mirada-critica-sobre-los-objetivos-de-desarrollo-sostenible\/\" target=\"_blank\" rel=\"noopener\">Available here (Spanish only).<\/a><\/span><\/p>\t\t\t\t\t\t\t\t<\/div>\n\t\t\t\t<\/div>\n\t\t\t\t<div class=\"elementor-element elementor-element-d1ca9db elementor-widget elementor-widget-text-editor\" data-id=\"d1ca9db\" data-element_type=\"widget\" data-widget_type=\"text-editor.default\">\n\t\t\t\t<div class=\"elementor-widget-container\">\n\t\t\t\t\t\t\t\t\t<p>Antonio Casquero Jim\u00e9nez, Jorge P\u00e9rez Mart\u00ednez, Pilar Rodr\u00edguez Pita. <span style=\"color: #003366;\"><em><strong>Descubriendo los desaf\u00edos t\u00e9cnicos para la seguridad en las redes 5G<\/strong><\/em><\/span>. <em>Real Instituto Elcano.<\/em>\u00a02020. <span style=\"color: #ff9900;\"><a style=\"color: #ff9900;\" href=\"https:\/\/www.realinstitutoelcano.org\/analisis\/descubriendo-los-desafios-tecnicos-para-la-seguridad-en-las-redes-5g\/\" target=\"_blank\" rel=\"noopener\">Available here (Spanish only).<\/a><\/span><\/p>\t\t\t\t\t\t\t\t<\/div>\n\t\t\t\t<\/div>\n\t\t\t\t<div class=\"elementor-element elementor-element-8429d20 elementor-widget-divider--view-line elementor-widget elementor-widget-divider\" data-id=\"8429d20\" data-element_type=\"widget\" data-widget_type=\"divider.default\">\n\t\t\t\t<div class=\"elementor-widget-container\">\n\t\t\t\t\t\t\t<div class=\"elementor-divider\">\n\t\t\t<span class=\"elementor-divider-separator\">\n\t\t\t\t\t\t<\/span>\n\t\t<\/div>\n\t\t\t\t\t\t<\/div>\n\t\t\t\t<\/div>\n\t\t\t\t\t<\/div>\n\t\t<\/div>\n\t\t\t\t\t<\/div>\n\t\t<\/section>\n\t\t\t\t<section class=\"elementor-section elementor-top-section elementor-element elementor-element-a288d98 elementor-section-boxed elementor-section-height-default elementor-section-height-default\" data-id=\"a288d98\" data-element_type=\"section\">\n\t\t\t\t\t\t<div class=\"elementor-container elementor-column-gap-default\">\n\t\t\t\t\t<div class=\"elementor-column elementor-col-100 elementor-top-column elementor-element elementor-element-2510972\" data-id=\"2510972\" data-element_type=\"column\">\n\t\t\t<div class=\"elementor-widget-wrap elementor-element-populated\">\n\t\t\t\t\t\t<div class=\"elementor-element elementor-element-fc524af elementor-widget elementor-widget-menu-anchor\" data-id=\"fc524af\" data-element_type=\"widget\" data-widget_type=\"menu-anchor.default\">\n\t\t\t\t<div class=\"elementor-widget-container\">\n\t\t\t\t\t\t\t<div class=\"elementor-menu-anchor\" id=\"conferences\"><\/div>\n\t\t\t\t\t\t<\/div>\n\t\t\t\t<\/div>\n\t\t\t\t<div class=\"elementor-element elementor-element-6819b2e elementor-widget elementor-widget-heading\" data-id=\"6819b2e\" data-element_type=\"widget\" data-widget_type=\"heading.default\">\n\t\t\t\t<div class=\"elementor-widget-container\">\n\t\t\t\t\t<h2 class=\"elementor-heading-title elementor-size-default\">ACADEMIC CONFERENCES<\/h2>\t\t\t\t<\/div>\n\t\t\t\t<\/div>\n\t\t\t\t<div class=\"elementor-element elementor-element-b8f9f9a elementor-widget-divider--view-line elementor-widget elementor-widget-divider\" data-id=\"b8f9f9a\" data-element_type=\"widget\" data-widget_type=\"divider.default\">\n\t\t\t\t<div class=\"elementor-widget-container\">\n\t\t\t\t\t\t\t<div class=\"elementor-divider\">\n\t\t\t<span class=\"elementor-divider-separator\">\n\t\t\t\t\t\t<\/span>\n\t\t<\/div>\n\t\t\t\t\t\t<\/div>\n\t\t\t\t<\/div>\n\t\t\t\t\t<\/div>\n\t\t<\/div>\n\t\t\t\t\t<\/div>\n\t\t<\/section>\n\t\t\t\t<section class=\"elementor-section elementor-top-section elementor-element elementor-element-62f9c83 elementor-section-boxed elementor-section-height-default elementor-section-height-default\" data-id=\"62f9c83\" data-element_type=\"section\">\n\t\t\t\t\t\t<div class=\"elementor-container elementor-column-gap-default\">\n\t\t\t\t\t<div class=\"elementor-column elementor-col-100 elementor-top-column elementor-element elementor-element-a67fa54\" data-id=\"a67fa54\" data-element_type=\"column\">\n\t\t\t<div class=\"elementor-widget-wrap elementor-element-populated\">\n\t\t\t\t\t\t<div class=\"elementor-element elementor-element-103739b elementor-widget elementor-widget-text-editor\" data-id=\"103739b\" data-element_type=\"widget\" data-widget_type=\"text-editor.default\">\n\t\t\t\t<div class=\"elementor-widget-container\">\n\t\t\t\t\t\t\t\t\t<h2><span style=\"color: #043484;\"><strong>2025<\/strong><\/span><\/h2>\t\t\t\t\t\t\t\t<\/div>\n\t\t\t\t<\/div>\n\t\t\t\t<div class=\"elementor-element elementor-element-592959c elementor-widget elementor-widget-text-editor\" data-id=\"592959c\" data-element_type=\"widget\" data-widget_type=\"text-editor.default\">\n\t\t\t\t<div class=\"elementor-widget-container\">\n\t\t\t\t\t\t\t\t\t<p>Santiago Andr\u00e9s Azcoitia Alicia Cabrero Jim\u00e9nez. <span style=\"color: #043468;\"><em><strong><span style=\"color: #003366;\"><a style=\"color: #003366;\" href=\"https:\/\/www.vldb.org\/2025\/Workshops\/VLDB-Workshops-2025\/DEC\/DEC25_1.pdf\">An Interpretable Market-based Data Price Prediction Tool<\/a><\/span>.<\/strong> <\/em><\/span><em>3rd Data Economy Workshop at VLDB Conference<\/em>. London. September 2025.<\/p>\t\t\t\t\t\t\t\t<\/div>\n\t\t\t\t<\/div>\n\t\t\t\t<div class=\"elementor-element elementor-element-c207a89 elementor-widget elementor-widget-text-editor\" data-id=\"c207a89\" data-element_type=\"widget\" data-widget_type=\"text-editor.default\">\n\t\t\t\t<div class=\"elementor-widget-container\">\n\t\t\t\t\t\t\t\t\t<p>Santiago Andr\u00e9s Azcoitia, Sergio Illescas Cabir\u00f3, and Zoraida Frias.<span style=\"color: #043468;\"><em><strong><span style=\"color: #003366;\">\u00a0<a style=\"color: #003366;\" href=\"https:\/\/www.econstor.eu\/handle\/10419\/331249\">A Framework to Incentivise Green Networks and Infrastructure in the 6G Mobile Ecosystem<\/a><\/span>.<\/strong> <\/em><\/span><em>International Telecommunications Society<\/em> <em>Europe<\/em>. Edinburgh, June 2025.<\/p>\t\t\t\t\t\t\t\t<\/div>\n\t\t\t\t<\/div>\n\t\t\t\t<div class=\"elementor-element elementor-element-979fbbd elementor-widget elementor-widget-text-editor\" data-id=\"979fbbd\" data-element_type=\"widget\" data-widget_type=\"text-editor.default\">\n\t\t\t\t<div class=\"elementor-widget-container\">\n\t\t\t\t\t\t\t\t\t<p>Jorge Garc\u00eda Cabeza, Zoraida Fr\u00edas, William Lehr, Luis Mendo and Eduardo Yraola. <span style=\"color: #043468;\"><em><strong>Exploring the Utilization of CBRS Spectrum through Crowdsourced Measurements.<\/strong><\/em><\/span> In <em>IEEE International Symposium on Dynamic Spectrum Access Networks (DySPAN) 2025<\/em>, 12-15 May 2025.\u00a0<\/p>\t\t\t\t\t\t\t\t<\/div>\n\t\t\t\t<\/div>\n\t\t\t\t<div class=\"elementor-element elementor-element-6a10d1a elementor-widget elementor-widget-text-editor\" data-id=\"6a10d1a\" data-element_type=\"widget\" data-widget_type=\"text-editor.default\">\n\t\t\t\t<div class=\"elementor-widget-container\">\n\t\t\t\t\t\t\t\t\t<p>Jos\u00e9 Manuel Riera, Domingo Pimienta-del-Valle, Pedro Garcia-del-Pino, Gustavo A. Siles, Ana Benarroch, <span style=\"color: #043468;\"><em><strong>Alphasat Propagation Experiment in Madrid: Ten Years of Q-band Experimental Results<\/strong><\/em><\/span>. In <em>CNES ONERA Workshop on Earth-space Radiowave Propagation (CO-WoP\u20192025)<\/em>. Toulouse, France, 25-27 February 2025.<\/p>\t\t\t\t\t\t\t\t<\/div>\n\t\t\t\t<\/div>\n\t\t\t\t<div class=\"elementor-element elementor-element-14c9c80 elementor-widget elementor-widget-text-editor\" data-id=\"14c9c80\" data-element_type=\"widget\" data-widget_type=\"text-editor.default\">\n\t\t\t\t<div class=\"elementor-widget-container\">\n\t\t\t\t\t\t\t\t\t<p>Jos\u00e9 Manuel Riera, Juan R. Romero-Vilar, Domingo Pimienta-del-Valle, Ana Benarroch, <span style=\"color: #043468;\"><em><strong>Propagation Experiment Using a 99 GHz Total Power Radiometer and Radiosounding Data in Madrid<\/strong><\/em><\/span>. In <em>CNES ONERA Workshop on Earth-space Radiowave Propagation (CO-WoP\u20192025)<\/em>. Toulouse, France, 25-27 February 2025.<\/p>\t\t\t\t\t\t\t\t<\/div>\n\t\t\t\t<\/div>\n\t\t\t\t<div class=\"elementor-element elementor-element-2d56e03 elementor-widget elementor-widget-text-editor\" data-id=\"2d56e03\" data-element_type=\"widget\" data-widget_type=\"text-editor.default\">\n\t\t\t\t<div class=\"elementor-widget-container\">\n\t\t\t\t\t\t\t\t\t<p>Jos\u00e9 Manuel Riera, Juan R. Romero-Vilar, Domingo Pimienta-del-Valle, Ana Benarroch, <span style=\"color: #043468;\"><em><strong>On the Influence of DSD Fluctuations on the Cumulative Distributions of Rain Attenuation at Millimeter Waves.<\/strong><\/em><\/span> In <em>19th European Conference on Antennas and Propagation<\/em>, EuCAP 2025. Stockholm, Sweden, March 30 &#8211; April 4 2025.<\/p>\t\t\t\t\t\t\t\t<\/div>\n\t\t\t\t<\/div>\n\t\t\t\t<div class=\"elementor-element elementor-element-a5ee231 elementor-widget elementor-widget-text-editor\" data-id=\"a5ee231\" data-element_type=\"widget\" data-widget_type=\"text-editor.default\">\n\t\t\t\t<div class=\"elementor-widget-container\">\n\t\t\t\t\t\t\t\t\t<p>Domingo Pimienta-del-Valle, Jos\u00e9 Manuel Riera, Pedro Garcia-del-Pino, Gustavo A. Siles, Ana Benarroch, <span style=\"color: #043468;\"><em><strong>Long-term Experimental Results of Propagation in a Q-band Slant-Path Link.<\/strong><\/em><\/span> In <em>19th European Conference on Antennas and Propagation<\/em>, EuCAP 2025. Stockholm, Sweden, March 30 &#8211; April 4 2025.<\/p>\t\t\t\t\t\t\t\t<\/div>\n\t\t\t\t<\/div>\n\t\t\t\t<div class=\"elementor-element elementor-element-5a6cee0 elementor-widget-divider--view-line elementor-widget elementor-widget-divider\" data-id=\"5a6cee0\" data-element_type=\"widget\" data-widget_type=\"divider.default\">\n\t\t\t\t<div class=\"elementor-widget-container\">\n\t\t\t\t\t\t\t<div class=\"elementor-divider\">\n\t\t\t<span class=\"elementor-divider-separator\">\n\t\t\t\t\t\t<\/span>\n\t\t<\/div>\n\t\t\t\t\t\t<\/div>\n\t\t\t\t<\/div>\n\t\t\t\t<div class=\"elementor-element elementor-element-db59e5f elementor-widget elementor-widget-text-editor\" data-id=\"db59e5f\" data-element_type=\"widget\" data-widget_type=\"text-editor.default\">\n\t\t\t\t<div class=\"elementor-widget-container\">\n\t\t\t\t\t\t\t\t\t<h2><span style=\"color: #043484;\"><strong>2024<\/strong><\/span><\/h2>\t\t\t\t\t\t\t\t<\/div>\n\t\t\t\t<\/div>\n\t\t\t\t<div class=\"elementor-element elementor-element-b9e726f elementor-widget elementor-widget-text-editor\" data-id=\"b9e726f\" data-element_type=\"widget\" data-widget_type=\"text-editor.default\">\n\t\t\t\t<div class=\"elementor-widget-container\">\n\t\t\t\t\t\t\t\t\t<p>Zoraida Frias, Luis Mendo, and Jorge Garcia-Cabeza (2024, November). <span style=\"color: #043468;\"><em><strong>Poster: Estimating Cell Load from End-user Crowdsourced Measurements in a Real-world Cellular Network.<\/strong> <\/em><\/span>In\u00a0<i>Proceedings of the 2024 ACM on Internet Measurement Conference<\/i>\u00a0(pp. 757-758).<span style=\"color: #ff9900;\"><a style=\"color: #ff9900;\" href=\"https:\/\/dl.acm.org\/doi\/10.1145\/3646547.3689665\">\u00a0https:\/\/dl.acm.org\/doi\/10.1145\/3646547.3689665<\/a><\/span><\/p>\t\t\t\t\t\t\t\t<\/div>\n\t\t\t\t<\/div>\n\t\t\t\t<div class=\"elementor-element elementor-element-c4af46e elementor-widget elementor-widget-text-editor\" data-id=\"c4af46e\" data-element_type=\"widget\" data-widget_type=\"text-editor.default\">\n\t\t\t\t<div class=\"elementor-widget-container\">\n\t\t\t\t\t\t\t\t\t<p>Ana Benarroch,, Gustavo A. Siles, Mishel Cuiza, Jose Manuel Riera, <span style=\"color: #043468;\"><em><strong>Comparison between ERA5 Cloud Parameters and Rainfall Rate in Madrid.<\/strong> <\/em><\/span>In <em>18th European Conference on Antennas and Propagation, EuCAP 2024<\/em>. Glasgow, United Kingdom, March 17-22 2024.<\/p>\t\t\t\t\t\t\t\t<\/div>\n\t\t\t\t<\/div>\n\t\t\t\t<div class=\"elementor-element elementor-element-9689777 elementor-widget elementor-widget-text-editor\" data-id=\"9689777\" data-element_type=\"widget\" data-widget_type=\"text-editor.default\">\n\t\t\t\t<div class=\"elementor-widget-container\">\n\t\t\t\t\t\t\t\t\t<p>Domingo Pimienta-del-Valle, Gustavo A. Siles, Jos\u00e9 Manuel Riera, Pedro Garcia-del-Pino, <span style=\"color: #043468;\"><em><strong>Cloud Attenuation in the Q band: Estimation from Experimental Data of Excess Attenuation.<\/strong> <\/em><\/span>In <em>18th European Conference on Antennas and Propagation, EuCAP 2024<\/em>. Glasgow, United Kingdom, March 17-22 2024.<\/p>\t\t\t\t\t\t\t\t<\/div>\n\t\t\t\t<\/div>\n\t\t\t\t<div class=\"elementor-element elementor-element-bf65a99 elementor-widget elementor-widget-text-editor\" data-id=\"bf65a99\" data-element_type=\"widget\" data-widget_type=\"text-editor.default\">\n\t\t\t\t<div class=\"elementor-widget-container\">\n\t\t\t\t\t\t\t\t\t<p>Leyre Egozcue-Angulo, Ignacio Mata-Alonso, Jos\u00e9 Manuel Riera, Domingo Pimienta-del-Valle, Ana Benarroch, <span style=\"color: #043468;\"><em><strong>Variability of Rain Attenuation at Millimeter Waves due to Fluctuations of the Drop Size Distribution.<\/strong><\/em><\/span> In <em>18th European Conference on Antennas and Propagation, EuCAP 2024<\/em>. Glasgow, United Kingdom, March 17-22 2024.<\/p>\t\t\t\t\t\t\t\t<\/div>\n\t\t\t\t<\/div>\n\t\t\t\t<div class=\"elementor-element elementor-element-8f617fd elementor-widget elementor-widget-text-editor\" data-id=\"8f617fd\" data-element_type=\"widget\" data-widget_type=\"text-editor.default\">\n\t\t\t\t<div class=\"elementor-widget-container\">\n\t\t\t\t\t\t\t\t\t<p>Ignacio Mata-Alonso, Jos\u00e9 Manuel Riera, Lorenzo Luini, Hong Yin Lam, Domingo Pimienta-del-Valle, <span style=\"color: #043468;\"><em><strong>Rain Attenuation at Millimeter Waves in Different Climatic Zones Estimated from Drop Size Distributions.<\/strong> <\/em><\/span>In <em>18th European Conference on Antennas and Propagation, EuCAP 2024<\/em>. Glasgow, United Kingdom, March 17-22 2024.<\/p>\t\t\t\t\t\t\t\t<\/div>\n\t\t\t\t<\/div>\n\t\t\t\t<div class=\"elementor-element elementor-element-fe6a7b5 elementor-widget-divider--view-line elementor-widget elementor-widget-divider\" data-id=\"fe6a7b5\" data-element_type=\"widget\" data-widget_type=\"divider.default\">\n\t\t\t\t<div class=\"elementor-widget-container\">\n\t\t\t\t\t\t\t<div class=\"elementor-divider\">\n\t\t\t<span class=\"elementor-divider-separator\">\n\t\t\t\t\t\t<\/span>\n\t\t<\/div>\n\t\t\t\t\t\t<\/div>\n\t\t\t\t<\/div>\n\t\t\t\t<div class=\"elementor-element elementor-element-73c420f elementor-widget elementor-widget-text-editor\" data-id=\"73c420f\" data-element_type=\"widget\" data-widget_type=\"text-editor.default\">\n\t\t\t\t<div class=\"elementor-widget-container\">\n\t\t\t\t\t\t\t\t\t<h2><span style=\"color: #043484;\"><strong>2023<\/strong><\/span><\/h2>\t\t\t\t\t\t\t\t<\/div>\n\t\t\t\t<\/div>\n\t\t\t\t<div class=\"elementor-element elementor-element-6c9457d elementor-widget elementor-widget-text-editor\" data-id=\"6c9457d\" data-element_type=\"widget\" data-widget_type=\"text-editor.default\">\n\t\t\t\t<div class=\"elementor-widget-container\">\n\t\t\t\t\t\t\t\t\t<p>Zoraida Frias, William Lehr, Volker Stocker and Luis Mendo. (2023) <span style=\"color: #043468;\"><em><strong>Measuring Mobile Broadband. Challenges and Implications for Policymaking.<\/strong><\/em><\/span>\u00a0<em>32nd European Conference of the International Telecommunications Society (ITS)<\/em>, Madrid, Spain, 19th-20th June, 2023. <span style=\"color: #ff9900;\"><a style=\"color: #ff9900;\" href=\"https:\/\/oa.upm.es\/75946\/\">https:\/\/oa.upm.es\/75946\/<\/a><\/span><\/p>\t\t\t\t\t\t\t\t<\/div>\n\t\t\t\t<\/div>\n\t\t\t\t<div class=\"elementor-element elementor-element-9bbba94 elementor-widget elementor-widget-text-editor\" data-id=\"9bbba94\" data-element_type=\"widget\" data-widget_type=\"text-editor.default\">\n\t\t\t\t<div class=\"elementor-widget-container\">\n\t\t\t\t\t\t\t\t\t<p>Santiago Andr\u00e9s Azcoitia, Costas Iordanou, and Nikolaos Laoutaris.\u00a0<span style=\"color: #043468;\"><strong><a style=\"color: #043468;\" href=\"https:\/\/ieeexplore.ieee.org\/document\/10184748\" target=\"_blank\" rel=\"noopener\">Understanding the Price of Data in Commercial Data Marketplaces<\/a>. April 2023. <\/strong><em>39th IEEE International<\/em><\/span><em> Conference on Data Engineering (ICDE) 2023<\/em>.<\/p>\t\t\t\t\t\t\t\t<\/div>\n\t\t\t\t<\/div>\n\t\t\t\t<div class=\"elementor-element elementor-element-2e8dfad elementor-widget elementor-widget-text-editor\" data-id=\"2e8dfad\" data-element_type=\"widget\" data-widget_type=\"text-editor.default\">\n\t\t\t\t<div class=\"elementor-widget-container\">\n\t\t\t\t\t\t\t\t\t<p>Ignacio Mata-Alonso, Jos\u00e9 Manuel Riera, Domingo Pimienta-del-Valle, Ana Benarroch, ain<span style=\"color: #043468;\"><em><strong> Attenuation of Millimeter Waves Investigated from Drop Size Distributions.<\/strong> <\/em><\/span>In <em>17th European Conference on Antennas and Propagation, EuCAP 2023<\/em>. Florence, Italy, March 26-31 2023IO.<\/p>\t\t\t\t\t\t\t\t<\/div>\n\t\t\t\t<\/div>\n\t\t\t\t<div class=\"elementor-element elementor-element-e8e71f2 elementor-widget elementor-widget-text-editor\" data-id=\"e8e71f2\" data-element_type=\"widget\" data-widget_type=\"text-editor.default\">\n\t\t\t\t<div class=\"elementor-widget-container\">\n\t\t\t\t\t\t\t\t\t<p>Ana Benarroch,, Gustavo A. Siles, Jose Manuel Riera, <span style=\"color: #043468;\"><em><strong>Relationship between Cloud Cover and Rainfall Rate in Madrid: First Results.<\/strong> <\/em><\/span>In <em>17th European Conference on Antennas and Propagation, EuCAP 2023<\/em>. Florence, Italy, March 26-31 2023.<\/p>\t\t\t\t\t\t\t\t<\/div>\n\t\t\t\t<\/div>\n\t\t\t\t<div class=\"elementor-element elementor-element-1f07705 elementor-widget-divider--view-line elementor-widget elementor-widget-divider\" data-id=\"1f07705\" data-element_type=\"widget\" data-widget_type=\"divider.default\">\n\t\t\t\t<div class=\"elementor-widget-container\">\n\t\t\t\t\t\t\t<div class=\"elementor-divider\">\n\t\t\t<span class=\"elementor-divider-separator\">\n\t\t\t\t\t\t<\/span>\n\t\t<\/div>\n\t\t\t\t\t\t<\/div>\n\t\t\t\t<\/div>\n\t\t\t\t<div class=\"elementor-element elementor-element-e8da7f5 elementor-widget elementor-widget-text-editor\" data-id=\"e8da7f5\" data-element_type=\"widget\" data-widget_type=\"text-editor.default\">\n\t\t\t\t<div class=\"elementor-widget-container\">\n\t\t\t\t\t\t\t\t\t<h2><span style=\"color: #043484;\"><strong>2022<\/strong><\/span><\/h2>\t\t\t\t\t\t\t\t<\/div>\n\t\t\t\t<\/div>\n\t\t\t\t<div class=\"elementor-element elementor-element-2d99fd5 elementor-widget elementor-widget-text-editor\" data-id=\"2d99fd5\" data-element_type=\"widget\" data-widget_type=\"text-editor.default\">\n\t\t\t\t<div class=\"elementor-widget-container\">\n\t\t\t\t\t\t\t\t\t<p>Santiago Andr\u00e9s Azcoitia, Costas Iordanou, and Nikolaos Laoutaris.<span style=\"color: #043468;\"><em><strong>\u00a0<a style=\"color: #043468;\" href=\"https:\/\/dl.acm.org\/doi\/abs\/10.1145\/3565011.3569053\" target=\"_blank\" rel=\"noopener\">Measuring the Price of Data in Commercial Data Marketplaces<\/a>.<\/strong><\/em><\/span> <em>1st ACM Data Economy Workshop in CoNEXT&#8217;22<\/em>. Dec&#8217;22. ACM, New York, NY, USA<\/p>\t\t\t\t\t\t\t\t<\/div>\n\t\t\t\t<\/div>\n\t\t\t\t<div class=\"elementor-element elementor-element-d922558 elementor-widget elementor-widget-text-editor\" data-id=\"d922558\" data-element_type=\"widget\" data-widget_type=\"text-editor.default\">\n\t\t\t\t<div class=\"elementor-widget-container\">\n\t\t\t\t\t\t\t\t\t<p>Santiago Andr\u00e9s Azcoitia and Nikolaos Laoutaris.<span style=\"color: #043468;\"><em><strong>\u00a0<a style=\"color: #043468;\" href=\"https:\/\/dl.acm.org\/doi\/abs\/10.1145\/3565011.3569054\" target=\"_blank\" rel=\"noopener\">Try Before You Buy: A practical data purchasing algorithm for real-world data marketplaces<\/a>.<\/strong> <\/em><\/span><em>1st ACM Data Economy Workshop in CoNEXT&#8217;22<\/em>. Dec&#8217;<span style=\"font-size: 14px;\">22. ACM, New York, NY, USA\u00a0<\/span><\/p>\t\t\t\t\t\t\t\t<\/div>\n\t\t\t\t<\/div>\n\t\t\t\t<div class=\"elementor-element elementor-element-1c067dd elementor-widget elementor-widget-text-editor\" data-id=\"1c067dd\" data-element_type=\"widget\" data-widget_type=\"text-editor.default\">\n\t\t\t\t<div class=\"elementor-widget-container\">\n\t\t\t\t\t\t\t\t\t<p>Santiago Andr\u00e9s Azcoitia, Marius Paraschiv, and Nikolaos Laoutaris.<span style=\"color: #043468;\"><em><strong>\u00a0<a style=\"color: #043468;\" href=\"https:\/\/doi.org\/10.1145\/3557915.3561470\" target=\"_blank\" rel=\"noopener\">Computing the relative value of spatio-temporal data in data marketplaces<\/a>.<\/strong> <\/em><\/span>In <em>Proc. of the 30th International Conference on Advances in Geographic Information Systems (SIGSPATIAL) 2022<\/em>. Nov&#8217;22. ACM, New York, NY, USA, Article 23, 1\u201311\u00a0<\/p>\t\t\t\t\t\t\t\t<\/div>\n\t\t\t\t<\/div>\n\t\t\t\t<div class=\"elementor-element elementor-element-e631362 elementor-widget elementor-widget-text-editor\" data-id=\"e631362\" data-element_type=\"widget\" data-widget_type=\"text-editor.default\">\n\t\t\t\t<div class=\"elementor-widget-container\">\n\t\t\t\t\t\t\t\t\t<p>Domingo Pimienta-del-Valle, Jos\u00e9 Manuel Riera, Santiago P\u00e9rez-Pe\u00f1a, Ana Benarroch, Pedro Garcia-del-Pino, <span style=\"color: #043468;\"><em><strong>Characterization of Rain Attenuation in 80-200 GHz Radio Links Considering Non-Spherical Raindrops.<\/strong><\/em><\/span> In <em>16th European Conference on Antennas and Propagation, EuCAP 2022<\/em>. Madrid, Spain, March 27 &#8211; April 1 2022.<\/p>\t\t\t\t\t\t\t\t<\/div>\n\t\t\t\t<\/div>\n\t\t\t\t<div class=\"elementor-element elementor-element-40949b9 elementor-widget elementor-widget-text-editor\" data-id=\"40949b9\" data-element_type=\"widget\" data-widget_type=\"text-editor.default\">\n\t\t\t\t<div class=\"elementor-widget-container\">\n\t\t\t\t\t\t\t\t\t<p>Ana Benarroch, Gustavo A. Siles, Jose Manuel Riera, <span style=\"color: #043468;\"><em><strong>Height of the 0\u00baC Isotherm and the Melting Layer in Madrid: Comparison of Estimations from Different Sensors.<\/strong> <\/em><\/span>In <em>16th European Conference on Antennas and Propagation, EuCAP 2022<\/em>. Madrid, Spain, March 27 &#8211; April 1 2022.<\/p>\t\t\t\t\t\t\t\t<\/div>\n\t\t\t\t<\/div>\n\t\t\t\t<div class=\"elementor-element elementor-element-5aaef6c elementor-widget elementor-widget-text-editor\" data-id=\"5aaef6c\" data-element_type=\"widget\" data-widget_type=\"text-editor.default\">\n\t\t\t\t<div class=\"elementor-widget-container\">\n\t\t\t\t\t\t\t\t\t<p>Domingo Pimienta-del-Valle, Jos\u00e9 Manuel Riera, Pedro Garcia-del-Pino, <span style=\"color: #043468;\"><em><strong>Atmospheric propagation effects in the D-band with application to 5G-6G wireless communication systems.<\/strong> <\/em><\/span>In <em>3rd URSI Atlantic-Asia-Pacific Radio Science Conference<\/em>. Gran Canaria, Spain, May 29 \u2013 June 3 2022.<\/p>\t\t\t\t\t\t\t\t<\/div>\n\t\t\t\t<\/div>\n\t\t\t\t<div class=\"elementor-element elementor-element-a93cc94 elementor-widget-divider--view-line elementor-widget elementor-widget-divider\" data-id=\"a93cc94\" data-element_type=\"widget\" data-widget_type=\"divider.default\">\n\t\t\t\t<div class=\"elementor-widget-container\">\n\t\t\t\t\t\t\t<div class=\"elementor-divider\">\n\t\t\t<span class=\"elementor-divider-separator\">\n\t\t\t\t\t\t<\/span>\n\t\t<\/div>\n\t\t\t\t\t\t<\/div>\n\t\t\t\t<\/div>\n\t\t\t\t<div class=\"elementor-element elementor-element-05fd682 elementor-widget elementor-widget-text-editor\" data-id=\"05fd682\" data-element_type=\"widget\" data-widget_type=\"text-editor.default\">\n\t\t\t\t<div class=\"elementor-widget-container\">\n\t\t\t\t\t\t\t\t\t<h2><span style=\"color: #043484;\"><strong>2021<\/strong><\/span><\/h2>\t\t\t\t\t\t\t\t<\/div>\n\t\t\t\t<\/div>\n\t\t\t\t<div class=\"elementor-element elementor-element-a016e0b elementor-widget elementor-widget-text-editor\" data-id=\"a016e0b\" data-element_type=\"widget\" data-widget_type=\"text-editor.default\">\n\t\t\t\t<div class=\"elementor-widget-container\">\n\t\t\t\t\t\t\t\t\t<p>Santiago Andr\u00e9s Azcoitia, Costas Iordanou, and Nikolaos Laoutaris. <span style=\"color: #003366;\"><i><b>Poster:\u00a0<\/b><\/i><strong><em><a style=\"color: #003366;\" href=\"https:\/\/conferences.sigcomm.org\/imc\/2021\/pdf\/8.pdf\" target=\"_blank\" rel=\"noopener\">What Is the Price of Data? A Measurement Study of Commercial\u00a0Data Marketplaces<\/a><\/em><\/strong><i><b><em>.<\/em>\u00a0<\/b><\/i><\/span><span style=\"font-size: 14px;\">ACM Internet Measurement Conference. November 2021. ACM, New York, NY, USA.<\/span><\/p>\t\t\t\t\t\t\t\t<\/div>\n\t\t\t\t<\/div>\n\t\t\t\t<div class=\"elementor-element elementor-element-20ca947 elementor-widget elementor-widget-text-editor\" data-id=\"20ca947\" data-element_type=\"widget\" data-widget_type=\"text-editor.default\">\n\t\t\t\t<div class=\"elementor-widget-container\">\n\t\t\t\t\t\t\t\t\t<p>Domingo Pimienta-del-Valle, Jos\u00e9 Manuel Riera, Pedro Garcia-del-Pino, Gustavo A. Siles, Ana Benarroch, <span style=\"color: #043468;\"><em><strong>Propagation Experiments in Madrid for the Ka and Q Bands: Recent Results and Rain Attenuation Modelling in the Earth-Satellite Channel.<\/strong><\/em><\/span> In <em>15th European Conference on Antennas and Propagation, EuCAP 2021<\/em>. D\u00fcsseldorf, Alemania March 22-26 2021 (on-line).<\/p>\t\t\t\t\t\t\t\t<\/div>\n\t\t\t\t<\/div>\n\t\t\t\t<div class=\"elementor-element elementor-element-10c757f elementor-widget elementor-widget-text-editor\" data-id=\"10c757f\" data-element_type=\"widget\" data-widget_type=\"text-editor.default\">\n\t\t\t\t<div class=\"elementor-widget-container\">\n\t\t\t\t\t\t\t\t\t<p>Santiago P\u00e9rez-Pe\u00f1a, Jose M Riera, Ana Benarroch, Domingo Pimienta-del-Valle, Pedro Garcia-del-Pino, <span style=\"color: #043468;\"><em><strong>Variability of Rain Attenuation in the 100-200 GHz Band Calculated from Experimental Drop Size Distribution.<\/strong><\/em><\/span> In <em>15th European Conference on Antennas and Propagation, EuCAP 2021<\/em>. D\u00fcsseldorf, Alemania March 22-26 2021 (on-line).<\/p>\t\t\t\t\t\t\t\t<\/div>\n\t\t\t\t<\/div>\n\t\t\t\t<div class=\"elementor-element elementor-element-b96787a elementor-widget elementor-widget-text-editor\" data-id=\"b96787a\" data-element_type=\"widget\" data-widget_type=\"text-editor.default\">\n\t\t\t\t<div class=\"elementor-widget-container\">\n\t\t\t\t\t\t\t\t\t<p>Domingo Pimienta-del-Valle, Luis Mendo, Jos\u00e9 Manuel Riera, Pedro Garcia-del-Pino, <span style=\"color: #043468;\"><em><strong>Path Loss Results in an Indoor Corridor Scenario at the 26, 32 and 39 GHz Millimeter-Wave Band.<\/strong><\/em><\/span> In<em> 15th European Conference on Antennas and Propagation, EuCAP 2021<\/em>. D\u00fcsseldorf, Alemania March 22-26 2021 (on-line).<\/p>\t\t\t\t\t\t\t\t<\/div>\n\t\t\t\t<\/div>\n\t\t\t\t<div class=\"elementor-element elementor-element-7de1e4b elementor-widget-divider--view-line elementor-widget elementor-widget-divider\" data-id=\"7de1e4b\" data-element_type=\"widget\" data-widget_type=\"divider.default\">\n\t\t\t\t<div class=\"elementor-widget-container\">\n\t\t\t\t\t\t\t<div class=\"elementor-divider\">\n\t\t\t<span class=\"elementor-divider-separator\">\n\t\t\t\t\t\t<\/span>\n\t\t<\/div>\n\t\t\t\t\t\t<\/div>\n\t\t\t\t<\/div>\n\t\t\t\t<div class=\"elementor-element elementor-element-2281f70 elementor-widget elementor-widget-text-editor\" data-id=\"2281f70\" data-element_type=\"widget\" data-widget_type=\"text-editor.default\">\n\t\t\t\t<div class=\"elementor-widget-container\">\n\t\t\t\t\t\t\t\t\t<h2><span style=\"color: #043484;\"><strong>2020<\/strong><\/span><\/h2>\t\t\t\t\t\t\t\t<\/div>\n\t\t\t\t<\/div>\n\t\t\t\t<div class=\"elementor-element elementor-element-0da3cdc elementor-widget elementor-widget-text-editor\" data-id=\"0da3cdc\" data-element_type=\"widget\" data-widget_type=\"text-editor.default\">\n\t\t\t\t<div class=\"elementor-widget-container\">\n\t\t\t\t\t\t\t\t\t<p>Domingo Pimienta-del-Valle,Pedro Garcia-del-Pino, Jos\u00e9 M. Riera, <span style=\"color: #043468;\"><em><strong>Fade Slope Analysis with Q-band Alphasat Satellite Measurements in Madrid.<\/strong><\/em><\/span> In <em>14th European Conference on Antennas and Propagation, EuCAP 2020<\/em>. Copenhagen, Denmark. March 15-20 2020 (on-line).<\/p>\t\t\t\t\t\t\t\t<\/div>\n\t\t\t\t<\/div>\n\t\t\t\t<div class=\"elementor-element elementor-element-1a8d803 elementor-widget elementor-widget-text-editor\" data-id=\"1a8d803\" data-element_type=\"widget\" data-widget_type=\"text-editor.default\">\n\t\t\t\t<div class=\"elementor-widget-container\">\n\t\t\t\t\t\t\t\t\t<p>Ana Benarroch, Gustavo A. Siles, Jos\u00e9 Manuel Riera and Santiago P\u00e9rez-Pe\u00f1a, <span style=\"color: #043468;\"><em><strong>Heights of the 0\u00baC Isotherm and the Bright Band in Madrid: Comparison and Variability.<\/strong> <\/em><\/span>In <em>14th European Conference on Antennas and Propagation, EuCAP 2020<\/em>. Copenhagen, Denmark. March 15-20 2020 (on-line).<\/p>\t\t\t\t\t\t\t\t<\/div>\n\t\t\t\t<\/div>\n\t\t\t\t<div class=\"elementor-element elementor-element-8e2aea8 elementor-widget elementor-widget-text-editor\" data-id=\"8e2aea8\" data-element_type=\"widget\" data-widget_type=\"text-editor.default\">\n\t\t\t\t<div class=\"elementor-widget-container\">\n\t\t\t\t\t\t\t\t\t<p>Domingo Pimienta-del-Valle, Pedro Garcia-del-Pino, Jos\u00e9 Manuel Riera and Ana Benarroch,<span style=\"color: #043468;\"><em><strong> 5-year Results on Rainfall Rate and Attenuation with the Alphasat Experiment in Madrid.<\/strong><\/em><\/span> In <em>URSI General Assembly and Scientific Symposium 2020<\/em>. Rome, Italy. August 29 &#8211; September 5 2020 (on-line).<\/p>\t\t\t\t\t\t\t\t<\/div>\n\t\t\t\t<\/div>\n\t\t\t\t<div class=\"elementor-element elementor-element-16726c3 elementor-widget elementor-widget-text-editor\" data-id=\"16726c3\" data-element_type=\"widget\" data-widget_type=\"text-editor.default\">\n\t\t\t\t<div class=\"elementor-widget-container\">\n\t\t\t\t\t\t\t\t\t<p>Santiago P\u00e9rez-Pe\u00f1a, Marta Castiella-Fern\u00e1ndez, Pedro Velasco-de-la-Fuente, Jos\u00e9 Manuel Riera), Mateo Burgos-Garc\u00eda, Pedro Garc\u00eda-del-Pino, Luis Mendo, Julius Kusuma, and Erik Boch, <span style=\"color: #043468;\"><em><strong>Development of Measurement and Modeling Procedures of Diffractive near-LOS Wireless Links.<\/strong> <\/em><\/span>In <em>URSI General Assembly and Scientific Symposium 2020<\/em>. Rome, Italy. August 29 &#8211; September 5 2020 (on-line).<\/p>\t\t\t\t\t\t\t\t<\/div>\n\t\t\t\t<\/div>\n\t\t\t\t<div class=\"elementor-element elementor-element-74734b6 elementor-widget-divider--view-line elementor-widget elementor-widget-divider\" data-id=\"74734b6\" data-element_type=\"widget\" data-widget_type=\"divider.default\">\n\t\t\t\t<div class=\"elementor-widget-container\">\n\t\t\t\t\t\t\t<div class=\"elementor-divider\">\n\t\t\t<span class=\"elementor-divider-separator\">\n\t\t\t\t\t\t<\/span>\n\t\t<\/div>\n\t\t\t\t\t\t<\/div>\n\t\t\t\t<\/div>\n\t\t\t\t<div class=\"elementor-element elementor-element-858be35 elementor-widget elementor-widget-text-editor\" data-id=\"858be35\" data-element_type=\"widget\" data-widget_type=\"text-editor.default\">\n\t\t\t\t<div class=\"elementor-widget-container\">\n\t\t\t\t\t\t\t\t\t<h2><span style=\"color: #043484;\"><strong>2019<\/strong><\/span><\/h2>\t\t\t\t\t\t\t\t<\/div>\n\t\t\t\t<\/div>\n\t\t\t\t<div class=\"elementor-element elementor-element-0d1ced0 elementor-widget elementor-widget-text-editor\" data-id=\"0d1ced0\" data-element_type=\"widget\" data-widget_type=\"text-editor.default\">\n\t\t\t\t<div class=\"elementor-widget-container\">\n\t\t\t\t\t\t\t\t\t<p>Zoraida Frias, Luis Mendo, Edward Oughton. <span style=\"color: #043468;\"><em><strong>Evolving mobile networks towards 5G. A framework to infer the state of connectivity infrastructure in dense urban areas.<\/strong> <\/em><\/span><em>30th ITS European Conference<\/em>, Helsinki \u2013 Espoo, Finland. 16 \u2013 19 June 2019. Available at: http:\/\/oa.upm.es\/56466\/<\/p>\t\t\t\t\t\t\t\t<\/div>\n\t\t\t\t<\/div>\n\t\t\t\t<div class=\"elementor-element elementor-element-9231e57 elementor-widget elementor-widget-text-editor\" data-id=\"9231e57\" data-element_type=\"widget\" data-widget_type=\"text-editor.default\">\n\t\t\t\t<div class=\"elementor-widget-container\">\n\t\t\t\t\t\t\t\t\t<p>Ana Benarroch, Gustavo A. Siles, Jos\u00e9 M. Riera,<span style=\"color: #043468;\"><em><strong> Variability of the 0\u00ba Isotherm: Monthly Variations and Correlation with Ground Temperature.<\/strong><\/em><\/span> In <em>13th European Conference on Antennas and Propagation, EuCAP 2019<\/em>. Krak\u00f3w, Poland. March 31 &#8211; April 5 2019.<\/p>\t\t\t\t\t\t\t\t<\/div>\n\t\t\t\t<\/div>\n\t\t\t\t<div class=\"elementor-element elementor-element-f81529f elementor-widget elementor-widget-text-editor\" data-id=\"f81529f\" data-element_type=\"widget\" data-widget_type=\"text-editor.default\">\n\t\t\t\t<div class=\"elementor-widget-container\">\n\t\t\t\t\t\t\t\t\t<p>Lorenzo Luini, Carlo Riva, Laurent Quibus, Danielle Vanhoenacker-Janvier, Gustavo A. Siles, Jos\u00e9 M. Riera, <span style=\"color: #043468;\"><em><strong>Water Vapor Retrieval to Support Electromagnetic Wave Propagation Experiments: Results from Different Techniques.<\/strong> <\/em><\/span>In <em>13th European Conference on Antennas and Propagation, EuCAP 2019<\/em>. Krak\u00f3w, Poland. March 31 &#8211; April 5 2019.<\/p>\t\t\t\t\t\t\t\t<\/div>\n\t\t\t\t<\/div>\n\t\t\t\t<div class=\"elementor-element elementor-element-4b0c01a elementor-widget elementor-widget-text-editor\" data-id=\"4b0c01a\" data-element_type=\"widget\" data-widget_type=\"text-editor.default\">\n\t\t\t\t<div class=\"elementor-widget-container\">\n\t\t\t\t\t\t\t\t\t<p>Domingo Pimienta-del-Valle, Pedro Garcia-del-Pino, Jos\u00e9 M. Riera, Gustavo A. Siles, <span style=\"color: #043468;\"><em><strong>A Four-Year Variability Study for Ka- And Q-band Slant Path Propagation Experiments in Madrid.<\/strong><\/em><\/span> In <em>13th European Conference on Antennas and Propagation, EuCAP 2019<\/em>. Krak\u00f3w, Poland. March 31 &#8211; April 5 2019.<\/p>\t\t\t\t\t\t\t\t<\/div>\n\t\t\t\t<\/div>\n\t\t\t\t<div class=\"elementor-element elementor-element-6157544 elementor-widget elementor-widget-text-editor\" data-id=\"6157544\" data-element_type=\"widget\" data-widget_type=\"text-editor.default\">\n\t\t\t\t<div class=\"elementor-widget-container\">\n\t\t\t\t\t\t\t\t\t<p>Santiago P\u00e9rez-Pe\u00f1a, Jos\u00e9 M. Riera, Ana Benarroch, Marta Munilla-D\u00edez, Jos\u00e9 M. Garcia-Rubia, <span style=\"color: #043468;\"><em><strong>Assessment of Drop Size Distributions Obtained by Different Instruments and Their Application to W-Band Propagation Studies.<\/strong> <\/em><\/span>In <em>13th European Conference on Antennas and Propagation, EuCAP 2019<\/em>. Krak\u00f3w, Poland. March 31 &#8211; April 5 2019.<\/p>\t\t\t\t\t\t\t\t<\/div>\n\t\t\t\t<\/div>\n\t\t\t\t<div class=\"elementor-element elementor-element-14ff10a elementor-widget elementor-widget-text-editor\" data-id=\"14ff10a\" data-element_type=\"widget\" data-widget_type=\"text-editor.default\">\n\t\t\t\t<div class=\"elementor-widget-container\">\n\t\t\t\t\t\t\t\t\t<p>Domingo Pimienta-del-Valle, Sergio Hern\u00e1ndez-S\u00e1enz, Pedro S\u00e1iz Coronado, Luis Mendo, Pedro Garcia-del-Pino, Jos\u00e9 M. Riera, <span style=\"color: #043468;\"><em><strong>Indoor Path Loss Measurements at the 5G Millimeter-Wave Bands of 26 and 39 GHz.<\/strong> <\/em><\/span>In <em>13th European Conference on Antennas and Propagation, EuCAP 2019<\/em>. Krak\u00f3w, Poland. March 31 &#8211; April 5 2019.<\/p>\t\t\t\t\t\t\t\t<\/div>\n\t\t\t\t<\/div>\n\t\t\t\t<div class=\"elementor-element elementor-element-6dc2eb5 elementor-widget-divider--view-line elementor-widget elementor-widget-divider\" data-id=\"6dc2eb5\" data-element_type=\"widget\" data-widget_type=\"divider.default\">\n\t\t\t\t<div class=\"elementor-widget-container\">\n\t\t\t\t\t\t\t<div class=\"elementor-divider\">\n\t\t\t<span class=\"elementor-divider-separator\">\n\t\t\t\t\t\t<\/span>\n\t\t<\/div>\n\t\t\t\t\t\t<\/div>\n\t\t\t\t<\/div>\n\t\t\t\t<div class=\"elementor-element elementor-element-0c14864 elementor-widget elementor-widget-text-editor\" data-id=\"0c14864\" data-element_type=\"widget\" data-widget_type=\"text-editor.default\">\n\t\t\t\t<div class=\"elementor-widget-container\">\n\t\t\t\t\t\t\t\t\t<h2><span style=\"color: #043484;\"><strong>2018<\/strong><\/span><\/h2>\t\t\t\t\t\t\t\t<\/div>\n\t\t\t\t<\/div>\n\t\t\t\t<div class=\"elementor-element elementor-element-95d3ebe elementor-widget elementor-widget-text-editor\" data-id=\"95d3ebe\" data-element_type=\"widget\" data-widget_type=\"text-editor.default\">\n\t\t\t\t<div class=\"elementor-widget-container\">\n\t\t\t\t\t\t\t\t\t<p>Oughton, Edward; Frias, Zoraida; Russell, Tom; Cleevely, David D., <span style=\"color: #043468;\"><em><strong>Uncertainty in the National Infrastructure Assessment of Mobile Telecommunications Infrastructure.<\/strong> <\/em><\/span>45th Telecommunications Policy Research Conference, Arlington, USA. Available at SSRN: https:\/\/ssrn.com\/abstract=2941232<\/p>\t\t\t\t\t\t\t\t<\/div>\n\t\t\t\t<\/div>\n\t\t\t\t<div class=\"elementor-element elementor-element-b31c18c elementor-widget elementor-widget-text-editor\" data-id=\"b31c18c\" data-element_type=\"widget\" data-widget_type=\"text-editor.default\">\n\t\t\t\t<div class=\"elementor-widget-container\">\n\t\t\t\t\t\t\t\t\t<p>Ovando, Catalina; Frias, Zoraida; Bocarando, Juan Carlos, <span style=\"color: #043468;\"><em><strong>Connecting the Unconnected: The Case of Mexico\u2019s Wholesale Shared Network.<\/strong><\/em><\/span> 45th Telecommunications Policy Research Conference, Arlington, USA. Available at SSRN: https:\/\/ssrn.com\/abstract=2943921<\/p>\t\t\t\t\t\t\t\t<\/div>\n\t\t\t\t<\/div>\n\t\t\t\t<div class=\"elementor-element elementor-element-209bd3f elementor-widget elementor-widget-text-editor\" data-id=\"209bd3f\" data-element_type=\"widget\" data-widget_type=\"text-editor.default\">\n\t\t\t\t<div class=\"elementor-widget-container\">\n\t\t\t\t\t\t\t\t\t<p>Domingo Pimienta-del-Valle, Jos\u00e9 M. Riera, Pedro Garcia-del-Pino, Gustavo A. Sile, <span style=\"color: #043468;\"><em><strong>Alphasat Experiment in Madrid: Modeling Considerations on Fade and Inter-Fade Durations.<\/strong><\/em><\/span> In: 12th European Conference on Antennas and Propagation, EuCAP 2018. London, United Kingdom. April 9 &#8211; 13 2018.<\/p>\t\t\t\t\t\t\t\t<\/div>\n\t\t\t\t<\/div>\n\t\t\t\t<div class=\"elementor-element elementor-element-2261f22 elementor-widget elementor-widget-text-editor\" data-id=\"2261f22\" data-element_type=\"widget\" data-widget_type=\"text-editor.default\">\n\t\t\t\t<div class=\"elementor-widget-container\">\n\t\t\t\t\t\t\t\t\t<p>Ana Benarroch, Gustavo A. Siles, Jos\u00e9 M. Riera, <span style=\"color: #043468;\"><em><strong>Variability of the 0\u00ba Isotherm in the Iberian Peninsula.<\/strong><\/em><\/span> In: 12th European Conference on Antennas and Propagation, EuCAP 2018. London, United Kingdom. April 9 &#8211; 13 2018.<\/p>\t\t\t\t\t\t\t\t<\/div>\n\t\t\t\t<\/div>\n\t\t\t\t<div class=\"elementor-element elementor-element-86a0dca elementor-widget elementor-widget-text-editor\" data-id=\"86a0dca\" data-element_type=\"widget\" data-widget_type=\"text-editor.default\">\n\t\t\t\t<div class=\"elementor-widget-container\">\n\t\t\t\t\t\t\t\t\t<p>Nicol\u00e1s Gil-de-Vergara, Jos\u00e9 M. Riera, Santiago P\u00e9rez-Pe\u00f1a, Jos\u00e9 Garcia-Rubia, Ana Benarroch, <span style=\"color: #043468;\"><em><strong>Classification of Rainfall Events and Evaluation of Drop Size Distributions Using a K-band Doppler Radar.<\/strong><\/em><\/span> In: 12th European Conference on Antennas and Propagation, EuCAP 2018. London, United Kingdom. April 9 &#8211; 13 2018.<\/p>\t\t\t\t\t\t\t\t<\/div>\n\t\t\t\t<\/div>\n\t\t\t\t<div class=\"elementor-element elementor-element-03f463e elementor-widget elementor-widget-text-editor\" data-id=\"03f463e\" data-element_type=\"widget\" data-widget_type=\"text-editor.default\">\n\t\t\t\t<div class=\"elementor-widget-container\">\n\t\t\t\t\t\t\t\t\t<p>F\u00e9lix Cuervo and Michael Schonhuber; Fernando Las-Heras; Jose M Riera, Domingo Pimienta-del-Valle and Pedro Garcia-del-Pino; Antonio Martellucci, <span style=\"color: #043468;\"><em><strong>Short Term Satellite Channel Characteristics Forecast Using Numerical Weather Prediction Data.<\/strong><\/em><\/span> In: 12th European Conference on Antennas and Propagation, EuCAP 2018. London, United Kingdom. April 9 &#8211; 13 2018.<\/p>\t\t\t\t\t\t\t\t<\/div>\n\t\t\t\t<\/div>\n\t\t\t\t<div class=\"elementor-element elementor-element-62d4f6e elementor-widget-divider--view-line elementor-widget elementor-widget-divider\" data-id=\"62d4f6e\" data-element_type=\"widget\" data-widget_type=\"divider.default\">\n\t\t\t\t<div class=\"elementor-widget-container\">\n\t\t\t\t\t\t\t<div class=\"elementor-divider\">\n\t\t\t<span class=\"elementor-divider-separator\">\n\t\t\t\t\t\t<\/span>\n\t\t<\/div>\n\t\t\t\t\t\t<\/div>\n\t\t\t\t<\/div>\n\t\t\t\t<div class=\"elementor-element elementor-element-03dbc01 elementor-widget elementor-widget-text-editor\" data-id=\"03dbc01\" data-element_type=\"widget\" data-widget_type=\"text-editor.default\">\n\t\t\t\t<div class=\"elementor-widget-container\">\n\t\t\t\t\t\t\t\t\t<h2><span style=\"color: #043484;\"><strong>2017<\/strong><\/span><\/h2>\t\t\t\t\t\t\t\t<\/div>\n\t\t\t\t<\/div>\n\t\t\t\t<div class=\"elementor-element elementor-element-710d34e elementor-widget elementor-widget-text-editor\" data-id=\"710d34e\" data-element_type=\"widget\" data-widget_type=\"text-editor.default\">\n\t\t\t\t<div class=\"elementor-widget-container\">\n\t\t\t\t\t\t\t\t\t<p>Manuel Insua-Feito, Zoraida Fr\u00edas, and Jorge P\u00e9rez Mart\u00ednez (2017). <span style=\"color: #043468;\"><em><strong>Application of multiple regression analysis to the spectrum prices of IMT bands.<\/strong><\/em><\/span> 28th European Regional Conference of the International Telecommunication Society, Passau, Germany, 30 July \u2013 2 August 2017. Available here.<\/p>\t\t\t\t\t\t\t\t<\/div>\n\t\t\t\t<\/div>\n\t\t\t\t<div class=\"elementor-element elementor-element-e4576dc elementor-widget elementor-widget-text-editor\" data-id=\"e4576dc\" data-element_type=\"widget\" data-widget_type=\"text-editor.default\">\n\t\t\t\t<div class=\"elementor-widget-container\">\n\t\t\t\t\t\t\t\t\t<p>Zoraida Frias and Jorge P\u00e9rez Mart\u00ednez (2016). <span style=\"color: #043468;\"><em><strong>FTTH unbundling: the Spanish regulation in retrospect.<\/strong> <\/em><\/span>27th European Regional Conference of the International Telecommunication Society, Cambridge, United Kingdom, 8-9 September 2016.<\/p>\t\t\t\t\t\t\t\t<\/div>\n\t\t\t\t<\/div>\n\t\t\t\t<div class=\"elementor-element elementor-element-a370fce elementor-widget elementor-widget-text-editor\" data-id=\"a370fce\" data-element_type=\"widget\" data-widget_type=\"text-editor.default\">\n\t\t\t\t<div class=\"elementor-widget-container\">\n\t\t\t\t\t\t\t\t\t<p>Silvia Serrano-Calle, Jorge P\u00e9rez Mart\u00ednez, and Zoraida Fr\u00edas (2016).<span style=\"color: #043468;\"><em><strong> Spanish public policies towards the promotion of cloud computing and digital services for SMEs.<\/strong> <\/em><\/span>27th European Regional Conference of the International Telecommunication Society, Cambridge, United Kingdom, 8-9 September 2016.<\/p>\t\t\t\t\t\t\t\t<\/div>\n\t\t\t\t<\/div>\n\t\t\t\t<div class=\"elementor-element elementor-element-beffb0b elementor-widget elementor-widget-text-editor\" data-id=\"beffb0b\" data-element_type=\"widget\" data-widget_type=\"text-editor.default\">\n\t\t\t\t<div class=\"elementor-widget-container\">\n\t\t\t\t\t\t\t\t\t<p>Zoraida Fr\u00edas, Carlos Gonz\u00e1lez-Valderrama and Jorge P\u00e9rez Mart\u00ednez (2015). <span style=\"color: #043468;\"><em><strong>Keys and challenges to close the rural broadband gap.<\/strong><\/em><\/span> The role of LTE networks in Spain. 26th European Regional Conference of the International Telecommunication Society, San Lorenzo de El Escorial, Spain, 24-27 June 2015.<\/p>\t\t\t\t\t\t\t\t<\/div>\n\t\t\t\t<\/div>\n\t\t\t\t<div class=\"elementor-element elementor-element-b2f7f6a elementor-widget elementor-widget-text-editor\" data-id=\"b2f7f6a\" data-element_type=\"widget\" data-widget_type=\"text-editor.default\">\n\t\t\t\t<div class=\"elementor-widget-container\">\n\t\t\t\t\t\t\t\t\t<p>Carlos Gonz\u00e1lez-Valderrama, Zoraida Fr\u00edas, and Jorge P\u00e9rez Mart\u00ednez (2015). <span style=\"color: #043468;\"><em><strong>Assessment of spectrum value: application to sub 1-GHz frequency bands.<\/strong> <\/em><\/span>26th European Regional Conference of the International Telecommunication Society, San Lorenzo de El Escorial, Spain, 24-27 June 2015.<\/p>\t\t\t\t\t\t\t\t<\/div>\n\t\t\t\t<\/div>\n\t\t\t\t<div class=\"elementor-element elementor-element-c0f03ac elementor-widget elementor-widget-text-editor\" data-id=\"c0f03ac\" data-element_type=\"widget\" data-widget_type=\"text-editor.default\">\n\t\t\t\t<div class=\"elementor-widget-container\">\n\t\t\t\t\t\t\t\t\t<p>Jos\u00e9 M. Riera, Domingo Pimienta-del-Valle, Pedro Garcia-del-Pino, Gustavo A. Siles, Ana Benarroch,<span style=\"color: #043468;\"><em><strong> Alphasat Propagation Experiment in Madrid: Results on Excess and Total Attenuation.<\/strong><\/em><\/span> In: 11th European Conference on Antennas and Propagation, EuCAP 2017. Paris, France. March 14 &#8211; 24 2017.<\/p>\t\t\t\t\t\t\t\t<\/div>\n\t\t\t\t<\/div>\n\t\t\t\t<div class=\"elementor-element elementor-element-de04624 elementor-widget elementor-widget-text-editor\" data-id=\"de04624\" data-element_type=\"widget\" data-widget_type=\"text-editor.default\">\n\t\t\t\t<div class=\"elementor-widget-container\">\n\t\t\t\t\t\t\t\t\t<p>Jose Garcia-Rubia, Jos\u00e9 Manuel Riera, Ana Benarroch, Pedro Garcia-del-Pino, <span style=\"color: #043468;\"><em><strong>Depolarization Effects on Satellite Links Evaluated Using Five-year Experimental Drop Size Distributions.<\/strong><\/em><\/span> In: 11th European Conference on Antennas and Propagation, EuCAP 2017. Paris, France. March 14 &#8211; 24 2017.<\/p>\t\t\t\t\t\t\t\t<\/div>\n\t\t\t\t<\/div>\n\t\t\t\t<div class=\"elementor-element elementor-element-cec8c13 elementor-widget elementor-widget-text-editor\" data-id=\"cec8c13\" data-element_type=\"widget\" data-widget_type=\"text-editor.default\">\n\t\t\t\t<div class=\"elementor-widget-container\">\n\t\t\t\t\t\t\t\t\t<p>Pedro Garcia-del-Pino, Domingo Pimienta-del-Valle, Ana Benarroch, Jos\u00e9 M. Riera, <span style=\"color: #043468;\"><em><strong>Evaluation of Recent Prediction Models Using a Long-Term Database of Rainfall Rate Data.<\/strong><\/em><\/span> In: 11th European Conference on Antennas and Propagation, EuCAP 2017. Paris, France. March 14 &#8211; 24 2017.<\/p>\t\t\t\t\t\t\t\t<\/div>\n\t\t\t\t<\/div>\n\t\t\t\t<div class=\"elementor-element elementor-element-fa50aec elementor-widget elementor-widget-text-editor\" data-id=\"fa50aec\" data-element_type=\"widget\" data-widget_type=\"text-editor.default\">\n\t\t\t\t<div class=\"elementor-widget-container\">\n\t\t\t\t\t\t\t\t\t<p>Domingo Pimienta-del-Valle, Ana Benarroch, Jos\u00e9 M. Riera, Pedro Garcia-del-Pino, <span style=\"color: #043468;\"><em><strong>First results of total attenuation distributions and fade dynamics from the Alphasat propagation experiment in Madrid.<\/strong><\/em><\/span> In: URSI General Assembly &amp; Scientific Symposium. Montreal, Canada. August 19 &#8211; 27 2017.<\/p>\t\t\t\t\t\t\t\t<\/div>\n\t\t\t\t<\/div>\n\t\t\t\t<div class=\"elementor-element elementor-element-a1f5c7a elementor-widget-divider--view-line elementor-widget elementor-widget-divider\" data-id=\"a1f5c7a\" data-element_type=\"widget\" data-widget_type=\"divider.default\">\n\t\t\t\t<div class=\"elementor-widget-container\">\n\t\t\t\t\t\t\t<div class=\"elementor-divider\">\n\t\t\t<span class=\"elementor-divider-separator\">\n\t\t\t\t\t\t<\/span>\n\t\t<\/div>\n\t\t\t\t\t\t<\/div>\n\t\t\t\t<\/div>\n\t\t\t\t<div class=\"elementor-element elementor-element-c1112e0 elementor-widget elementor-widget-text-editor\" data-id=\"c1112e0\" data-element_type=\"widget\" data-widget_type=\"text-editor.default\">\n\t\t\t\t<div class=\"elementor-widget-container\">\n\t\t\t\t\t\t\t\t\t<h2><span style=\"color: #043484;\"><strong>2016<\/strong><\/span><\/h2>\t\t\t\t\t\t\t\t<\/div>\n\t\t\t\t<\/div>\n\t\t\t\t<div class=\"elementor-element elementor-element-579a43e elementor-widget elementor-widget-text-editor\" data-id=\"579a43e\" data-element_type=\"widget\" data-widget_type=\"text-editor.default\">\n\t\t\t\t<div class=\"elementor-widget-container\">\n\t\t\t\t\t\t\t\t\t<p>Jos\u00e9 Manuel Riera, Gustavo Siles, Pedro Garcia-del-Pino, Ana Benarroch, <span style=\"color: #043468;\"><em><strong>Alphasat Propagation Experiment in Madrid: Processing of the First Year of Measurements (convened session).<\/strong> <\/em><\/span>In: 10th European Conference on Antennas and Propagation, EuCAP 2016. Davos, Switzerland. April 10-15 2016.<\/p>\t\t\t\t\t\t\t\t<\/div>\n\t\t\t\t<\/div>\n\t\t\t\t<div class=\"elementor-element elementor-element-8b13738 elementor-widget elementor-widget-text-editor\" data-id=\"8b13738\" data-element_type=\"widget\" data-widget_type=\"text-editor.default\">\n\t\t\t\t<div class=\"elementor-widget-container\">\n\t\t\t\t\t\t\t\t\t<p>Jos\u00e9 Garc\u00eda-Rubia, Ana Benarroch, Pedro Garc\u00eda-del-Pino and Jos\u00e9 Manuel Riera, <span style=\"color: #043468;\"><strong><em>A Five-year Study of Experimental Drop Size Distributions for Rain Attenuation in Madrid.<\/em> <\/strong><\/span>In: 10th European Conference on Antennas and Propagation, EuCAP 2016. Davos, Switzerland. April 10-15 2016.<\/p>\t\t\t\t\t\t\t\t<\/div>\n\t\t\t\t<\/div>\n\t\t\t\t<div class=\"elementor-element elementor-element-00d8feb elementor-widget elementor-widget-text-editor\" data-id=\"00d8feb\" data-element_type=\"widget\" data-widget_type=\"text-editor.default\">\n\t\t\t\t<div class=\"elementor-widget-container\">\n\t\t\t\t\t\t\t\t\t<p>Juan Moreno, Jos\u00e9 Manuel Riera,\u00a0 Leandro de Haro, Luis Cu\u00e9llar, Carlos Rodr\u00edguez, and C\u00e9sar Briso, <span style=\"color: #043468;\"><em><strong>MIMO keyholes on tunnels: measurements.<\/strong><\/em><\/span> In: 10th European Conference on Antennas and Propagation, EuCAP 2016. Davos, Switzerland. April 10-15 2016.<\/p>\t\t\t\t\t\t\t\t<\/div>\n\t\t\t\t<\/div>\n\t\t\t\t<div class=\"elementor-element elementor-element-406b847 elementor-widget elementor-widget-text-editor\" data-id=\"406b847\" data-element_type=\"widget\" data-widget_type=\"text-editor.default\">\n\t\t\t\t<div class=\"elementor-widget-container\">\n\t\t\t\t\t\t\t\t\t<p>Emilio Matricciani, Jos\u00e9 Manuel Riera, <span style=\"color: #043468;\"><em><strong>Variable elevation-angle radio links faded by rain at Ka Band from Madrid to the Sun.<\/strong><\/em><\/span> In: 22nd Ka and Broadband Communications Conference. Cleveland, USA. October 17-20 2016.<\/p>\t\t\t\t\t\t\t\t<\/div>\n\t\t\t\t<\/div>\n\t\t\t\t<div class=\"elementor-element elementor-element-04e2d88 elementor-widget-divider--view-line elementor-widget elementor-widget-divider\" data-id=\"04e2d88\" data-element_type=\"widget\" data-widget_type=\"divider.default\">\n\t\t\t\t<div class=\"elementor-widget-container\">\n\t\t\t\t\t\t\t<div class=\"elementor-divider\">\n\t\t\t<span class=\"elementor-divider-separator\">\n\t\t\t\t\t\t<\/span>\n\t\t<\/div>\n\t\t\t\t\t\t<\/div>\n\t\t\t\t<\/div>\n\t\t\t\t<div class=\"elementor-element elementor-element-18f3fff elementor-widget elementor-widget-text-editor\" data-id=\"18f3fff\" data-element_type=\"widget\" data-widget_type=\"text-editor.default\">\n\t\t\t\t<div class=\"elementor-widget-container\">\n\t\t\t\t\t\t\t\t\t<p>Jos\u00e9 Garc\u00eda-Rubia, Jos\u00e9 Manuel Riera, Ana Benarroch, Pedro Garc\u00eda-del-Pino, <span style=\"color: #043468;\"><em><strong>Rain Attenuation and Depolarization using Experimental Drop Size Distributions and Scattering Characteristics of Large Rain Drops.<\/strong> <\/em><\/span>In: 22nd Ka and Broadband Communications Conference. Cleveland, USA. October 17-20 2016.<\/p>\t\t\t\t\t\t\t\t<\/div>\n\t\t\t\t<\/div>\n\t\t\t\t<div class=\"elementor-element elementor-element-d4b9b81 elementor-widget elementor-widget-text-editor\" data-id=\"d4b9b81\" data-element_type=\"widget\" data-widget_type=\"text-editor.default\">\n\t\t\t\t<div class=\"elementor-widget-container\">\n\t\t\t\t\t\t\t\t\t<h2><span style=\"color: #043484;\"><strong>2015<\/strong><\/span><\/h2>\t\t\t\t\t\t\t\t<\/div>\n\t\t\t\t<\/div>\n\t\t\t\t<div class=\"elementor-element elementor-element-3be636b elementor-widget elementor-widget-text-editor\" data-id=\"3be636b\" data-element_type=\"widget\" data-widget_type=\"text-editor.default\">\n\t\t\t\t<div class=\"elementor-widget-container\">\n\t\t\t\t\t\t\t\t\t<p>Jos\u00e9 M. Riera, Gustavo A. Siles, Pedro Garc\u00eda-del-Pino, Ana Benarroch, <span style=\"color: #043468;\"><em><strong>Alphasat Propagation Experiment in Madrid: Quality Assessment of the Measurements.<\/strong> <\/em><\/span>In: 9th European Conference on Antennas and Propagation, EuCAP 2015. Lisbon, Portugal. April 12-17 2015.<\/p>\t\t\t\t\t\t\t\t<\/div>\n\t\t\t\t<\/div>\n\t\t\t\t<div class=\"elementor-element elementor-element-69c5e63 elementor-widget elementor-widget-text-editor\" data-id=\"69c5e63\" data-element_type=\"widget\" data-widget_type=\"text-editor.default\">\n\t\t\t\t<div class=\"elementor-widget-container\">\n\t\t\t\t\t\t\t\t\t<p>Jos\u00e9 M. Garc\u00eda-Rubia, Jos\u00e9 M. Riera, Pedro Garc\u00eda-del-Pino, Gustavo A. Siles, Ana Benarroch, <span style=\"color: #043468;\"><em><strong>Fade Dynamics Variability in a Long-Term Slant-Path Ka-Band Experiment.<\/strong><\/em><\/span> In: 9th European Conference on Antennas and Propagation, EuCAP 2015. Lisbon, Portugal. April 12-17 2015.<\/p>\t\t\t\t\t\t\t\t<\/div>\n\t\t\t\t<\/div>\n\t\t\t\t<div class=\"elementor-element elementor-element-6a3789d elementor-widget elementor-widget-text-editor\" data-id=\"6a3789d\" data-element_type=\"widget\" data-widget_type=\"text-editor.default\">\n\t\t\t\t<div class=\"elementor-widget-container\">\n\t\t\t\t\t\t\t\t\t<p>Laurent Castanet, Xavier Boulanger, Carlo Riva, Michael Sch\u00f6nhuber, Jose Manuel Riera, Armando Rocha, <span style=\"color: #043468;\"><em><strong>Propagation experiments at 20 GHz in Southern Europe to test high order propagation models.<\/strong><\/em><\/span> In: 9th European Conference on Antennas and Propagation, EuCAP 2015. Lisbon, Portugal. April 12-17 2015.<\/p>\t\t\t\t\t\t\t\t<\/div>\n\t\t\t\t<\/div>\n\t\t\t\t<div class=\"elementor-element elementor-element-a496792 elementor-widget elementor-widget-text-editor\" data-id=\"a496792\" data-element_type=\"widget\" data-widget_type=\"text-editor.default\">\n\t\t\t\t<div class=\"elementor-widget-container\">\n\t\t\t\t\t\t\t\t\t<p>Juan Moreno, Leandro de Haro, Carlos Rodr\u00edguez, Luis Cu\u00e9llar and Jos\u00e9 Manuel Riera, <span style=\"color: #043468;\"><em><strong>Measurements of a MIMO train-to-wayside communication system on tunnels<\/strong><\/em><\/span>. In: 9th European Conference on Antennas and Propagation, EuCAP 2015. Lisbon, Portugal. April 12-17 2015.<\/p>\t\t\t\t\t\t\t\t<\/div>\n\t\t\t\t<\/div>\n\t\t\t\t<div class=\"elementor-element elementor-element-ac291e8 elementor-widget-divider--view-line elementor-widget elementor-widget-divider\" data-id=\"ac291e8\" data-element_type=\"widget\" data-widget_type=\"divider.default\">\n\t\t\t\t<div class=\"elementor-widget-container\">\n\t\t\t\t\t\t\t<div class=\"elementor-divider\">\n\t\t\t<span class=\"elementor-divider-separator\">\n\t\t\t\t\t\t<\/span>\n\t\t<\/div>\n\t\t\t\t\t\t<\/div>\n\t\t\t\t<\/div>\n\t\t\t\t\t<\/div>\n\t\t<\/div>\n\t\t\t\t\t<\/div>\n\t\t<\/section>\n\t\t\t\t<section class=\"elementor-section elementor-top-section elementor-element elementor-element-08fb79c elementor-section-boxed elementor-section-height-default elementor-section-height-default\" data-id=\"08fb79c\" data-element_type=\"section\">\n\t\t\t\t\t\t<div class=\"elementor-container elementor-column-gap-default\">\n\t\t\t\t\t<div class=\"elementor-column elementor-col-100 elementor-top-column elementor-element elementor-element-a634f93\" data-id=\"a634f93\" data-element_type=\"column\">\n\t\t\t<div class=\"elementor-widget-wrap elementor-element-populated\">\n\t\t\t\t\t\t<div class=\"elementor-element elementor-element-108118c elementor-widget elementor-widget-menu-anchor\" data-id=\"108118c\" data-element_type=\"widget\" data-widget_type=\"menu-anchor.default\">\n\t\t\t\t<div class=\"elementor-widget-container\">\n\t\t\t\t\t\t\t<div class=\"elementor-menu-anchor\" id=\"books\"><\/div>\n\t\t\t\t\t\t<\/div>\n\t\t\t\t<\/div>\n\t\t\t\t<div class=\"elementor-element elementor-element-1bbdb56 elementor-widget elementor-widget-heading\" data-id=\"1bbdb56\" data-element_type=\"widget\" data-widget_type=\"heading.default\">\n\t\t\t\t<div class=\"elementor-widget-container\">\n\t\t\t\t\t<h2 class=\"elementor-heading-title elementor-size-medium\">BOOKS<\/h2>\t\t\t\t<\/div>\n\t\t\t\t<\/div>\n\t\t\t\t<div class=\"elementor-element elementor-element-1ce9bb5 elementor-widget-divider--view-line elementor-widget elementor-widget-divider\" data-id=\"1ce9bb5\" data-element_type=\"widget\" data-widget_type=\"divider.default\">\n\t\t\t\t<div class=\"elementor-widget-container\">\n\t\t\t\t\t\t\t<div class=\"elementor-divider\">\n\t\t\t<span class=\"elementor-divider-separator\">\n\t\t\t\t\t\t<\/span>\n\t\t<\/div>\n\t\t\t\t\t\t<\/div>\n\t\t\t\t<\/div>\n\t\t\t\t\t<\/div>\n\t\t<\/div>\n\t\t\t\t\t<\/div>\n\t\t<\/section>\n\t\t\t\t<section class=\"elementor-section elementor-top-section elementor-element elementor-element-8018669 elementor-section-boxed elementor-section-height-default elementor-section-height-default\" data-id=\"8018669\" data-element_type=\"section\">\n\t\t\t\t\t\t<div class=\"elementor-container elementor-column-gap-default\">\n\t\t\t\t\t<div class=\"elementor-column elementor-col-100 elementor-top-column elementor-element elementor-element-da062fb\" data-id=\"da062fb\" data-element_type=\"column\">\n\t\t\t<div class=\"elementor-widget-wrap elementor-element-populated\">\n\t\t\t\t\t\t<section class=\"elementor-section elementor-inner-section elementor-element elementor-element-0e52f4a elementor-section-content-middle elementor-section-boxed elementor-section-height-default elementor-section-height-default\" data-id=\"0e52f4a\" data-element_type=\"section\">\n\t\t\t\t\t\t\t<div class=\"elementor-background-overlay\"><\/div>\n\t\t\t\t\t\t\t<div class=\"elementor-container elementor-column-gap-default\">\n\t\t\t\t\t<div class=\"elementor-column elementor-col-50 elementor-inner-column elementor-element elementor-element-db11be1\" data-id=\"db11be1\" data-element_type=\"column\">\n\t\t\t<div class=\"elementor-widget-wrap elementor-element-populated\">\n\t\t\t\t\t\t<div class=\"elementor-element elementor-element-0e11fbb elementor-widget elementor-widget-image\" data-id=\"0e11fbb\" data-element_type=\"widget\" data-widget_type=\"image.default\">\n\t\t\t\t<div class=\"elementor-widget-container\">\n\t\t\t\t\t\t\t\t\t\t\t\t\t\t\t<img fetchpriority=\"high\" decoding=\"async\" width=\"1094\" height=\"1544\" src=\"https:\/\/gtic.ssr.upm.es\/wp-content\/uploads\/2026\/02\/Lopez-Coronado_2025.png\" class=\"attachment-full size-full wp-image-1817\" alt=\"\" \/>\t\t\t\t\t\t\t\t\t\t\t\t\t\t\t<\/div>\n\t\t\t\t<\/div>\n\t\t\t\t\t<\/div>\n\t\t<\/div>\n\t\t\t\t<div class=\"elementor-column elementor-col-50 elementor-inner-column elementor-element elementor-element-17339a1\" data-id=\"17339a1\" data-element_type=\"column\">\n\t\t\t<div class=\"elementor-widget-wrap elementor-element-populated\">\n\t\t\t\t\t\t<div class=\"elementor-element elementor-element-78add55 elementor-widget elementor-widget-text-editor\" data-id=\"78add55\" data-element_type=\"widget\" data-widget_type=\"text-editor.default\">\n\t\t\t\t<div class=\"elementor-widget-container\">\n\t\t\t\t\t\t\t\t\t<p>Miguel L\u00f3pez-Coronado S\u00e1nchez-Fort\u00fan, Jorge P\u00e9rez Mart\u00ednez (editores). <span style=\"color: #003366;\"><strong><em>De los Desaf\u00edos de la Pol\u00edtica de Telecomunicaciones de la Uni\u00f3n Europea a los del Ecosistema Digital Europeo<\/em><\/strong><\/span>. 2025. Editado por Universidad Europea del Atl\u00e1ntico. ISBN: 978-84-127022-7-9<\/p>\t\t\t\t\t\t\t\t<\/div>\n\t\t\t\t<\/div>\n\t\t\t\t\t<\/div>\n\t\t<\/div>\n\t\t\t\t\t<\/div>\n\t\t<\/section>\n\t\t\t\t\t<\/div>\n\t\t<\/div>\n\t\t\t\t\t<\/div>\n\t\t<\/section>\n\t\t\t\t<section class=\"elementor-section elementor-top-section elementor-element elementor-element-724c910 elementor-section-boxed elementor-section-height-default elementor-section-height-default\" data-id=\"724c910\" data-element_type=\"section\">\n\t\t\t\t\t\t<div class=\"elementor-container elementor-column-gap-default\">\n\t\t\t\t\t<div class=\"elementor-column elementor-col-100 elementor-top-column elementor-element elementor-element-1e82b22\" data-id=\"1e82b22\" data-element_type=\"column\">\n\t\t\t<div class=\"elementor-widget-wrap elementor-element-populated\">\n\t\t\t\t\t\t<section class=\"elementor-section elementor-inner-section elementor-element elementor-element-f5a2fae elementor-section-content-middle elementor-section-boxed elementor-section-height-default elementor-section-height-default\" data-id=\"f5a2fae\" data-element_type=\"section\">\n\t\t\t\t\t\t\t<div class=\"elementor-background-overlay\"><\/div>\n\t\t\t\t\t\t\t<div class=\"elementor-container elementor-column-gap-default\">\n\t\t\t\t\t<div class=\"elementor-column elementor-col-50 elementor-inner-column elementor-element elementor-element-ad8b362\" data-id=\"ad8b362\" data-element_type=\"column\">\n\t\t\t<div class=\"elementor-widget-wrap elementor-element-populated\">\n\t\t\t\t\t\t<div class=\"elementor-element elementor-element-c9b7429 elementor-widget elementor-widget-image\" data-id=\"c9b7429\" data-element_type=\"widget\" data-widget_type=\"image.default\">\n\t\t\t\t<div class=\"elementor-widget-container\">\n\t\t\t\t\t\t\t\t\t\t\t\t\t\t\t<img decoding=\"async\" width=\"800\" height=\"1056\" src=\"https:\/\/gtic.ssr.upm.es\/wp-content\/uploads\/2026\/01\/Futurodigital.jpg\" class=\"attachment-full size-full wp-image-1794\" alt=\"\" \/>\t\t\t\t\t\t\t\t\t\t\t\t\t\t\t<\/div>\n\t\t\t\t<\/div>\n\t\t\t\t\t<\/div>\n\t\t<\/div>\n\t\t\t\t<div class=\"elementor-column elementor-col-50 elementor-inner-column elementor-element elementor-element-5e23b38\" data-id=\"5e23b38\" data-element_type=\"column\">\n\t\t\t<div class=\"elementor-widget-wrap elementor-element-populated\">\n\t\t\t\t\t\t<div class=\"elementor-element elementor-element-013d131 elementor-widget elementor-widget-text-editor\" data-id=\"013d131\" data-element_type=\"widget\" data-widget_type=\"text-editor.default\">\n\t\t\t\t<div class=\"elementor-widget-container\">\n\t\t\t\t\t\t\t\t\t<p>Jorge P\u00e9rez Mart\u00ednez, Jos\u00e9 F\u00e9lix Hern\u00e1ndez-Gil G\u00f3mez, F\u00e9lix Arteaga Mart\u00edn and Jos\u00e9 Luis Mart\u00edn N\u00fa\u00f1ez. <span style=\"color: #003366;\"><strong><em>El Futuro Digital de Europa<\/em><\/strong><\/span>. 2020. Editado por Taurus y Fundaci\u00f3n Telef\u00f3nica. ISBN: 978-84-306-9941-4<\/p>\t\t\t\t\t\t\t\t<\/div>\n\t\t\t\t<\/div>\n\t\t\t\t\t<\/div>\n\t\t<\/div>\n\t\t\t\t\t<\/div>\n\t\t<\/section>\n\t\t\t\t\t<\/div>\n\t\t<\/div>\n\t\t\t\t\t<\/div>\n\t\t<\/section>\n\t\t\t\t<section class=\"elementor-section elementor-top-section elementor-element elementor-element-84e6c38 elementor-section-boxed elementor-section-height-default elementor-section-height-default\" data-id=\"84e6c38\" data-element_type=\"section\">\n\t\t\t\t\t\t<div class=\"elementor-container elementor-column-gap-default\">\n\t\t\t\t\t<div class=\"elementor-column elementor-col-100 elementor-top-column elementor-element elementor-element-36723d9\" data-id=\"36723d9\" data-element_type=\"column\">\n\t\t\t<div class=\"elementor-widget-wrap elementor-element-populated\">\n\t\t\t\t\t\t<section class=\"elementor-section elementor-inner-section elementor-element elementor-element-81a0895 elementor-section-content-middle elementor-section-boxed elementor-section-height-default elementor-section-height-default\" data-id=\"81a0895\" data-element_type=\"section\">\n\t\t\t\t\t\t\t<div class=\"elementor-background-overlay\"><\/div>\n\t\t\t\t\t\t\t<div class=\"elementor-container elementor-column-gap-default\">\n\t\t\t\t\t<div class=\"elementor-column elementor-col-50 elementor-inner-column elementor-element elementor-element-f64040b\" data-id=\"f64040b\" data-element_type=\"column\">\n\t\t\t<div class=\"elementor-widget-wrap elementor-element-populated\">\n\t\t\t\t\t\t<div class=\"elementor-element elementor-element-e1a6c4a elementor-widget elementor-widget-image\" data-id=\"e1a6c4a\" data-element_type=\"widget\" data-widget_type=\"image.default\">\n\t\t\t\t<div class=\"elementor-widget-container\">\n\t\t\t\t\t\t\t\t\t\t\t\t\t\t\t<img decoding=\"async\" width=\"191\" height=\"264\" src=\"https:\/\/gtic.ssr.upm.es\/wp-content\/uploads\/2026\/01\/SociedadDigitalYDerecho.jpg\" class=\"attachment-full size-full wp-image-1753\" alt=\"\" \/>\t\t\t\t\t\t\t\t\t\t\t\t\t\t\t<\/div>\n\t\t\t\t<\/div>\n\t\t\t\t\t<\/div>\n\t\t<\/div>\n\t\t\t\t<div class=\"elementor-column elementor-col-50 elementor-inner-column elementor-element elementor-element-2808818\" data-id=\"2808818\" data-element_type=\"column\">\n\t\t\t<div class=\"elementor-widget-wrap elementor-element-populated\">\n\t\t\t\t\t\t<div class=\"elementor-element elementor-element-bba6970 elementor-widget elementor-widget-text-editor\" data-id=\"bba6970\" data-element_type=\"widget\" data-widget_type=\"text-editor.default\">\n\t\t\t\t<div class=\"elementor-widget-container\">\n\t\t\t\t\t\t\t\t\t<p>Zoraida Fr\u00edas, Jorge P\u00e9rez Mart\u00ednez and Christoph Steck. <span style=\"color: #043468;\"><strong><i>Gobernanza de Internet y derechos digitales<\/i><\/strong><\/span>. In: <i>Sociedad digital y derecho<\/i>. Ministerio de la Presidencia, Relaciones con las Cortes e Igualdad, 2018. ISBN: 978-84-340-2483-0.<\/p>\t\t\t\t\t\t\t\t<\/div>\n\t\t\t\t<\/div>\n\t\t\t\t\t<\/div>\n\t\t<\/div>\n\t\t\t\t\t<\/div>\n\t\t<\/section>\n\t\t\t\t\t<\/div>\n\t\t<\/div>\n\t\t\t\t\t<\/div>\n\t\t<\/section>\n\t\t\t\t<section class=\"elementor-section elementor-top-section elementor-element elementor-element-f50e224 elementor-section-boxed elementor-section-height-default elementor-section-height-default\" data-id=\"f50e224\" data-element_type=\"section\">\n\t\t\t\t\t\t<div class=\"elementor-container elementor-column-gap-default\">\n\t\t\t\t\t<div class=\"elementor-column elementor-col-100 elementor-top-column elementor-element elementor-element-95c18be\" data-id=\"95c18be\" data-element_type=\"column\">\n\t\t\t<div class=\"elementor-widget-wrap elementor-element-populated\">\n\t\t\t\t\t\t<section class=\"elementor-section elementor-inner-section elementor-element elementor-element-c657e54 elementor-section-content-middle elementor-section-boxed elementor-section-height-default elementor-section-height-default\" data-id=\"c657e54\" data-element_type=\"section\">\n\t\t\t\t\t\t\t<div class=\"elementor-background-overlay\"><\/div>\n\t\t\t\t\t\t\t<div class=\"elementor-container elementor-column-gap-default\">\n\t\t\t\t\t<div class=\"elementor-column elementor-col-50 elementor-inner-column elementor-element elementor-element-41726a2\" data-id=\"41726a2\" data-element_type=\"column\">\n\t\t\t<div class=\"elementor-widget-wrap elementor-element-populated\">\n\t\t\t\t\t\t<div class=\"elementor-element elementor-element-032243c elementor-widget elementor-widget-image\" data-id=\"032243c\" data-element_type=\"widget\" data-widget_type=\"image.default\">\n\t\t\t\t<div class=\"elementor-widget-container\">\n\t\t\t\t\t\t\t\t\t\t\t\t\t\t\t<img loading=\"lazy\" decoding=\"async\" width=\"572\" height=\"810\" src=\"https:\/\/gtic.ssr.upm.es\/wp-content\/uploads\/2026\/01\/EvolInternetEnSpain.jpg\" class=\"attachment-full size-full wp-image-1750\" alt=\"\" \/>\t\t\t\t\t\t\t\t\t\t\t\t\t\t\t<\/div>\n\t\t\t\t<\/div>\n\t\t\t\t\t<\/div>\n\t\t<\/div>\n\t\t\t\t<div class=\"elementor-column elementor-col-50 elementor-inner-column elementor-element elementor-element-f5c46ae\" data-id=\"f5c46ae\" data-element_type=\"column\">\n\t\t\t<div class=\"elementor-widget-wrap elementor-element-populated\">\n\t\t\t\t\t\t<div class=\"elementor-element elementor-element-3f97751 elementor-widget elementor-widget-text-editor\" data-id=\"3f97751\" data-element_type=\"widget\" data-widget_type=\"text-editor.default\">\n\t\t\t\t<div class=\"elementor-widget-container\">\n\t\t\t\t\t\t\t\t\t<p>Zoraida Fr\u00edas, Silvia Serrano, Jos\u00e9 Luis N\u00fa\u00f1ez, Carlos Gonz\u00e1lez and Jorge P\u00e9rez Mart\u00ednez.<em><span style=\"color: #043468;\"><strong> La red de redes y su evoluci\u00f3n en Espa\u00f1a. <\/strong><\/span><\/em>Chapter 1 in<i> 50 a\u00f1os de evoluci\u00f3n de la red de redes en Espa\u00f1a<\/i>. 2018. ISBN: 978-84-09-00778-3.<\/p>\t\t\t\t\t\t\t\t<\/div>\n\t\t\t\t<\/div>\n\t\t\t\t\t<\/div>\n\t\t<\/div>\n\t\t\t\t\t<\/div>\n\t\t<\/section>\n\t\t\t\t\t<\/div>\n\t\t<\/div>\n\t\t\t\t\t<\/div>\n\t\t<\/section>\n\t\t\t\t<section class=\"elementor-section elementor-top-section elementor-element elementor-element-e711142 elementor-section-boxed elementor-section-height-default elementor-section-height-default\" data-id=\"e711142\" data-element_type=\"section\">\n\t\t\t\t\t\t<div class=\"elementor-container elementor-column-gap-default\">\n\t\t\t\t\t<div class=\"elementor-column elementor-col-100 elementor-top-column elementor-element elementor-element-8c5c917\" data-id=\"8c5c917\" data-element_type=\"column\">\n\t\t\t<div class=\"elementor-widget-wrap elementor-element-populated\">\n\t\t\t\t\t\t<section class=\"elementor-section elementor-inner-section elementor-element elementor-element-eae7190 elementor-section-content-middle elementor-section-boxed elementor-section-height-default elementor-section-height-default\" data-id=\"eae7190\" data-element_type=\"section\">\n\t\t\t\t\t\t\t<div class=\"elementor-background-overlay\"><\/div>\n\t\t\t\t\t\t\t<div class=\"elementor-container elementor-column-gap-default\">\n\t\t\t\t\t<div class=\"elementor-column elementor-col-50 elementor-inner-column elementor-element elementor-element-26a53c8\" data-id=\"26a53c8\" data-element_type=\"column\">\n\t\t\t<div class=\"elementor-widget-wrap elementor-element-populated\">\n\t\t\t\t\t\t<div class=\"elementor-element elementor-element-3fbda5c elementor-widget elementor-widget-image\" data-id=\"3fbda5c\" data-element_type=\"widget\" data-widget_type=\"image.default\">\n\t\t\t\t<div class=\"elementor-widget-container\">\n\t\t\t\t\t\t\t\t\t\t\t\t\t\t\t<img loading=\"lazy\" decoding=\"async\" width=\"572\" height=\"810\" src=\"https:\/\/gtic.ssr.upm.es\/wp-content\/uploads\/2026\/01\/EvolInternetEnSpain.jpg\" class=\"attachment-full size-full wp-image-1750\" alt=\"\" \/>\t\t\t\t\t\t\t\t\t\t\t\t\t\t\t<\/div>\n\t\t\t\t<\/div>\n\t\t\t\t\t<\/div>\n\t\t<\/div>\n\t\t\t\t<div class=\"elementor-column elementor-col-50 elementor-inner-column elementor-element elementor-element-8f45208\" data-id=\"8f45208\" data-element_type=\"column\">\n\t\t\t<div class=\"elementor-widget-wrap elementor-element-populated\">\n\t\t\t\t\t\t<div class=\"elementor-element elementor-element-2af2fd0 elementor-widget elementor-widget-text-editor\" data-id=\"2af2fd0\" data-element_type=\"widget\" data-widget_type=\"text-editor.default\">\n\t\t\t\t<div class=\"elementor-widget-container\">\n\t\t\t\t\t\t\t\t\t<p><span style=\"font-family: Quicksand, sans-serif; font-size: 14px; font-style: normal; font-variant-ligatures: normal; font-variant-caps: normal; font-weight: 400;\">Jorge P\u00e9rez Mart\u00ednez,\u00a0<\/span><span style=\"font-family: Quicksand, sans-serif; font-size: 14px; font-style: normal; font-variant-ligatures: normal; font-variant-caps: normal; font-weight: 400;\">Zoraida Fr\u00edas and<\/span><span style=\"font-family: Quicksand, sans-serif; font-size: 14px; font-style: normal; font-variant-ligatures: normal; font-variant-caps: normal; font-weight: 400;\">\u00a0Alberto U<\/span>rue\u00f1a (Eds.).<em><span style=\"color: #043468;\"><strong> 50 a\u00f1os de evoluci\u00f3n de la red de redes en Espa\u00f1a. De Tesys a la Econom\u00eda Digital.<\/strong><\/span><\/em>\u00a02018. ISBN: 978-84-09-00778-3.<\/p>\t\t\t\t\t\t\t\t<\/div>\n\t\t\t\t<\/div>\n\t\t\t\t\t<\/div>\n\t\t<\/div>\n\t\t\t\t\t<\/div>\n\t\t<\/section>\n\t\t\t\t\t<\/div>\n\t\t<\/div>\n\t\t\t\t\t<\/div>\n\t\t<\/section>\n\t\t\t\t<section class=\"elementor-section elementor-top-section elementor-element elementor-element-a4d85cb elementor-section-boxed elementor-section-height-default elementor-section-height-default\" data-id=\"a4d85cb\" data-element_type=\"section\">\n\t\t\t\t\t\t<div class=\"elementor-container elementor-column-gap-default\">\n\t\t\t\t\t<div class=\"elementor-column elementor-col-100 elementor-top-column elementor-element elementor-element-a2de6c3\" data-id=\"a2de6c3\" data-element_type=\"column\">\n\t\t\t<div class=\"elementor-widget-wrap elementor-element-populated\">\n\t\t\t\t\t\t<section class=\"elementor-section elementor-inner-section elementor-element elementor-element-40066e8 elementor-section-content-middle elementor-section-boxed elementor-section-height-default elementor-section-height-default\" data-id=\"40066e8\" data-element_type=\"section\">\n\t\t\t\t\t\t\t<div class=\"elementor-background-overlay\"><\/div>\n\t\t\t\t\t\t\t<div class=\"elementor-container elementor-column-gap-default\">\n\t\t\t\t\t<div class=\"elementor-column elementor-col-50 elementor-inner-column elementor-element elementor-element-6c3f2b1\" data-id=\"6c3f2b1\" data-element_type=\"column\">\n\t\t\t<div class=\"elementor-widget-wrap elementor-element-populated\">\n\t\t\t\t\t\t<div class=\"elementor-element elementor-element-d995afb elementor-widget elementor-widget-image\" data-id=\"d995afb\" data-element_type=\"widget\" data-widget_type=\"image.default\">\n\t\t\t\t<div class=\"elementor-widget-container\">\n\t\t\t\t\t\t\t\t\t\t\t\t\t\t\t<img loading=\"lazy\" decoding=\"async\" width=\"800\" height=\"1056\" src=\"https:\/\/gtic.ssr.upm.es\/wp-content\/uploads\/2026\/01\/LevelPlayingField.jpg\" class=\"attachment-full size-full wp-image-1752\" alt=\"\" \/>\t\t\t\t\t\t\t\t\t\t\t\t\t\t\t<\/div>\n\t\t\t\t<\/div>\n\t\t\t\t\t<\/div>\n\t\t<\/div>\n\t\t\t\t<div class=\"elementor-column elementor-col-50 elementor-inner-column elementor-element elementor-element-6590569\" data-id=\"6590569\" data-element_type=\"column\">\n\t\t\t<div class=\"elementor-widget-wrap elementor-element-populated\">\n\t\t\t\t\t\t<div class=\"elementor-element elementor-element-2246be5 elementor-widget elementor-widget-text-editor\" data-id=\"2246be5\" data-element_type=\"widget\" data-widget_type=\"text-editor.default\">\n\t\t\t\t<div class=\"elementor-widget-container\">\n\t\t\t\t\t\t\t\t\t<p><span style=\"font-family: Quicksand, sans-serif; font-size: 14px; font-style: normal; font-variant-ligatures: normal; font-variant-caps: normal; font-weight: 400;\">Jorge P\u00e9rez Mart\u00ednez<\/span>\u00a0and Zoraida Frias (Eds). <span style=\"color: #043468;\"><strong><i>A level playing field for <\/i>the digital ecosystem.<\/strong> <\/span>Fundaci\u00f3n Telef\u00f3nica &amp; Editorial Ariel, 2016. ISBN: 978-84-08-16292-6.<\/p>\t\t\t\t\t\t\t\t<\/div>\n\t\t\t\t<\/div>\n\t\t\t\t\t<\/div>\n\t\t<\/div>\n\t\t\t\t\t<\/div>\n\t\t<\/section>\n\t\t\t\t\t<\/div>\n\t\t<\/div>\n\t\t\t\t\t<\/div>\n\t\t<\/section>\n\t\t\t\t<section class=\"elementor-section elementor-top-section elementor-element elementor-element-4826f08 elementor-section-boxed elementor-section-height-default elementor-section-height-default\" data-id=\"4826f08\" data-element_type=\"section\">\n\t\t\t\t\t\t<div class=\"elementor-container elementor-column-gap-default\">\n\t\t\t\t\t<div class=\"elementor-column elementor-col-100 elementor-top-column elementor-element elementor-element-c66197a\" data-id=\"c66197a\" data-element_type=\"column\">\n\t\t\t<div class=\"elementor-widget-wrap elementor-element-populated\">\n\t\t\t\t\t\t<section class=\"elementor-section elementor-inner-section elementor-element elementor-element-6272ffd elementor-section-content-middle elementor-section-boxed elementor-section-height-default elementor-section-height-default\" data-id=\"6272ffd\" data-element_type=\"section\">\n\t\t\t\t\t\t\t<div class=\"elementor-background-overlay\"><\/div>\n\t\t\t\t\t\t\t<div class=\"elementor-container elementor-column-gap-default\">\n\t\t\t\t\t<div class=\"elementor-column elementor-col-50 elementor-inner-column elementor-element elementor-element-d76f08e\" data-id=\"d76f08e\" data-element_type=\"column\">\n\t\t\t<div class=\"elementor-widget-wrap elementor-element-populated\">\n\t\t\t\t\t\t<div class=\"elementor-element elementor-element-2d4b7a9 elementor-widget elementor-widget-image\" data-id=\"2d4b7a9\" data-element_type=\"widget\" data-widget_type=\"image.default\">\n\t\t\t\t<div class=\"elementor-widget-container\">\n\t\t\t\t\t\t\t\t\t\t\t\t\t\t\t<img loading=\"lazy\" decoding=\"async\" width=\"634\" height=\"808\" src=\"https:\/\/gtic.ssr.upm.es\/wp-content\/uploads\/2026\/01\/GobInternet2015.jpg\" class=\"attachment-full size-full wp-image-1751\" alt=\"\" \/>\t\t\t\t\t\t\t\t\t\t\t\t\t\t\t<\/div>\n\t\t\t\t<\/div>\n\t\t\t\t\t<\/div>\n\t\t<\/div>\n\t\t\t\t<div class=\"elementor-column elementor-col-50 elementor-inner-column elementor-element elementor-element-fbeb809\" data-id=\"fbeb809\" data-element_type=\"column\">\n\t\t\t<div class=\"elementor-widget-wrap elementor-element-populated\">\n\t\t\t\t\t\t<div class=\"elementor-element elementor-element-1f73306 elementor-widget elementor-widget-text-editor\" data-id=\"1f73306\" data-element_type=\"widget\" data-widget_type=\"text-editor.default\">\n\t\t\t\t<div class=\"elementor-widget-container\">\n\t\t\t\t\t\t\t\t\t<p>Zoraida Fr\u00edas, Carlos Gonz\u00e1lez-Valderrama, and \u00c1ngel Le\u00f3n. <i><span style=\"color: #043468;\"><strong>La gobernanza de Internet en Espa\u00f1a 2015<\/strong><\/span>. <\/i>Chapter 7 in <i>La gobernanza de Internet en Espa\u00f1a 20<\/i>15. IGF Spain, 2015. ISBN: 978-84-7402-408-1.<\/p>\t\t\t\t\t\t\t\t<\/div>\n\t\t\t\t<\/div>\n\t\t\t\t\t<\/div>\n\t\t<\/div>\n\t\t\t\t\t<\/div>\n\t\t<\/section>\n\t\t\t\t\t<\/div>\n\t\t<\/div>\n\t\t\t\t\t<\/div>\n\t\t<\/section>\n\t\t\t\t<section class=\"elementor-section elementor-top-section elementor-element elementor-element-1e5b315 elementor-section-boxed elementor-section-height-default elementor-section-height-default\" data-id=\"1e5b315\" data-element_type=\"section\">\n\t\t\t\t\t\t<div class=\"elementor-container elementor-column-gap-default\">\n\t\t\t\t\t<div class=\"elementor-column elementor-col-100 elementor-top-column elementor-element elementor-element-1dc8774\" data-id=\"1dc8774\" data-element_type=\"column\">\n\t\t\t<div class=\"elementor-widget-wrap elementor-element-populated\">\n\t\t\t\t\t\t<section class=\"elementor-section elementor-inner-section elementor-element elementor-element-6e9ab0d elementor-section-content-middle elementor-section-boxed elementor-section-height-default elementor-section-height-default\" data-id=\"6e9ab0d\" data-element_type=\"section\">\n\t\t\t\t\t\t\t<div class=\"elementor-background-overlay\"><\/div>\n\t\t\t\t\t\t\t<div class=\"elementor-container elementor-column-gap-default\">\n\t\t\t\t\t<div class=\"elementor-column elementor-col-50 elementor-inner-column elementor-element elementor-element-44ac7c6\" data-id=\"44ac7c6\" data-element_type=\"column\">\n\t\t\t<div class=\"elementor-widget-wrap elementor-element-populated\">\n\t\t\t\t\t\t<div class=\"elementor-element elementor-element-67ae4c9 elementor-widget__width-inherit elementor-widget elementor-widget-image\" data-id=\"67ae4c9\" data-element_type=\"widget\" data-widget_type=\"image.default\">\n\t\t\t\t<div class=\"elementor-widget-container\">\n\t\t\t\t\t\t\t\t\t\t\t\t\t\t\t<img loading=\"lazy\" decoding=\"async\" width=\"245\" height=\"341\" src=\"https:\/\/gtic.ssr.upm.es\/wp-content\/uploads\/2025\/12\/moviles.jpg\" class=\"attachment-full size-full wp-image-1613\" alt=\"\" \/>\t\t\t\t\t\t\t\t\t\t\t\t\t\t\t<\/div>\n\t\t\t\t<\/div>\n\t\t\t\t\t<\/div>\n\t\t<\/div>\n\t\t\t\t<div class=\"elementor-column elementor-col-50 elementor-inner-column elementor-element elementor-element-6e14649\" data-id=\"6e14649\" data-element_type=\"column\">\n\t\t\t<div class=\"elementor-widget-wrap elementor-element-populated\">\n\t\t\t\t\t\t<div class=\"elementor-element elementor-element-bb45016 elementor-widget elementor-widget-text-editor\" data-id=\"bb45016\" data-element_type=\"widget\" data-widget_type=\"text-editor.default\">\n\t\t\t\t<div class=\"elementor-widget-container\">\n\t\t\t\t\t\t\t\t\t<p>Jos\u00e9 Mar\u00eda Hernando R\u00e1banos, Luis Mendo Tom\u00e1s, Jos\u00e9 Manuel Riera Sal\u00eds.<br \/><strong><em>Comunicaciones M\u00f3viles<\/em><\/strong>, tercera edici\u00f3n.<br \/>Editorial Universitaria Ram\u00f3n Areces, 2015<\/p>\t\t\t\t\t\t\t\t<\/div>\n\t\t\t\t<\/div>\n\t\t\t\t\t<\/div>\n\t\t<\/div>\n\t\t\t\t\t<\/div>\n\t\t<\/section>\n\t\t\t\t\t<\/div>\n\t\t<\/div>\n\t\t\t\t\t<\/div>\n\t\t<\/section>\n\t\t\t\t<section class=\"elementor-section elementor-top-section elementor-element elementor-element-88689d6 elementor-section-boxed elementor-section-height-default elementor-section-height-default\" data-id=\"88689d6\" data-element_type=\"section\">\n\t\t\t\t\t\t<div class=\"elementor-container elementor-column-gap-default\">\n\t\t\t\t\t<div class=\"elementor-column elementor-col-100 elementor-top-column elementor-element elementor-element-2b1fa5e\" data-id=\"2b1fa5e\" data-element_type=\"column\">\n\t\t\t<div class=\"elementor-widget-wrap elementor-element-populated\">\n\t\t\t\t\t\t<section class=\"elementor-section elementor-inner-section elementor-element elementor-element-9374946 elementor-section-content-middle elementor-section-boxed elementor-section-height-default elementor-section-height-default\" data-id=\"9374946\" data-element_type=\"section\">\n\t\t\t\t\t\t\t<div class=\"elementor-background-overlay\"><\/div>\n\t\t\t\t\t\t\t<div class=\"elementor-container elementor-column-gap-default\">\n\t\t\t\t\t<div class=\"elementor-column elementor-col-50 elementor-inner-column elementor-element elementor-element-34a5391\" data-id=\"34a5391\" data-element_type=\"column\">\n\t\t\t<div class=\"elementor-widget-wrap elementor-element-populated\">\n\t\t\t\t\t\t<div class=\"elementor-element elementor-element-e96d0d1 elementor-widget__width-inherit elementor-widget elementor-widget-image\" data-id=\"e96d0d1\" data-element_type=\"widget\" data-widget_type=\"image.default\">\n\t\t\t\t<div class=\"elementor-widget-container\">\n\t\t\t\t\t\t\t\t\t\t\t\t\t\t\t<img loading=\"lazy\" decoding=\"async\" width=\"725\" height=\"1024\" src=\"https:\/\/gtic.ssr.upm.es\/wp-content\/uploads\/2025\/12\/Portada-Transmision-por-radio-2.jpg\" class=\"attachment-full size-full wp-image-1614\" alt=\"\" \/>\t\t\t\t\t\t\t\t\t\t\t\t\t\t\t<\/div>\n\t\t\t\t<\/div>\n\t\t\t\t\t<\/div>\n\t\t<\/div>\n\t\t\t\t<div class=\"elementor-column elementor-col-50 elementor-inner-column elementor-element elementor-element-a53743f\" data-id=\"a53743f\" data-element_type=\"column\">\n\t\t\t<div class=\"elementor-widget-wrap elementor-element-populated\">\n\t\t\t\t\t\t<div class=\"elementor-element elementor-element-90fcd1b elementor-widget elementor-widget-text-editor\" data-id=\"90fcd1b\" data-element_type=\"widget\" data-widget_type=\"text-editor.default\">\n\t\t\t\t<div class=\"elementor-widget-container\">\n\t\t\t\t\t\t\t\t\t<p>Jos\u00e9 Mar\u00eda Hernando, Jos\u00e9 Manuel Riera, Luis Mendo<br \/><strong><em>Transmisi\u00f3n por Radio<\/em><\/strong>, s\u00e9ptima edici\u00f3n.<br \/>Editorial Universitaria Ram\u00f3n Areces, 2013<\/p>\t\t\t\t\t\t\t\t<\/div>\n\t\t\t\t<\/div>\n\t\t\t\t\t<\/div>\n\t\t<\/div>\n\t\t\t\t\t<\/div>\n\t\t<\/section>\n\t\t\t\t\t<\/div>\n\t\t<\/div>\n\t\t\t\t\t<\/div>\n\t\t<\/section>\n\t\t\t\t<\/div>\n\t\t","protected":false},"excerpt":{"rendered":"<p>Journal Articles Other Articles Conferences Books JOURNAL ARTICLES (JCR) 2026 Santiago Andr\u00e9s Azcoitia, Sergio Illescas Cabir\u00f3, Zoraida Frias. A framework to incentivise green networks and infrastructure in the 6G mobile ecosystem. Telecommunications Policy 50 (6). August 2026. DOI: https:\/\/doi.org\/10.1016\/j.telpol.2026.103221\u00a0(open access). Luis Mendo. Estimation of relative risk, odds ratio and their logarithms with guaranteed accuracy and [&hellip;]<\/p>\n","protected":false},"author":1,"featured_media":0,"parent":0,"menu_order":0,"comment_status":"closed","ping_status":"closed","template":"","meta":{"footnotes":""},"class_list":["post-760","page","type-page","status-publish","hentry","entry"],"_links":{"self":[{"href":"https:\/\/gtic.ssr.upm.es\/index.php\/wp-json\/wp\/v2\/pages\/760","targetHints":{"allow":["GET"]}}],"collection":[{"href":"https:\/\/gtic.ssr.upm.es\/index.php\/wp-json\/wp\/v2\/pages"}],"about":[{"href":"https:\/\/gtic.ssr.upm.es\/index.php\/wp-json\/wp\/v2\/types\/page"}],"author":[{"embeddable":true,"href":"https:\/\/gtic.ssr.upm.es\/index.php\/wp-json\/wp\/v2\/users\/1"}],"replies":[{"embeddable":true,"href":"https:\/\/gtic.ssr.upm.es\/index.php\/wp-json\/wp\/v2\/comments?post=760"}],"version-history":[{"count":284,"href":"https:\/\/gtic.ssr.upm.es\/index.php\/wp-json\/wp\/v2\/pages\/760\/revisions"}],"predecessor-version":[{"id":1947,"href":"https:\/\/gtic.ssr.upm.es\/index.php\/wp-json\/wp\/v2\/pages\/760\/revisions\/1947"}],"wp:attachment":[{"href":"https:\/\/gtic.ssr.upm.es\/index.php\/wp-json\/wp\/v2\/media?parent=760"}],"curies":[{"name":"wp","href":"https:\/\/api.w.org\/{rel}","templated":true}]}}